{"id":1065,"date":"2024-11-13T10:59:42","date_gmt":"2024-11-13T09:59:42","guid":{"rendered":"https:\/\/www.ecrindelachapelle.com\/?page_id=1065"},"modified":"2025-11-03T18:27:03","modified_gmt":"2025-11-03T17:27:03","slug":"les-alentours","status":"publish","type":"page","link":"https:\/\/www.ecrindelachapelle.com\/index.php\/les-alentours\/","title":{"rendered":"Les Alentours"},"content":{"rendered":"\t\t<div data-elementor-type=\"wp-page\" data-elementor-id=\"1065\" class=\"elementor elementor-1065\" data-elementor-post-type=\"page\">\n\t\t\t\t\t\t<section class=\"elementor-section elementor-top-section elementor-element elementor-element-738c8f49 elementor-section-full_width elementor-section-height-default elementor-section-height-default\" data-id=\"738c8f49\" data-element_type=\"section\" data-e-type=\"section\" data-settings=\"{&quot;shape_divider_bottom&quot;:&quot;mountains&quot;,&quot;background_background&quot;:&quot;classic&quot;}\">\n\t\t\t\t\t\t\t<div class=\"elementor-background-overlay\"><\/div>\n\t\t\t\t\t\t<div class=\"elementor-shape elementor-shape-bottom\" aria-hidden=\"true\" data-negative=\"false\">\n\t\t\t<svg xmlns=\"http:\/\/www.w3.org\/2000\/svg\" viewBox=\"0 0 1000 100\" preserveAspectRatio=\"none\">\n\t<path class=\"elementor-shape-fill\" opacity=\"0.33\" d=\"M473,67.3c-203.9,88.3-263.1-34-320.3,0C66,119.1,0,59.7,0,59.7V0h1000v59.7 c0,0-62.1,26.1-94.9,29.3c-32.8,3.3-62.8-12.3-75.8-22.1C806,49.6,745.3,8.7,694.9,4.7S492.4,59,473,67.3z\"\/>\n\t<path class=\"elementor-shape-fill\" opacity=\"0.66\" d=\"M734,67.3c-45.5,0-77.2-23.2-129.1-39.1c-28.6-8.7-150.3-10.1-254,39.1 s-91.7-34.4-149.2,0C115.7,118.3,0,39.8,0,39.8V0h1000v36.5c0,0-28.2-18.5-92.1-18.5C810.2,18.1,775.7,67.3,734,67.3z\"\/>\n\t<path class=\"elementor-shape-fill\" d=\"M766.1,28.9c-200-57.5-266,65.5-395.1,19.5C242,1.8,242,5.4,184.8,20.6C128,35.8,132.3,44.9,89.9,52.5C28.6,63.7,0,0,0,0 h1000c0,0-9.9,40.9-83.6,48.1S829.6,47,766.1,28.9z\"\/>\n<\/svg>\t\t<\/div>\n\t\t\t\t\t<div class=\"elementor-container elementor-column-gap-default\">\n\t\t\t\t\t<div class=\"elementor-column elementor-col-100 elementor-top-column elementor-element elementor-element-4b3498e4\" data-id=\"4b3498e4\" data-element_type=\"column\" data-e-type=\"column\">\n\t\t\t<div class=\"elementor-widget-wrap elementor-element-populated\">\n\t\t\t\t\t\t<div class=\"elementor-element elementor-element-47e72c68 elementor-absolute elementor-widget-mobile__width-initial elementor-widget elementor-widget-heading\" data-id=\"47e72c68\" data-element_type=\"widget\" data-e-type=\"widget\" data-settings=\"{&quot;_position&quot;:&quot;absolute&quot;}\" data-widget_type=\"heading.default\">\n\t\t\t\t<div class=\"elementor-widget-container\">\n\t\t\t\t\t<p class=\"elementor-heading-title elementor-size-default\">D\u00c9COUVERTE<\/p>\t\t\t\t<\/div>\n\t\t\t\t<\/div>\n\t\t\t\t<div class=\"elementor-element elementor-element-713cd290 elementor-widget elementor-widget-elementskit-heading\" data-id=\"713cd290\" data-element_type=\"widget\" data-e-type=\"widget\" data-widget_type=\"elementskit-heading.default\">\n\t\t\t\t<div class=\"elementor-widget-container\">\n\t\t\t\t\t<div class=\"ekit-wid-con\" ><div class=\"ekit-heading elementskit-section-title-wraper text_center   ekit_heading_tablet-   ekit_heading_mobile-\"><h2 class=\"ekit-heading--title elementskit-section-title \">Les <span><span>Activit\u00e9s<\/span><\/span> aux alentours !<\/h2><\/div><\/div>\t\t\t\t<\/div>\n\t\t\t\t<\/div>\n\t\t\t\t<section class=\"elementor-section elementor-inner-section elementor-element elementor-element-5c165c45 elementor-section-boxed elementor-section-height-default elementor-section-height-default\" data-id=\"5c165c45\" data-element_type=\"section\" data-e-type=\"section\" data-settings=\"{&quot;background_background&quot;:&quot;classic&quot;}\">\n\t\t\t\t\t\t\t<div class=\"elementor-background-overlay\"><\/div>\n\t\t\t\t\t\t\t<div class=\"elementor-container elementor-column-gap-default\">\n\t\t\t\t\t<div class=\"elementor-column elementor-col-33 elementor-inner-column elementor-element elementor-element-7555b209\" data-id=\"7555b209\" data-element_type=\"column\" data-e-type=\"column\">\n\t\t\t<div class=\"elementor-widget-wrap elementor-element-populated\">\n\t\t\t\t\t\t<div class=\"elementor-element elementor-element-21546a41 elementor-widget elementor-widget-elementskit-image-box\" data-id=\"21546a41\" data-element_type=\"widget\" data-e-type=\"widget\" data-widget_type=\"elementskit-image-box.default\">\n\t\t\t\t<div class=\"elementor-widget-container\">\n\t\t\t\t\t<div class=\"ekit-wid-con\" >\n            <div class=\"elementskit-info-image-box ekit-image-box text-center floating-style\" >\n\n                \n                <div class=\"elementskit-box-header image-box-img-center\">\n\n                    <img fetchpriority=\"high\" decoding=\"async\" width=\"500\" height=\"500\" src=\"https:\/\/www.ecrindelachapelle.com\/wp-content\/uploads\/2024\/11\/1.png\" class=\"attachment-full size-full wp-image-1124\" alt=\"\" srcset=\"https:\/\/www.ecrindelachapelle.com\/wp-content\/uploads\/2024\/11\/1.png 500w, https:\/\/www.ecrindelachapelle.com\/wp-content\/uploads\/2024\/11\/1-300x300.png 300w, https:\/\/www.ecrindelachapelle.com\/wp-content\/uploads\/2024\/11\/1-150x150.png 150w\" sizes=\"(max-width: 500px) 100vw, 500px\" \/>\n                <\/div>\n                \n                <div class=\"elementskit-box-body ekit-image-box-body\">\n                    <div class=\"elementskit-box-content ekit-image-box-body-inner\">\n                                                <h5 class=\"elementskit-info-box-title\">\n\n                        VALMY 1792\n                        \n                    <\/h5>\n                                                            <div class=\"elementskit-box-style-content\">\n                        Semi-enterr\u00e9 et construit \u00e0 m\u00eame le flanc de la colline, le Centre Historique Valmy 1792 vous invite \u00e0 (re)d\u00e9couvrir autrement cette grande bataille de la R\u00e9volution fran\u00e7aise.\n \nPlongez dans l'histoire lors de votre visite au Centre historique Valmy 1792.                    <\/div>\n                                    <\/div>\n\n                                <div class=\"elementskit-box-footer\">\n                    <div class=\"box-footer\">\n                        <div class=\"btn-wraper\">\n                                                            <a href=\"https:\/\/www.valmy1792.com\" target=\"_blank\" class=\"elementskit-btn whitespace--normal\">\n                                    En savoir plus                                <\/a>\n                                                    <\/div>\n                    <\/div>\n                <\/div>\n                            <\/div>\n            <\/div>\n    <\/div>\t\t\t\t<\/div>\n\t\t\t\t<\/div>\n\t\t\t\t\t<\/div>\n\t\t<\/div>\n\t\t\t\t<div class=\"elementor-column elementor-col-33 elementor-inner-column elementor-element elementor-element-321aa806\" data-id=\"321aa806\" data-element_type=\"column\" data-e-type=\"column\">\n\t\t\t<div class=\"elementor-widget-wrap elementor-element-populated\">\n\t\t\t\t\t\t<div class=\"elementor-element elementor-element-4cc0fda9 elementor-widget elementor-widget-elementskit-image-box\" data-id=\"4cc0fda9\" data-element_type=\"widget\" data-e-type=\"widget\" data-widget_type=\"elementskit-image-box.default\">\n\t\t\t\t<div class=\"elementor-widget-container\">\n\t\t\t\t\t<div class=\"ekit-wid-con\" >\n            <div class=\"elementskit-info-image-box ekit-image-box text-center floating-style\" >\n\n                \n                <div class=\"elementskit-box-header image-box-img-center\">\n\n                    <img decoding=\"async\" width=\"500\" height=\"500\" src=\"https:\/\/www.ecrindelachapelle.com\/wp-content\/uploads\/2024\/11\/2.png\" class=\"attachment-full size-full wp-image-1125\" alt=\"\" srcset=\"https:\/\/www.ecrindelachapelle.com\/wp-content\/uploads\/2024\/11\/2.png 500w, https:\/\/www.ecrindelachapelle.com\/wp-content\/uploads\/2024\/11\/2-300x300.png 300w, https:\/\/www.ecrindelachapelle.com\/wp-content\/uploads\/2024\/11\/2-150x150.png 150w\" sizes=\"(max-width: 500px) 100vw, 500px\" \/>\n                <\/div>\n                \n                <div class=\"elementskit-box-body ekit-image-box-body\">\n                    <div class=\"elementskit-box-content ekit-image-box-body-inner\">\n                                                <h5 class=\"elementskit-info-box-title\">\n\n                        PARC ARGONNE D\u00c9COUVERTE\n                        \n                    <\/h5>\n                                                            <div class=\"elementskit-box-style-content\">\n                        Nich\u00e9 dans les bois sur la commune d\u2019Olizy-Primat, le Parc Argonne D\u00e9couverte est un parc animalier captivant. Entre nourrissage comment\u00e9, visite des voli\u00e8res, spectacle de rapaces, films documentaires, il n\u2019y pas de quoi s\u2019ennuyer.                    <\/div>\n                                    <\/div>\n\n                                <div class=\"elementskit-box-footer\">\n                    <div class=\"box-footer\">\n                        <div class=\"btn-wraper\">\n                                                            <a href=\"https:\/\/www.parc-argonne-decouverte.fr\" target=\"_blank\" class=\"elementskit-btn whitespace--normal\">\n                                    EN SAVOIR PLUS                                <\/a>\n                                                    <\/div>\n                    <\/div>\n                <\/div>\n                            <\/div>\n            <\/div>\n    <\/div>\t\t\t\t<\/div>\n\t\t\t\t<\/div>\n\t\t\t\t\t<\/div>\n\t\t<\/div>\n\t\t\t\t<div class=\"elementor-column elementor-col-33 elementor-inner-column elementor-element elementor-element-45ca6bf2\" data-id=\"45ca6bf2\" data-element_type=\"column\" data-e-type=\"column\">\n\t\t\t<div class=\"elementor-widget-wrap elementor-element-populated\">\n\t\t\t\t\t\t<div class=\"elementor-element elementor-element-510d259 elementor-widget elementor-widget-elementskit-image-box\" data-id=\"510d259\" data-element_type=\"widget\" data-e-type=\"widget\" data-widget_type=\"elementskit-image-box.default\">\n\t\t\t\t<div class=\"elementor-widget-container\">\n\t\t\t\t\t<div class=\"ekit-wid-con\" >\n            <div class=\"elementskit-info-image-box ekit-image-box text-center floating-style\" >\n\n                \n                <div class=\"elementskit-box-header image-box-img-center\">\n\n                    <img decoding=\"async\" width=\"500\" height=\"500\" src=\"https:\/\/www.ecrindelachapelle.com\/wp-content\/uploads\/2024\/11\/4.png\" class=\"attachment-full size-full wp-image-1127\" alt=\"\" srcset=\"https:\/\/www.ecrindelachapelle.com\/wp-content\/uploads\/2024\/11\/4.png 500w, https:\/\/www.ecrindelachapelle.com\/wp-content\/uploads\/2024\/11\/4-300x300.png 300w, https:\/\/www.ecrindelachapelle.com\/wp-content\/uploads\/2024\/11\/4-150x150.png 150w\" sizes=\"(max-width: 500px) 100vw, 500px\" \/>\n                <\/div>\n                \n                <div class=\"elementskit-box-body ekit-image-box-body\">\n                    <div class=\"elementskit-box-content ekit-image-box-body-inner\">\n                                                <h5 class=\"elementskit-info-box-title\">\n\n                        L'AQUARELLE\n                        \n                    <\/h5>\n                                                            <div class=\"elementskit-box-style-content\">\n                        Laissez-vous s\u00e9duire par L\u2019Aquarelle, le plus grand centre aquatique et sportif de Champagne-Ardenne \u00e0 Sainte-M\u00e9nehould.\nPour un moment unique et magique, entrez dans une bulle d\u00e9licieuse de d\u00e9tente, de z\u00e9nitude.                    <\/div>\n                                    <\/div>\n\n                                <div class=\"elementskit-box-footer\">\n                    <div class=\"box-footer\">\n                        <div class=\"btn-wraper\">\n                                                            <a href=\"https:\/\/www.laquarelle-piscine.com\" target=\"_blank\" class=\"elementskit-btn whitespace--normal\">\n                                    En savoir plus                                <\/a>\n                                                    <\/div>\n                    <\/div>\n                <\/div>\n                            <\/div>\n            <\/div>\n    <\/div>\t\t\t\t<\/div>\n\t\t\t\t<\/div>\n\t\t\t\t\t<\/div>\n\t\t<\/div>\n\t\t\t\t\t<\/div>\n\t\t<\/section>\n\t\t\t\t<section class=\"elementor-section elementor-inner-section elementor-element elementor-element-7c6d26e elementor-section-boxed elementor-section-height-default elementor-section-height-default\" data-id=\"7c6d26e\" data-element_type=\"section\" data-e-type=\"section\" data-settings=\"{&quot;background_background&quot;:&quot;classic&quot;}\">\n\t\t\t\t\t\t\t<div class=\"elementor-background-overlay\"><\/div>\n\t\t\t\t\t\t\t<div class=\"elementor-container elementor-column-gap-default\">\n\t\t\t\t\t<div class=\"elementor-column elementor-col-33 elementor-inner-column elementor-element elementor-element-2d20737\" data-id=\"2d20737\" data-element_type=\"column\" data-e-type=\"column\">\n\t\t\t<div class=\"elementor-widget-wrap elementor-element-populated\">\n\t\t\t\t\t\t<div class=\"elementor-element elementor-element-36aaf35 elementor-widget elementor-widget-elementskit-image-box\" data-id=\"36aaf35\" data-element_type=\"widget\" data-e-type=\"widget\" data-widget_type=\"elementskit-image-box.default\">\n\t\t\t\t<div class=\"elementor-widget-container\">\n\t\t\t\t\t<div class=\"ekit-wid-con\" >\n            <div class=\"elementskit-info-image-box ekit-image-box text-center floating-style\" >\n\n                \n                <div class=\"elementskit-box-header image-box-img-center\">\n\n                    <img loading=\"lazy\" decoding=\"async\" width=\"500\" height=\"500\" src=\"https:\/\/www.ecrindelachapelle.com\/wp-content\/uploads\/2024\/11\/Musee-dart-et-dhistoire.png\" class=\"attachment-full size-full wp-image-1142\" alt=\"\" srcset=\"https:\/\/www.ecrindelachapelle.com\/wp-content\/uploads\/2024\/11\/Musee-dart-et-dhistoire.png 500w, https:\/\/www.ecrindelachapelle.com\/wp-content\/uploads\/2024\/11\/Musee-dart-et-dhistoire-300x300.png 300w, https:\/\/www.ecrindelachapelle.com\/wp-content\/uploads\/2024\/11\/Musee-dart-et-dhistoire-150x150.png 150w\" sizes=\"(max-width: 500px) 100vw, 500px\" \/>\n                <\/div>\n                \n                <div class=\"elementskit-box-body ekit-image-box-body\">\n                    <div class=\"elementskit-box-content ekit-image-box-body-inner\">\n                                                <h5 class=\"elementskit-info-box-title\">\n\n                        Mus\u00e9e d'Art et d'Histoire\n                        \n                    <\/h5>\n                                                            <div class=\"elementskit-box-style-content\">\n                        Situ\u00e9 dans l\u2019H\u00f4tel de la Subd\u00e9l\u00e9gation de Champagne \u00e0 Sainte-M\u00e9nehould, b\u00e2ti en 1726, le mus\u00e9e pr\u00e9sente de nombreux objets \u00e9voquant l\u2019histoire tumultueuse de la ville et de ses environs mais aussi la l\u00e9gendaire douceur de vivre du XVIIIe si\u00e8cle, \u00e9poque essentielle de l\u2019histoire de France.                    <\/div>\n                                    <\/div>\n\n                                <div class=\"elementskit-box-footer\">\n                    <div class=\"box-footer\">\n                        <div class=\"btn-wraper\">\n                                                            <a href=\"https:\/\/www.mmc-stemenehould.com\/musee-d-art-et-d-histoire\/\" target=\"_blank\" class=\"elementskit-btn whitespace--normal\">\n                                    En savoir plus                                <\/a>\n                                                    <\/div>\n                    <\/div>\n                <\/div>\n                            <\/div>\n            <\/div>\n    <\/div>\t\t\t\t<\/div>\n\t\t\t\t<\/div>\n\t\t\t\t\t<\/div>\n\t\t<\/div>\n\t\t\t\t<div class=\"elementor-column elementor-col-33 elementor-inner-column elementor-element elementor-element-388c1ca\" data-id=\"388c1ca\" data-element_type=\"column\" data-e-type=\"column\">\n\t\t\t<div class=\"elementor-widget-wrap elementor-element-populated\">\n\t\t\t\t\t\t<div class=\"elementor-element elementor-element-d2f1fcf elementor-widget elementor-widget-elementskit-image-box\" data-id=\"d2f1fcf\" data-element_type=\"widget\" data-e-type=\"widget\" data-widget_type=\"elementskit-image-box.default\">\n\t\t\t\t<div class=\"elementor-widget-container\">\n\t\t\t\t\t<div class=\"ekit-wid-con\" >\n            <div class=\"elementskit-info-image-box ekit-image-box text-center floating-style\" >\n\n                \n                <div class=\"elementskit-box-header image-box-img-center\">\n\n                    <img loading=\"lazy\" decoding=\"async\" width=\"500\" height=\"500\" src=\"https:\/\/www.ecrindelachapelle.com\/wp-content\/uploads\/2024\/11\/3.png\" class=\"attachment-full size-full wp-image-1126\" alt=\"\" srcset=\"https:\/\/www.ecrindelachapelle.com\/wp-content\/uploads\/2024\/11\/3.png 500w, https:\/\/www.ecrindelachapelle.com\/wp-content\/uploads\/2024\/11\/3-300x300.png 300w, https:\/\/www.ecrindelachapelle.com\/wp-content\/uploads\/2024\/11\/3-150x150.png 150w\" sizes=\"(max-width: 500px) 100vw, 500px\" \/>\n                <\/div>\n                \n                <div class=\"elementskit-box-body ekit-image-box-body\">\n                    <div class=\"elementskit-box-content ekit-image-box-body-inner\">\n                                                <h5 class=\"elementskit-info-box-title\">\n\n                        \u00c9tangs de Belval-en-Argonne\n                        \n                    <\/h5>\n                                                            <div class=\"elementskit-box-style-content\">\n                        A l'or\u00e9e du massif forestier d'Argonne, les \u00e9tangs de Belval en Argonne accueillent une bio-diversit\u00e9 remarquable. Quelque 270 esp\u00e8ces v\u00e9g\u00e9tales ont \u00e9t\u00e9 recens\u00e9es sur le site ; de m\u00eame 165 esp\u00e8ces d'oiseaux sont observ\u00e9s annuellement.                    <\/div>\n                                    <\/div>\n\n                                <div class=\"elementskit-box-footer\">\n                    <div class=\"box-footer\">\n                        <div class=\"btn-wraper\">\n                                                            <a href=\"https:\/\/reserve-etangs-belval-en-argonne.org\/galerie\" target=\"_blank\" class=\"elementskit-btn whitespace--normal\">\n                                    EN SAVOIR PLUS                                <\/a>\n                                                    <\/div>\n                    <\/div>\n                <\/div>\n                            <\/div>\n            <\/div>\n    <\/div>\t\t\t\t<\/div>\n\t\t\t\t<\/div>\n\t\t\t\t\t<\/div>\n\t\t<\/div>\n\t\t\t\t<div class=\"elementor-column elementor-col-33 elementor-inner-column elementor-element elementor-element-916ae01\" data-id=\"916ae01\" data-element_type=\"column\" data-e-type=\"column\">\n\t\t\t<div class=\"elementor-widget-wrap elementor-element-populated\">\n\t\t\t\t\t\t<div class=\"elementor-element elementor-element-1c4cf41 elementor-widget elementor-widget-elementskit-image-box\" data-id=\"1c4cf41\" data-element_type=\"widget\" data-e-type=\"widget\" data-widget_type=\"elementskit-image-box.default\">\n\t\t\t\t<div class=\"elementor-widget-container\">\n\t\t\t\t\t<div class=\"ekit-wid-con\" >\n            <div class=\"elementskit-info-image-box ekit-image-box text-center floating-style\" >\n\n                \n                <div class=\"elementskit-box-header image-box-img-center\">\n\n                    <img loading=\"lazy\" decoding=\"async\" width=\"500\" height=\"500\" src=\"https:\/\/www.ecrindelachapelle.com\/wp-content\/uploads\/2024\/11\/Chateau-de-Braux-Saint-Cohiere.png\" class=\"attachment-full size-full wp-image-1150\" alt=\"\" srcset=\"https:\/\/www.ecrindelachapelle.com\/wp-content\/uploads\/2024\/11\/Chateau-de-Braux-Saint-Cohiere.png 500w, https:\/\/www.ecrindelachapelle.com\/wp-content\/uploads\/2024\/11\/Chateau-de-Braux-Saint-Cohiere-300x300.png 300w, https:\/\/www.ecrindelachapelle.com\/wp-content\/uploads\/2024\/11\/Chateau-de-Braux-Saint-Cohiere-150x150.png 150w\" sizes=\"(max-width: 500px) 100vw, 500px\" \/>\n                <\/div>\n                \n                <div class=\"elementskit-box-body ekit-image-box-body\">\n                    <div class=\"elementskit-box-content ekit-image-box-body-inner\">\n                                                <h5 class=\"elementskit-info-box-title\">\n\n                        Ch\u00e2teau de Braux Sainte-Cohi\u00e8re\n                        \n                    <\/h5>\n                                                            <div class=\"elementskit-box-style-content\">\n                        Un ch\u00e2teau pas comme les autres au c\u0153ur de l\u2019Argonne !\n\nAncienne seigneurie militaire, il est un joyau architectural du pays d'Argonne. Class\u00e9 Monument Historique, il allie l'aust\u00e9rit\u00e9 de la fa\u00e7ade militaire du XVIe si\u00e8cle et la douceur d'un logis du XVIIe si\u00e8cle.                    <\/div>\n                                    <\/div>\n\n                                <div class=\"elementskit-box-footer\">\n                    <div class=\"box-footer\">\n                        <div class=\"btn-wraper\">\n                                                            <a href=\"https:\/\/www.chateaudebraux.com\" target=\"_blank\" class=\"elementskit-btn whitespace--normal\">\n                                    En savoir plus                                <\/a>\n                                                    <\/div>\n                    <\/div>\n                <\/div>\n                            <\/div>\n            <\/div>\n    <\/div>\t\t\t\t<\/div>\n\t\t\t\t<\/div>\n\t\t\t\t\t<\/div>\n\t\t<\/div>\n\t\t\t\t\t<\/div>\n\t\t<\/section>\n\t\t\t\t<section class=\"elementor-section elementor-inner-section elementor-element elementor-element-d8c8127 elementor-section-boxed elementor-section-height-default elementor-section-height-default\" data-id=\"d8c8127\" data-element_type=\"section\" data-e-type=\"section\" data-settings=\"{&quot;background_background&quot;:&quot;classic&quot;}\">\n\t\t\t\t\t\t\t<div class=\"elementor-background-overlay\"><\/div>\n\t\t\t\t\t\t\t<div class=\"elementor-container elementor-column-gap-default\">\n\t\t\t\t\t<div class=\"elementor-column elementor-col-33 elementor-inner-column elementor-element elementor-element-46bc41f\" data-id=\"46bc41f\" data-element_type=\"column\" data-e-type=\"column\">\n\t\t\t<div class=\"elementor-widget-wrap elementor-element-populated\">\n\t\t\t\t\t\t<div class=\"elementor-element elementor-element-b9c3dd2 elementor-widget elementor-widget-elementskit-image-box\" data-id=\"b9c3dd2\" data-element_type=\"widget\" data-e-type=\"widget\" data-widget_type=\"elementskit-image-box.default\">\n\t\t\t\t<div class=\"elementor-widget-container\">\n\t\t\t\t\t<div class=\"ekit-wid-con\" >\n            <div class=\"elementskit-info-image-box ekit-image-box text-center floating-style\" >\n\n                \n                <div class=\"elementskit-box-header image-box-img-center\">\n\n                    <img loading=\"lazy\" decoding=\"async\" width=\"500\" height=\"500\" src=\"https:\/\/www.ecrindelachapelle.com\/wp-content\/uploads\/2024\/11\/ECOMUSEE-DE-LA-MAIN-DE-MASSIGES.png\" class=\"attachment-full size-full wp-image-1169\" alt=\"\" srcset=\"https:\/\/www.ecrindelachapelle.com\/wp-content\/uploads\/2024\/11\/ECOMUSEE-DE-LA-MAIN-DE-MASSIGES.png 500w, https:\/\/www.ecrindelachapelle.com\/wp-content\/uploads\/2024\/11\/ECOMUSEE-DE-LA-MAIN-DE-MASSIGES-300x300.png 300w, https:\/\/www.ecrindelachapelle.com\/wp-content\/uploads\/2024\/11\/ECOMUSEE-DE-LA-MAIN-DE-MASSIGES-150x150.png 150w\" sizes=\"(max-width: 500px) 100vw, 500px\" \/>\n                <\/div>\n                \n                <div class=\"elementskit-box-body ekit-image-box-body\">\n                    <div class=\"elementskit-box-content ekit-image-box-body-inner\">\n                                                <h5 class=\"elementskit-info-box-title\">\n\n                        Ecomus\u00e9e Atelier de la main de Massiges\n                        \n                    <\/h5>\n                                                            <div class=\"elementskit-box-style-content\">\n                        D\u00e9couvrez l\u2019atelier-mus\u00e9e : deux b\u00e2timents r\u00e9cents construits avec des mat\u00e9riaux anciens datant d\u2019avant la Premi\u00e8re Guerre mondiale. Admirez des chefs-d\u2019\u0153uvre de Meilleur Ouvrier de France, une collection unique de 51 coqs de clocher, des enclumes, des outils d\u2019\u00e9poque, des sculptures, des objets d\u2019art populaire, des girouettes du XVIe si\u00e8cle, ainsi que l\u2019\u00c9pi du ch\u00e2teau de Lun\u00e9ville.                    <\/div>\n                                    <\/div>\n\n                                <div class=\"elementskit-box-footer\">\n                    <div class=\"box-footer\">\n                        <div class=\"btn-wraper\">\n                                                            <a href=\"https:\/\/www.lesgirouettes.fr\" target=\"_blank\" class=\"elementskit-btn whitespace--normal\">\n                                    En savoir plus                                <\/a>\n                                                    <\/div>\n                    <\/div>\n                <\/div>\n                            <\/div>\n            <\/div>\n    <\/div>\t\t\t\t<\/div>\n\t\t\t\t<\/div>\n\t\t\t\t\t<\/div>\n\t\t<\/div>\n\t\t\t\t<div class=\"elementor-column elementor-col-33 elementor-inner-column elementor-element elementor-element-58e400e\" data-id=\"58e400e\" data-element_type=\"column\" data-e-type=\"column\">\n\t\t\t<div class=\"elementor-widget-wrap elementor-element-populated\">\n\t\t\t\t\t\t<div class=\"elementor-element elementor-element-d1cd5c7 elementor-widget elementor-widget-elementskit-image-box\" data-id=\"d1cd5c7\" data-element_type=\"widget\" data-e-type=\"widget\" data-widget_type=\"elementskit-image-box.default\">\n\t\t\t\t<div class=\"elementor-widget-container\">\n\t\t\t\t\t<div class=\"ekit-wid-con\" >\n            <div class=\"elementskit-info-image-box ekit-image-box text-center floating-style\" >\n\n                \n                <div class=\"elementskit-box-header image-box-img-center\">\n\n                    <img loading=\"lazy\" decoding=\"async\" width=\"500\" height=\"500\" src=\"https:\/\/www.ecrindelachapelle.com\/wp-content\/uploads\/2024\/11\/Couleur-Aventure.png\" class=\"attachment-full size-full wp-image-1170\" alt=\"\" srcset=\"https:\/\/www.ecrindelachapelle.com\/wp-content\/uploads\/2024\/11\/Couleur-Aventure.png 500w, https:\/\/www.ecrindelachapelle.com\/wp-content\/uploads\/2024\/11\/Couleur-Aventure-300x300.png 300w, https:\/\/www.ecrindelachapelle.com\/wp-content\/uploads\/2024\/11\/Couleur-Aventure-150x150.png 150w\" sizes=\"(max-width: 500px) 100vw, 500px\" \/>\n                <\/div>\n                \n                <div class=\"elementskit-box-body ekit-image-box-body\">\n                    <div class=\"elementskit-box-content ekit-image-box-body-inner\">\n                                                <h5 class=\"elementskit-info-box-title\">\n\n                        Couleur Aventure\n                        \n                    <\/h5>\n                                                            <div class=\"elementskit-box-style-content\">\n                        Au c\u0153ur de la for\u00eat d\u2019Argonne, vivez une aventure inoubliable au parc Couleurs Aventure, entre Sainte-M\u00e9nehould et La Grange-aux-Bois. En famille, entre amis ou en groupe, testez votre audace avec : Parcours acrobatique \/ Paintball et Bootcamp !\n\nSensations garanties dans un cadre naturel exceptionnel !                    <\/div>\n                                    <\/div>\n\n                                <div class=\"elementskit-box-footer\">\n                    <div class=\"box-footer\">\n                        <div class=\"btn-wraper\">\n                                                            <a href=\"https:\/\/www.couleurs-aventure.com\" target=\"_blank\" class=\"elementskit-btn whitespace--normal\">\n                                    EN SAVOIR PLUS                                <\/a>\n                                                    <\/div>\n                    <\/div>\n                <\/div>\n                            <\/div>\n            <\/div>\n    <\/div>\t\t\t\t<\/div>\n\t\t\t\t<\/div>\n\t\t\t\t\t<\/div>\n\t\t<\/div>\n\t\t\t\t<div class=\"elementor-column elementor-col-33 elementor-inner-column elementor-element elementor-element-d2e154d\" data-id=\"d2e154d\" data-element_type=\"column\" data-e-type=\"column\">\n\t\t\t<div class=\"elementor-widget-wrap elementor-element-populated\">\n\t\t\t\t\t\t<div class=\"elementor-element elementor-element-c281c4e elementor-widget elementor-widget-elementskit-image-box\" data-id=\"c281c4e\" data-element_type=\"widget\" data-e-type=\"widget\" data-widget_type=\"elementskit-image-box.default\">\n\t\t\t\t<div class=\"elementor-widget-container\">\n\t\t\t\t\t<div class=\"ekit-wid-con\" >\n            <div class=\"elementskit-info-image-box ekit-image-box text-center floating-style\" >\n\n                \n                <div class=\"elementskit-box-header image-box-img-center\">\n\n                    <img loading=\"lazy\" decoding=\"async\" width=\"500\" height=\"500\" src=\"https:\/\/www.ecrindelachapelle.com\/wp-content\/uploads\/2024\/11\/WD-Ecrin-de-la-chapelle-1.png\" class=\"attachment-full size-full wp-image-1206\" alt=\"\" srcset=\"https:\/\/www.ecrindelachapelle.com\/wp-content\/uploads\/2024\/11\/WD-Ecrin-de-la-chapelle-1.png 500w, https:\/\/www.ecrindelachapelle.com\/wp-content\/uploads\/2024\/11\/WD-Ecrin-de-la-chapelle-1-300x300.png 300w, https:\/\/www.ecrindelachapelle.com\/wp-content\/uploads\/2024\/11\/WD-Ecrin-de-la-chapelle-1-150x150.png 150w\" sizes=\"(max-width: 500px) 100vw, 500px\" \/>\n                <\/div>\n                \n                <div class=\"elementskit-box-body ekit-image-box-body\">\n                    <div class=\"elementskit-box-content ekit-image-box-body-inner\">\n                                                <h5 class=\"elementskit-info-box-title\">\n\n                        La Hardonnerie\n                        \n                    <\/h5>\n                                                            <div class=\"elementskit-box-style-content\">\n                        La Hardonnerie, situ\u00e9e \u00e0 Vauquois en Meuse (55), est un refuge d\u00e9di\u00e9 aux animaux de ferme rescap\u00e9s de maltraitances ou abandonn\u00e9s. Au c\u0153ur de la for\u00eat d\u2019Argonne, ce havre de paix s\u2019\u00e9tend sur 44 hectares, offrant un cadre unique pour pr\u00e9server la biodiversit\u00e9.                    <\/div>\n                                    <\/div>\n\n                                <div class=\"elementskit-box-footer\">\n                    <div class=\"box-footer\">\n                        <div class=\"btn-wraper\">\n                                                            <a href=\"https:\/\/lahardonnerie.fr\/la-hardonnerie-ferme-refuge-et-educative\/\" target=\"_blank\" class=\"elementskit-btn whitespace--normal\">\n                                    En savoir plus                                <\/a>\n                                                    <\/div>\n                    <\/div>\n                <\/div>\n                            <\/div>\n            <\/div>\n    <\/div>\t\t\t\t<\/div>\n\t\t\t\t<\/div>\n\t\t\t\t\t<\/div>\n\t\t<\/div>\n\t\t\t\t\t<\/div>\n\t\t<\/section>\n\t\t\t\t<section class=\"elementor-section elementor-inner-section elementor-element elementor-element-9fbaea0 elementor-section-boxed elementor-section-height-default elementor-section-height-default\" data-id=\"9fbaea0\" data-element_type=\"section\" data-e-type=\"section\" data-settings=\"{&quot;background_background&quot;:&quot;classic&quot;}\">\n\t\t\t\t\t\t\t<div class=\"elementor-background-overlay\"><\/div>\n\t\t\t\t\t\t\t<div class=\"elementor-container elementor-column-gap-default\">\n\t\t\t\t\t<div class=\"elementor-column elementor-col-33 elementor-inner-column elementor-element elementor-element-16ae927\" data-id=\"16ae927\" data-element_type=\"column\" data-e-type=\"column\">\n\t\t\t<div class=\"elementor-widget-wrap elementor-element-populated\">\n\t\t\t\t\t\t<div class=\"elementor-element elementor-element-91c78f8 elementor-widget elementor-widget-elementskit-image-box\" data-id=\"91c78f8\" data-element_type=\"widget\" data-e-type=\"widget\" data-widget_type=\"elementskit-image-box.default\">\n\t\t\t\t<div class=\"elementor-widget-container\">\n\t\t\t\t\t<div class=\"ekit-wid-con\" >\n            <div class=\"elementskit-info-image-box ekit-image-box text-center floating-style\" >\n\n                \n                <div class=\"elementskit-box-header image-box-img-center\">\n\n                    <img loading=\"lazy\" decoding=\"async\" width=\"500\" height=\"500\" src=\"https:\/\/www.ecrindelachapelle.com\/wp-content\/uploads\/2024\/12\/Golf-.png\" class=\"attachment-full size-full wp-image-1361\" alt=\"\" srcset=\"https:\/\/www.ecrindelachapelle.com\/wp-content\/uploads\/2024\/12\/Golf-.png 500w, https:\/\/www.ecrindelachapelle.com\/wp-content\/uploads\/2024\/12\/Golf--300x300.png 300w, https:\/\/www.ecrindelachapelle.com\/wp-content\/uploads\/2024\/12\/Golf--150x150.png 150w\" sizes=\"(max-width: 500px) 100vw, 500px\" \/>\n                <\/div>\n                \n                <div class=\"elementskit-box-body ekit-image-box-body\">\n                    <div class=\"elementskit-box-content ekit-image-box-body-inner\">\n                                                <h5 class=\"elementskit-info-box-title\">\n\n                        La Grande Romanie \u2013 Golf de Ch\u00e2lons en Champagne\n                        \n                    <\/h5>\n                                                            <div class=\"elementskit-box-style-content\">\n                        Nich\u00e9 au c\u0153ur de la Champagne Crayeuse, le Golf de la Grande Romanie, cr\u00e9e en 1987, dans un cadre qui n\u2019est pas sans rappeler celui des links \u00e9cossais dont il s\u2019inspire, se situe \u00e0 proximit\u00e9 du village de Courtisols, \u00e0 15 minutes de Ch\u00e2lons en Champagne.                    <\/div>\n                                    <\/div>\n\n                                <div class=\"elementskit-box-footer\">\n                    <div class=\"box-footer\">\n                        <div class=\"btn-wraper\">\n                                                            <a href=\"http:\/\/www.par72.net\" target=\"_blank\" class=\"elementskit-btn whitespace--normal\">\n                                    En savoir plus                                <\/a>\n                                                    <\/div>\n                    <\/div>\n                <\/div>\n                            <\/div>\n            <\/div>\n    <\/div>\t\t\t\t<\/div>\n\t\t\t\t<\/div>\n\t\t\t\t\t<\/div>\n\t\t<\/div>\n\t\t\t\t<div class=\"elementor-column elementor-col-33 elementor-inner-column elementor-element elementor-element-e518510\" data-id=\"e518510\" data-element_type=\"column\" data-e-type=\"column\">\n\t\t\t<div class=\"elementor-widget-wrap elementor-element-populated\">\n\t\t\t\t\t\t<div class=\"elementor-element elementor-element-93bc51b elementor-widget elementor-widget-elementskit-image-box\" data-id=\"93bc51b\" data-element_type=\"widget\" data-e-type=\"widget\" data-widget_type=\"elementskit-image-box.default\">\n\t\t\t\t<div class=\"elementor-widget-container\">\n\t\t\t\t\t<div class=\"ekit-wid-con\" >\n            <div class=\"elementskit-info-image-box ekit-image-box text-center floating-style\" >\n\n                \n                <div class=\"elementskit-box-header image-box-img-center\">\n\n                    <img loading=\"lazy\" decoding=\"async\" width=\"500\" height=\"500\" src=\"https:\/\/www.ecrindelachapelle.com\/wp-content\/uploads\/2024\/12\/Les-Coteaux-Vitryats.png\" class=\"attachment-full size-full wp-image-1365\" alt=\"\" srcset=\"https:\/\/www.ecrindelachapelle.com\/wp-content\/uploads\/2024\/12\/Les-Coteaux-Vitryats.png 500w, https:\/\/www.ecrindelachapelle.com\/wp-content\/uploads\/2024\/12\/Les-Coteaux-Vitryats-300x300.png 300w, https:\/\/www.ecrindelachapelle.com\/wp-content\/uploads\/2024\/12\/Les-Coteaux-Vitryats-150x150.png 150w\" sizes=\"(max-width: 500px) 100vw, 500px\" \/>\n                <\/div>\n                \n                <div class=\"elementskit-box-body ekit-image-box-body\">\n                    <div class=\"elementskit-box-content ekit-image-box-body-inner\">\n                                                <h5 class=\"elementskit-info-box-title\">\n\n                        Les Coteaux Vitryats\n                        \n                    <\/h5>\n                                                            <div class=\"elementskit-box-style-content\">\n                        Au sud-est de la Marne, \u00e0 quelques kilom\u00e8tres du lac du Der, se niche le plus petit terroir de Champagne : les Coteaux Vitryats. Ce sont \u00e0 peine plus de 480 ha de vignes qui s\u2019\u00e9tirent dans un paysage color\u00e9 et singulier, loin de la monotonie des plaines c\u00e9r\u00e9ali\u00e8res.                    <\/div>\n                                    <\/div>\n\n                                <div class=\"elementskit-box-footer\">\n                    <div class=\"box-footer\">\n                        <div class=\"btn-wraper\">\n                                                            <a href=\"https:\/\/www.coteaux-vitryats.fr\/\" target=\"_blank\" class=\"elementskit-btn whitespace--normal\">\n                                    EN SAVOIR PLUS                                <\/a>\n                                                    <\/div>\n                    <\/div>\n                <\/div>\n                            <\/div>\n            <\/div>\n    <\/div>\t\t\t\t<\/div>\n\t\t\t\t<\/div>\n\t\t\t\t\t<\/div>\n\t\t<\/div>\n\t\t\t\t<div class=\"elementor-column elementor-col-33 elementor-inner-column elementor-element elementor-element-30ec1ed\" data-id=\"30ec1ed\" data-element_type=\"column\" data-e-type=\"column\">\n\t\t\t<div class=\"elementor-widget-wrap elementor-element-populated\">\n\t\t\t\t\t\t<div class=\"elementor-element elementor-element-7beb444 elementor-widget elementor-widget-elementskit-image-box\" data-id=\"7beb444\" data-element_type=\"widget\" data-e-type=\"widget\" data-widget_type=\"elementskit-image-box.default\">\n\t\t\t\t<div class=\"elementor-widget-container\">\n\t\t\t\t\t<div class=\"ekit-wid-con\" >\n            <div class=\"elementskit-info-image-box ekit-image-box text-center floating-style\" >\n\n                \n                <div class=\"elementskit-box-header image-box-img-center\">\n\n                    <img loading=\"lazy\" decoding=\"async\" width=\"500\" height=\"500\" src=\"https:\/\/www.ecrindelachapelle.com\/wp-content\/uploads\/2024\/12\/butte-de-vauquois.png\" class=\"attachment-full size-full wp-image-1367\" alt=\"\" srcset=\"https:\/\/www.ecrindelachapelle.com\/wp-content\/uploads\/2024\/12\/butte-de-vauquois.png 500w, https:\/\/www.ecrindelachapelle.com\/wp-content\/uploads\/2024\/12\/butte-de-vauquois-300x300.png 300w, https:\/\/www.ecrindelachapelle.com\/wp-content\/uploads\/2024\/12\/butte-de-vauquois-150x150.png 150w\" sizes=\"(max-width: 500px) 100vw, 500px\" \/>\n                <\/div>\n                \n                <div class=\"elementskit-box-body ekit-image-box-body\">\n                    <div class=\"elementskit-box-content ekit-image-box-body-inner\">\n                                                <h5 class=\"elementskit-info-box-title\">\n\n                        La Butte de Vauquois\n                        \n                    <\/h5>\n                                                            <div class=\"elementskit-box-style-content\">\n                        Un lieu unique, symbole de la guerre des mines et ouvert au public. Venez visiter l\u2019ext\u00e9rieur en toute libert\u00e9 et les galeries gr\u00e2ce aux visites guid\u00e9es.                    <\/div>\n                                    <\/div>\n\n                                <div class=\"elementskit-box-footer\">\n                    <div class=\"box-footer\">\n                        <div class=\"btn-wraper\">\n                                                            <a href=\"https:\/\/butte-vauquois.fr\/\" target=\"_blank\" class=\"elementskit-btn whitespace--normal\">\n                                    En savoir plus                                <\/a>\n                                                    <\/div>\n                    <\/div>\n                <\/div>\n                            <\/div>\n            <\/div>\n    <\/div>\t\t\t\t<\/div>\n\t\t\t\t<\/div>\n\t\t\t\t\t<\/div>\n\t\t<\/div>\n\t\t\t\t\t<\/div>\n\t\t<\/section>\n\t\t\t\t\t<\/div>\n\t\t<\/div>\n\t\t\t\t\t<\/div>\n\t\t<\/section>\n\t\t\t\t<section class=\"elementor-section elementor-top-section elementor-element elementor-element-aa0bf72 elementor-section-boxed elementor-section-height-default elementor-section-height-default\" data-id=\"aa0bf72\" data-element_type=\"section\" data-e-type=\"section\" data-settings=\"{&quot;shape_divider_bottom&quot;:&quot;mountains&quot;,&quot;background_background&quot;:&quot;classic&quot;}\">\n\t\t\t\t\t\t\t<div class=\"elementor-background-overlay\"><\/div>\n\t\t\t\t\t\t<div class=\"elementor-shape elementor-shape-bottom\" aria-hidden=\"true\" data-negative=\"false\">\n\t\t\t<svg xmlns=\"http:\/\/www.w3.org\/2000\/svg\" viewBox=\"0 0 1000 100\" preserveAspectRatio=\"none\">\n\t<path class=\"elementor-shape-fill\" opacity=\"0.33\" d=\"M473,67.3c-203.9,88.3-263.1-34-320.3,0C66,119.1,0,59.7,0,59.7V0h1000v59.7 c0,0-62.1,26.1-94.9,29.3c-32.8,3.3-62.8-12.3-75.8-22.1C806,49.6,745.3,8.7,694.9,4.7S492.4,59,473,67.3z\"\/>\n\t<path class=\"elementor-shape-fill\" opacity=\"0.66\" d=\"M734,67.3c-45.5,0-77.2-23.2-129.1-39.1c-28.6-8.7-150.3-10.1-254,39.1 s-91.7-34.4-149.2,0C115.7,118.3,0,39.8,0,39.8V0h1000v36.5c0,0-28.2-18.5-92.1-18.5C810.2,18.1,775.7,67.3,734,67.3z\"\/>\n\t<path class=\"elementor-shape-fill\" d=\"M766.1,28.9c-200-57.5-266,65.5-395.1,19.5C242,1.8,242,5.4,184.8,20.6C128,35.8,132.3,44.9,89.9,52.5C28.6,63.7,0,0,0,0 h1000c0,0-9.9,40.9-83.6,48.1S829.6,47,766.1,28.9z\"\/>\n<\/svg>\t\t<\/div>\n\t\t\t\t\t<div class=\"elementor-container elementor-column-gap-default\">\n\t\t\t\t\t<div class=\"elementor-column elementor-col-100 elementor-top-column elementor-element elementor-element-ef25fc3\" data-id=\"ef25fc3\" data-element_type=\"column\" data-e-type=\"column\">\n\t\t\t<div class=\"elementor-widget-wrap elementor-element-populated\">\n\t\t\t\t\t\t<div class=\"elementor-element elementor-element-4f4a154 elementor-absolute elementor-widget-mobile__width-initial elementor-widget elementor-widget-heading\" data-id=\"4f4a154\" data-element_type=\"widget\" data-e-type=\"widget\" data-settings=\"{&quot;_position&quot;:&quot;absolute&quot;}\" data-widget_type=\"heading.default\">\n\t\t\t\t<div class=\"elementor-widget-container\">\n\t\t\t\t\t<p class=\"elementor-heading-title elementor-size-default\">RESTAURATION<\/p>\t\t\t\t<\/div>\n\t\t\t\t<\/div>\n\t\t\t\t<div class=\"elementor-element elementor-element-1c29424 elementor-widget elementor-widget-elementskit-heading\" data-id=\"1c29424\" data-element_type=\"widget\" data-e-type=\"widget\" data-widget_type=\"elementskit-heading.default\">\n\t\t\t\t<div class=\"elementor-widget-container\">\n\t\t\t\t\t<div class=\"ekit-wid-con\" ><div class=\"ekit-heading elementskit-section-title-wraper text_center   ekit_heading_tablet-   ekit_heading_mobile-\"><h2 class=\"ekit-heading--title elementskit-section-title \">Les <span><span>Restaurants, Boulangeries &amp; Producteurs Locaux<\/span><\/span> aux alentours !<\/h2><\/div><\/div>\t\t\t\t<\/div>\n\t\t\t\t<\/div>\n\t\t\t\t<section class=\"elementor-section elementor-inner-section elementor-element elementor-element-6767115 elementor-section-boxed elementor-section-height-default elementor-section-height-default\" data-id=\"6767115\" data-element_type=\"section\" data-e-type=\"section\" data-settings=\"{&quot;background_background&quot;:&quot;classic&quot;}\">\n\t\t\t\t\t\t\t<div class=\"elementor-background-overlay\"><\/div>\n\t\t\t\t\t\t\t<div class=\"elementor-container elementor-column-gap-default\">\n\t\t\t\t\t<div class=\"elementor-column elementor-col-33 elementor-inner-column elementor-element elementor-element-c3713bf\" data-id=\"c3713bf\" data-element_type=\"column\" data-e-type=\"column\">\n\t\t\t<div class=\"elementor-widget-wrap elementor-element-populated\">\n\t\t\t\t\t\t<div class=\"elementor-element elementor-element-8aa7652 elementor-widget elementor-widget-elementskit-image-box\" data-id=\"8aa7652\" data-element_type=\"widget\" data-e-type=\"widget\" data-widget_type=\"elementskit-image-box.default\">\n\t\t\t\t<div class=\"elementor-widget-container\">\n\t\t\t\t\t<div class=\"ekit-wid-con\" >\n            <div class=\"elementskit-info-image-box ekit-image-box text-center floating-style\" >\n\n                \n                <div class=\"elementskit-box-header image-box-img-center\">\n\n                    <img loading=\"lazy\" decoding=\"async\" width=\"500\" height=\"500\" src=\"https:\/\/www.ecrindelachapelle.com\/wp-content\/uploads\/2024\/11\/Restaurant-La-Victoire.png\" class=\"attachment-full size-full wp-image-1162\" alt=\"\" srcset=\"https:\/\/www.ecrindelachapelle.com\/wp-content\/uploads\/2024\/11\/Restaurant-La-Victoire.png 500w, https:\/\/www.ecrindelachapelle.com\/wp-content\/uploads\/2024\/11\/Restaurant-La-Victoire-300x300.png 300w, https:\/\/www.ecrindelachapelle.com\/wp-content\/uploads\/2024\/11\/Restaurant-La-Victoire-150x150.png 150w\" sizes=\"(max-width: 500px) 100vw, 500px\" \/>\n                <\/div>\n                \n                <div class=\"elementskit-box-body ekit-image-box-body\">\n                    <div class=\"elementskit-box-content ekit-image-box-body-inner\">\n                                                <h5 class=\"elementskit-info-box-title\">\n\n                        Restaurant La Victoire\n                        \n                    <\/h5>\n                                                            <div class=\"elementskit-box-style-content\">\n                        Situ\u00e9 \u00e0 Valmy, ce restaurant marie la cuisine grecque et la cuisine fran\u00e7aise et propose des produits frais et de qualit\u00e9 aux notes m\u00e9diterran\u00e9ennes !\n\nLe restaurant dispose \u00e9galement d'une partie \"\u00e9picerie fine\".\n                    <\/div>\n                                    <\/div>\n\n                                <div class=\"elementskit-box-footer\">\n                    <div class=\"box-footer\">\n                        <div class=\"btn-wraper\">\n                                                            <a href=\"https:\/\/www.facebook.com\/p\/La-Victoire-61552242914468\/\" target=\"_blank\" class=\"elementskit-btn whitespace--normal\">\n                                    En savoir plus                                <\/a>\n                                                    <\/div>\n                    <\/div>\n                <\/div>\n                            <\/div>\n            <\/div>\n    <\/div>\t\t\t\t<\/div>\n\t\t\t\t<\/div>\n\t\t\t\t\t<\/div>\n\t\t<\/div>\n\t\t\t\t<div class=\"elementor-column elementor-col-33 elementor-inner-column elementor-element elementor-element-5ba4398\" data-id=\"5ba4398\" data-element_type=\"column\" data-e-type=\"column\">\n\t\t\t<div class=\"elementor-widget-wrap elementor-element-populated\">\n\t\t\t\t\t\t<div class=\"elementor-element elementor-element-74303e5 elementor-widget elementor-widget-elementskit-image-box\" data-id=\"74303e5\" data-element_type=\"widget\" data-e-type=\"widget\" data-widget_type=\"elementskit-image-box.default\">\n\t\t\t\t<div class=\"elementor-widget-container\">\n\t\t\t\t\t<div class=\"ekit-wid-con\" >\n            <div class=\"elementskit-info-image-box ekit-image-box text-center floating-style\" >\n\n                \n                <div class=\"elementskit-box-header image-box-img-center\">\n\n                    <img loading=\"lazy\" decoding=\"async\" width=\"500\" height=\"500\" src=\"https:\/\/www.ecrindelachapelle.com\/wp-content\/uploads\/2024\/11\/cheval-rouge.png\" class=\"attachment-full size-full wp-image-1175\" alt=\"\" srcset=\"https:\/\/www.ecrindelachapelle.com\/wp-content\/uploads\/2024\/11\/cheval-rouge.png 500w, https:\/\/www.ecrindelachapelle.com\/wp-content\/uploads\/2024\/11\/cheval-rouge-300x300.png 300w, https:\/\/www.ecrindelachapelle.com\/wp-content\/uploads\/2024\/11\/cheval-rouge-150x150.png 150w\" sizes=\"(max-width: 500px) 100vw, 500px\" \/>\n                <\/div>\n                \n                <div class=\"elementskit-box-body ekit-image-box-body\">\n                    <div class=\"elementskit-box-content ekit-image-box-body-inner\">\n                                                <h5 class=\"elementskit-info-box-title\">\n\n                        Restaurant Le Cheval Rouge\n                        \n                    <\/h5>\n                                                            <div class=\"elementskit-box-style-content\">\n                        Aux portes de la for\u00eat d\u2019Argonne, le Restaurant Le Cheval Rouge vous accueille dans un cadre exceptionnel, alliant prestations haut de gamme et ambiance familiale.\nNe manquez pas de savourer la sp\u00e9cialit\u00e9 locale : le c\u00e9l\u00e8bre Pied de Cochon \u00e0 la Sainte-M\u00e9nehould.                    <\/div>\n                                    <\/div>\n\n                                <div class=\"elementskit-box-footer\">\n                    <div class=\"box-footer\">\n                        <div class=\"btn-wraper\">\n                                                            <a href=\"https:\/\/www.lechevalrouge.com\/le-restaurant\" target=\"_blank\" class=\"elementskit-btn whitespace--normal\">\n                                    EN SAVOIR PLUS                                <\/a>\n                                                    <\/div>\n                    <\/div>\n                <\/div>\n                            <\/div>\n            <\/div>\n    <\/div>\t\t\t\t<\/div>\n\t\t\t\t<\/div>\n\t\t\t\t\t<\/div>\n\t\t<\/div>\n\t\t\t\t<div class=\"elementor-column elementor-col-33 elementor-inner-column elementor-element elementor-element-5ce744d\" data-id=\"5ce744d\" data-element_type=\"column\" data-e-type=\"column\">\n\t\t\t<div class=\"elementor-widget-wrap elementor-element-populated\">\n\t\t\t\t\t\t<div class=\"elementor-element elementor-element-63b69a7 elementor-widget elementor-widget-elementskit-image-box\" data-id=\"63b69a7\" data-element_type=\"widget\" data-e-type=\"widget\" data-widget_type=\"elementskit-image-box.default\">\n\t\t\t\t<div class=\"elementor-widget-container\">\n\t\t\t\t\t<div class=\"ekit-wid-con\" >\n            <div class=\"elementskit-info-image-box ekit-image-box text-center floating-style\" >\n\n                \n                <div class=\"elementskit-box-header image-box-img-center\">\n\n                    <img loading=\"lazy\" decoding=\"async\" width=\"500\" height=\"500\" src=\"https:\/\/www.ecrindelachapelle.com\/wp-content\/uploads\/2025\/05\/a-mon-idee.png\" class=\"attachment-full size-full wp-image-1535\" alt=\"\" srcset=\"https:\/\/www.ecrindelachapelle.com\/wp-content\/uploads\/2025\/05\/a-mon-idee.png 500w, https:\/\/www.ecrindelachapelle.com\/wp-content\/uploads\/2025\/05\/a-mon-idee-300x300.png 300w, https:\/\/www.ecrindelachapelle.com\/wp-content\/uploads\/2025\/05\/a-mon-idee-150x150.png 150w\" sizes=\"(max-width: 500px) 100vw, 500px\" \/>\n                <\/div>\n                \n                <div class=\"elementskit-box-body ekit-image-box-body\">\n                    <div class=\"elementskit-box-content ekit-image-box-body-inner\">\n                                                <h5 class=\"elementskit-info-box-title\">\n\n                        Restaurant\/Traiteur \u00c0 mon id\u00e9e \n                        \n                    <\/h5>\n                                                            <div class=\"elementskit-box-style-content\">\n                        \u00c0 Mon Id\u00e9e est un restaurant situ\u00e9 \u00e0 Ste-M\u00e9nehould qui propose une cuisine traditionnelle, vari\u00e9e et de qualit\u00e9 port\u00e9e par une \u00e9quipe dynamique aux commandes du chef C\u00e9dric Costes, form\u00e9 \u00e0 l\u2019\u00e9cole h\u00f4teli\u00e8re de Bazeilles, qui \u00e9labore une carte en fonction des saisons.\nLe restaurant pospose \u00e9galement un service traiteur sur demande !                    <\/div>\n                                    <\/div>\n\n                                <div class=\"elementskit-box-footer\">\n                    <div class=\"box-footer\">\n                        <div class=\"btn-wraper\">\n                                                            <a href=\"https:\/\/www.a-mon-idee.fr\/qui-sommes-nous\/\" target=\"_blank\" class=\"elementskit-btn whitespace--normal\">\n                                    En savoir plus                                <\/a>\n                                                    <\/div>\n                    <\/div>\n                <\/div>\n                            <\/div>\n            <\/div>\n    <\/div>\t\t\t\t<\/div>\n\t\t\t\t<\/div>\n\t\t\t\t\t<\/div>\n\t\t<\/div>\n\t\t\t\t\t<\/div>\n\t\t<\/section>\n\t\t\t\t<section class=\"elementor-section elementor-inner-section elementor-element elementor-element-c6ff19c elementor-section-boxed elementor-section-height-default elementor-section-height-default\" data-id=\"c6ff19c\" data-element_type=\"section\" data-e-type=\"section\" data-settings=\"{&quot;background_background&quot;:&quot;classic&quot;}\">\n\t\t\t\t\t\t\t<div class=\"elementor-background-overlay\"><\/div>\n\t\t\t\t\t\t\t<div class=\"elementor-container elementor-column-gap-default\">\n\t\t\t\t\t<div class=\"elementor-column elementor-col-33 elementor-inner-column elementor-element elementor-element-86f9385\" data-id=\"86f9385\" data-element_type=\"column\" data-e-type=\"column\">\n\t\t\t<div class=\"elementor-widget-wrap elementor-element-populated\">\n\t\t\t\t\t\t<div class=\"elementor-element elementor-element-9458b1a elementor-widget elementor-widget-elementskit-image-box\" data-id=\"9458b1a\" data-element_type=\"widget\" data-e-type=\"widget\" data-widget_type=\"elementskit-image-box.default\">\n\t\t\t\t<div class=\"elementor-widget-container\">\n\t\t\t\t\t<div class=\"ekit-wid-con\" >\n            <div class=\"elementskit-info-image-box ekit-image-box text-center floating-style\" >\n\n                \n                <div class=\"elementskit-box-header image-box-img-center\">\n\n                    <img loading=\"lazy\" decoding=\"async\" width=\"500\" height=\"500\" src=\"https:\/\/www.ecrindelachapelle.com\/wp-content\/uploads\/2024\/11\/WD-Ecrin-de-la-chapelle.png\" class=\"attachment-full size-full wp-image-1181\" alt=\"\" srcset=\"https:\/\/www.ecrindelachapelle.com\/wp-content\/uploads\/2024\/11\/WD-Ecrin-de-la-chapelle.png 500w, https:\/\/www.ecrindelachapelle.com\/wp-content\/uploads\/2024\/11\/WD-Ecrin-de-la-chapelle-300x300.png 300w, https:\/\/www.ecrindelachapelle.com\/wp-content\/uploads\/2024\/11\/WD-Ecrin-de-la-chapelle-150x150.png 150w\" sizes=\"(max-width: 500px) 100vw, 500px\" \/>\n                <\/div>\n                \n                <div class=\"elementskit-box-body ekit-image-box-body\">\n                    <div class=\"elementskit-box-content ekit-image-box-body-inner\">\n                                                <h5 class=\"elementskit-info-box-title\">\n\n                        Boulangerie Aux portes de l\u2019argonne\n                        \n                    <\/h5>\n                                                            <div class=\"elementskit-box-style-content\">\n                        Boulangerie situ\u00e9e \u00e0 Dommartin-Dampierre, o\u00f9 tradition et authenticit\u00e9 se m\u00ealent pour vous offrir pains, viennoiseries et p\u00e2tisseries faits maison.                     <\/div>\n                                    <\/div>\n\n                                <div class=\"elementskit-box-footer\">\n                    <div class=\"box-footer\">\n                        <div class=\"btn-wraper\">\n                                                            <a href=\"https:\/\/www.facebook.com\/profile.php?id=100057202939274&#038;sk=about\" target=\"_blank\" class=\"elementskit-btn whitespace--normal\">\n                                    En savoir plus                                <\/a>\n                                                    <\/div>\n                    <\/div>\n                <\/div>\n                            <\/div>\n            <\/div>\n    <\/div>\t\t\t\t<\/div>\n\t\t\t\t<\/div>\n\t\t\t\t\t<\/div>\n\t\t<\/div>\n\t\t\t\t<div class=\"elementor-column elementor-col-33 elementor-inner-column elementor-element elementor-element-e778b3e\" data-id=\"e778b3e\" data-element_type=\"column\" data-e-type=\"column\">\n\t\t\t<div class=\"elementor-widget-wrap elementor-element-populated\">\n\t\t\t\t\t\t<div class=\"elementor-element elementor-element-42f8e3a elementor-widget elementor-widget-elementskit-image-box\" data-id=\"42f8e3a\" data-element_type=\"widget\" data-e-type=\"widget\" data-widget_type=\"elementskit-image-box.default\">\n\t\t\t\t<div class=\"elementor-widget-container\">\n\t\t\t\t\t<div class=\"ekit-wid-con\" >\n            <div class=\"elementskit-info-image-box ekit-image-box text-center floating-style\" >\n\n                \n                <div class=\"elementskit-box-header image-box-img-center\">\n\n                    <img loading=\"lazy\" decoding=\"async\" width=\"500\" height=\"500\" src=\"https:\/\/www.ecrindelachapelle.com\/wp-content\/uploads\/2024\/11\/Lapierre.png\" class=\"attachment-full size-full wp-image-1186\" alt=\"\" srcset=\"https:\/\/www.ecrindelachapelle.com\/wp-content\/uploads\/2024\/11\/Lapierre.png 500w, https:\/\/www.ecrindelachapelle.com\/wp-content\/uploads\/2024\/11\/Lapierre-300x300.png 300w, https:\/\/www.ecrindelachapelle.com\/wp-content\/uploads\/2024\/11\/Lapierre-150x150.png 150w\" sizes=\"(max-width: 500px) 100vw, 500px\" \/>\n                <\/div>\n                \n                <div class=\"elementskit-box-body ekit-image-box-body\">\n                    <div class=\"elementskit-box-content ekit-image-box-body-inner\">\n                                                <h5 class=\"elementskit-info-box-title\">\n\n                        Boulangerie-P\u00e2tisserie Lapierre\n                        \n                    <\/h5>\n                                                            <div class=\"elementskit-box-style-content\">\n                        Boulangerie-P\u00e2tisserie de Sainte-M\u00e9nehould, fi\u00e8re laur\u00e9ate du prix du Meilleur Croissant au Beurre de la Marne ! \nD\u00e9couvrez leurs pains, viennoiseries, p\u00e2tisseries et chocolats artisanaux, pr\u00e9par\u00e9s avec passion et des ingr\u00e9dients de qualit\u00e9.                    <\/div>\n                                    <\/div>\n\n                                <div class=\"elementskit-box-footer\">\n                    <div class=\"box-footer\">\n                        <div class=\"btn-wraper\">\n                                                            <a href=\"https:\/\/www.facebook.com\/boulangerie.lapierre\/?locale=es_ES\" target=\"_blank\" class=\"elementskit-btn whitespace--normal\">\n                                    EN SAVOIR PLUS                                <\/a>\n                                                    <\/div>\n                    <\/div>\n                <\/div>\n                            <\/div>\n            <\/div>\n    <\/div>\t\t\t\t<\/div>\n\t\t\t\t<\/div>\n\t\t\t\t\t<\/div>\n\t\t<\/div>\n\t\t\t\t<div class=\"elementor-column elementor-col-33 elementor-inner-column elementor-element elementor-element-518d38f\" data-id=\"518d38f\" data-element_type=\"column\" data-e-type=\"column\">\n\t\t\t<div class=\"elementor-widget-wrap elementor-element-populated\">\n\t\t\t\t\t\t<div class=\"elementor-element elementor-element-e3facbf elementor-widget elementor-widget-elementskit-image-box\" data-id=\"e3facbf\" data-element_type=\"widget\" data-e-type=\"widget\" data-widget_type=\"elementskit-image-box.default\">\n\t\t\t\t<div class=\"elementor-widget-container\">\n\t\t\t\t\t<div class=\"ekit-wid-con\" >\n            <div class=\"elementskit-info-image-box ekit-image-box text-center floating-style\" >\n\n                \n                <div class=\"elementskit-box-header image-box-img-center\">\n\n                    <img loading=\"lazy\" decoding=\"async\" width=\"500\" height=\"500\" src=\"https:\/\/www.ecrindelachapelle.com\/wp-content\/uploads\/2024\/11\/au-peche-mignon.png\" class=\"attachment-full size-full wp-image-1201\" alt=\"\" srcset=\"https:\/\/www.ecrindelachapelle.com\/wp-content\/uploads\/2024\/11\/au-peche-mignon.png 500w, https:\/\/www.ecrindelachapelle.com\/wp-content\/uploads\/2024\/11\/au-peche-mignon-300x300.png 300w, https:\/\/www.ecrindelachapelle.com\/wp-content\/uploads\/2024\/11\/au-peche-mignon-150x150.png 150w\" sizes=\"(max-width: 500px) 100vw, 500px\" \/>\n                <\/div>\n                \n                <div class=\"elementskit-box-body ekit-image-box-body\">\n                    <div class=\"elementskit-box-content ekit-image-box-body-inner\">\n                                                <h5 class=\"elementskit-info-box-title\">\n\n                        Boulangerie Au p\u00e9ch\u00e9 Mignon\n                        \n                    <\/h5>\n                                                            <div class=\"elementskit-box-style-content\">\n                        Boulangerie situ\u00e9e \u00e0 Sainte-M\u00e9nehould, o\u00f9 tradition et authenticit\u00e9 se m\u00ealent pour vous offrir pains, viennoiseries et p\u00e2tisseries faits maison. \nVous pourrez y d\u00e9guster une d\u00e9licieuse p\u00e2te \u00e0 tartiner maison !                    <\/div>\n                                    <\/div>\n\n                                <div class=\"elementskit-box-footer\">\n                    <div class=\"box-footer\">\n                        <div class=\"btn-wraper\">\n                                                            <a href=\"https:\/\/www.facebook.com\/profile.php?id=100064242423970\" target=\"_blank\" class=\"elementskit-btn whitespace--normal\">\n                                    En savoir plus                                <\/a>\n                                                    <\/div>\n                    <\/div>\n                <\/div>\n                            <\/div>\n            <\/div>\n    <\/div>\t\t\t\t<\/div>\n\t\t\t\t<\/div>\n\t\t\t\t\t<\/div>\n\t\t<\/div>\n\t\t\t\t\t<\/div>\n\t\t<\/section>\n\t\t\t\t<section class=\"elementor-section elementor-inner-section elementor-element elementor-element-6378fd9 elementor-section-boxed elementor-section-height-default elementor-section-height-default\" data-id=\"6378fd9\" data-element_type=\"section\" data-e-type=\"section\" data-settings=\"{&quot;background_background&quot;:&quot;classic&quot;}\">\n\t\t\t\t\t\t\t<div class=\"elementor-background-overlay\"><\/div>\n\t\t\t\t\t\t\t<div class=\"elementor-container elementor-column-gap-default\">\n\t\t\t\t\t<div class=\"elementor-column elementor-col-33 elementor-inner-column elementor-element elementor-element-42c7bf7\" data-id=\"42c7bf7\" data-element_type=\"column\" data-e-type=\"column\">\n\t\t\t<div class=\"elementor-widget-wrap elementor-element-populated\">\n\t\t\t\t\t\t<div class=\"elementor-element elementor-element-3ce4817 elementor-widget elementor-widget-elementskit-image-box\" data-id=\"3ce4817\" data-element_type=\"widget\" data-e-type=\"widget\" data-widget_type=\"elementskit-image-box.default\">\n\t\t\t\t<div class=\"elementor-widget-container\">\n\t\t\t\t\t<div class=\"ekit-wid-con\" >\n            <div class=\"elementskit-info-image-box ekit-image-box text-center floating-style\" >\n\n                \n                <div class=\"elementskit-box-header image-box-img-center\">\n\n                    <img loading=\"lazy\" decoding=\"async\" width=\"500\" height=\"500\" src=\"https:\/\/www.ecrindelachapelle.com\/wp-content\/uploads\/2024\/12\/Ferme-du-tumulus.png\" class=\"attachment-full size-full wp-image-1333\" alt=\"\" srcset=\"https:\/\/www.ecrindelachapelle.com\/wp-content\/uploads\/2024\/12\/Ferme-du-tumulus.png 500w, https:\/\/www.ecrindelachapelle.com\/wp-content\/uploads\/2024\/12\/Ferme-du-tumulus-300x300.png 300w, https:\/\/www.ecrindelachapelle.com\/wp-content\/uploads\/2024\/12\/Ferme-du-tumulus-150x150.png 150w\" sizes=\"(max-width: 500px) 100vw, 500px\" \/>\n                <\/div>\n                \n                <div class=\"elementskit-box-body ekit-image-box-body\">\n                    <div class=\"elementskit-box-content ekit-image-box-body-inner\">\n                                                <h5 class=\"elementskit-info-box-title\">\n\n                        Ferme du Tumulus\n                        \n                    <\/h5>\n                                                            <div class=\"elementskit-box-style-content\">\n                        Le Ferme du Tumulus est une exploitation agricole familiale situ\u00e9e dans le petit village de Poix (51460). C\u00e9cile et Fabien, Didier et Anne y \u00e9l\u00e8vent des porcs charcutiers et proposent une gamme de viandes, terrines et charcuteries en vente directe.                    <\/div>\n                                    <\/div>\n\n                                <div class=\"elementskit-box-footer\">\n                    <div class=\"box-footer\">\n                        <div class=\"btn-wraper\">\n                                                            <a href=\"https:\/\/www.facebook.com\/fermedutumulus\/\" target=\"_blank\" class=\"elementskit-btn whitespace--normal\">\n                                    En savoir plus                                <\/a>\n                                                    <\/div>\n                    <\/div>\n                <\/div>\n                            <\/div>\n            <\/div>\n    <\/div>\t\t\t\t<\/div>\n\t\t\t\t<\/div>\n\t\t\t\t\t<\/div>\n\t\t<\/div>\n\t\t\t\t<div class=\"elementor-column elementor-col-33 elementor-inner-column elementor-element elementor-element-31d14a2\" data-id=\"31d14a2\" data-element_type=\"column\" data-e-type=\"column\">\n\t\t\t<div class=\"elementor-widget-wrap elementor-element-populated\">\n\t\t\t\t\t\t<div class=\"elementor-element elementor-element-8b4eda1 elementor-widget elementor-widget-elementskit-image-box\" data-id=\"8b4eda1\" data-element_type=\"widget\" data-e-type=\"widget\" data-widget_type=\"elementskit-image-box.default\">\n\t\t\t\t<div class=\"elementor-widget-container\">\n\t\t\t\t\t<div class=\"ekit-wid-con\" >\n            <div class=\"elementskit-info-image-box ekit-image-box text-center floating-style\" >\n\n                \n                <div class=\"elementskit-box-header image-box-img-center\">\n\n                    <img loading=\"lazy\" decoding=\"async\" width=\"500\" height=\"500\" src=\"https:\/\/www.ecrindelachapelle.com\/wp-content\/uploads\/2024\/12\/Ferme-de-Thillois.png\" class=\"attachment-full size-full wp-image-1337\" alt=\"\" srcset=\"https:\/\/www.ecrindelachapelle.com\/wp-content\/uploads\/2024\/12\/Ferme-de-Thillois.png 500w, https:\/\/www.ecrindelachapelle.com\/wp-content\/uploads\/2024\/12\/Ferme-de-Thillois-300x300.png 300w, https:\/\/www.ecrindelachapelle.com\/wp-content\/uploads\/2024\/12\/Ferme-de-Thillois-150x150.png 150w\" sizes=\"(max-width: 500px) 100vw, 500px\" \/>\n                <\/div>\n                \n                <div class=\"elementskit-box-body ekit-image-box-body\">\n                    <div class=\"elementskit-box-content ekit-image-box-body-inner\">\n                                                <h5 class=\"elementskit-info-box-title\">\n\n                        Ferme de Thillois\n                        \n                    <\/h5>\n                                                            <div class=\"elementskit-box-style-content\">\n                        Elevage de canards m\u00e2les mulards, en plein-air, avec aliment pr\u00e9par\u00e9 sur l'exploitation avec les c\u00e9r\u00e9ales de la ferme.\nTransformation sur place.\nVente directe, \u00e0 la boutique, sur march\u00e9s et par l'interm\u00e9diaire d'autres producteurs ou boutiques de produits de qualit\u00e9.                    <\/div>\n                                    <\/div>\n\n                                <div class=\"elementskit-box-footer\">\n                    <div class=\"box-footer\">\n                        <div class=\"btn-wraper\">\n                                                            <a href=\"https:\/\/www.lafermedetilloy.com\" target=\"_blank\" class=\"elementskit-btn whitespace--normal\">\n                                    EN SAVOIR PLUS                                <\/a>\n                                                    <\/div>\n                    <\/div>\n                <\/div>\n                            <\/div>\n            <\/div>\n    <\/div>\t\t\t\t<\/div>\n\t\t\t\t<\/div>\n\t\t\t\t\t<\/div>\n\t\t<\/div>\n\t\t\t\t<div class=\"elementor-column elementor-col-33 elementor-inner-column elementor-element elementor-element-f8a65a8\" data-id=\"f8a65a8\" data-element_type=\"column\" data-e-type=\"column\">\n\t\t\t<div class=\"elementor-widget-wrap elementor-element-populated\">\n\t\t\t\t\t\t<div class=\"elementor-element elementor-element-44f2322 elementor-widget elementor-widget-elementskit-image-box\" data-id=\"44f2322\" data-element_type=\"widget\" data-e-type=\"widget\" data-widget_type=\"elementskit-image-box.default\">\n\t\t\t\t<div class=\"elementor-widget-container\">\n\t\t\t\t\t<div class=\"ekit-wid-con\" >\n            <div class=\"elementskit-info-image-box ekit-image-box text-center floating-style\" >\n\n                \n                <div class=\"elementskit-box-header image-box-img-center\">\n\n                    <img loading=\"lazy\" decoding=\"async\" width=\"500\" height=\"500\" src=\"https:\/\/www.ecrindelachapelle.com\/wp-content\/uploads\/2024\/12\/Champescargots.png\" class=\"attachment-full size-full wp-image-1344\" alt=\"\" srcset=\"https:\/\/www.ecrindelachapelle.com\/wp-content\/uploads\/2024\/12\/Champescargots.png 500w, https:\/\/www.ecrindelachapelle.com\/wp-content\/uploads\/2024\/12\/Champescargots-300x300.png 300w, https:\/\/www.ecrindelachapelle.com\/wp-content\/uploads\/2024\/12\/Champescargots-150x150.png 150w\" sizes=\"(max-width: 500px) 100vw, 500px\" \/>\n                <\/div>\n                \n                <div class=\"elementskit-box-body ekit-image-box-body\">\n                    <div class=\"elementskit-box-content ekit-image-box-body-inner\">\n                                                <h5 class=\"elementskit-info-box-title\">\n\n                        Champ'escargots\n                        \n                    <\/h5>\n                                                            <div class=\"elementskit-box-style-content\">\n                        Elevage d'escargots \"Gros-Gris\" dans un parc en pleine nature.\nVentes sur les diff\u00e9rents march\u00e9s et sur rendez-vous \u00e0 la propri\u00e9t\u00e9.                    <\/div>\n                                    <\/div>\n\n                                <div class=\"elementskit-box-footer\">\n                    <div class=\"box-footer\">\n                        <div class=\"btn-wraper\">\n                                                            <a href=\"http:\/\/champescargots.fr\/accueil.html\" target=\"_blank\" class=\"elementskit-btn whitespace--normal\">\n                                    En savoir plus                                <\/a>\n                                                    <\/div>\n                    <\/div>\n                <\/div>\n                            <\/div>\n            <\/div>\n    <\/div>\t\t\t\t<\/div>\n\t\t\t\t<\/div>\n\t\t\t\t\t<\/div>\n\t\t<\/div>\n\t\t\t\t\t<\/div>\n\t\t<\/section>\n\t\t\t\t<section class=\"elementor-section elementor-inner-section elementor-element elementor-element-6c47e67 elementor-section-boxed elementor-section-height-default elementor-section-height-default\" data-id=\"6c47e67\" data-element_type=\"section\" data-e-type=\"section\" data-settings=\"{&quot;background_background&quot;:&quot;classic&quot;}\">\n\t\t\t\t\t\t\t<div class=\"elementor-background-overlay\"><\/div>\n\t\t\t\t\t\t\t<div class=\"elementor-container elementor-column-gap-default\">\n\t\t\t\t\t<div class=\"elementor-column elementor-col-33 elementor-inner-column elementor-element elementor-element-f9af633\" data-id=\"f9af633\" data-element_type=\"column\" data-e-type=\"column\">\n\t\t\t<div class=\"elementor-widget-wrap\">\n\t\t\t\t\t\t\t<\/div>\n\t\t<\/div>\n\t\t\t\t<div class=\"elementor-column elementor-col-33 elementor-inner-column elementor-element elementor-element-e32fcdd\" data-id=\"e32fcdd\" data-element_type=\"column\" data-e-type=\"column\">\n\t\t\t<div class=\"elementor-widget-wrap elementor-element-populated\">\n\t\t\t\t\t\t<div class=\"elementor-element elementor-element-b31abb3 elementor-widget elementor-widget-elementskit-image-box\" data-id=\"b31abb3\" data-element_type=\"widget\" data-e-type=\"widget\" data-widget_type=\"elementskit-image-box.default\">\n\t\t\t\t<div class=\"elementor-widget-container\">\n\t\t\t\t\t<div class=\"ekit-wid-con\" >\n            <div class=\"elementskit-info-image-box ekit-image-box text-center floating-style\" >\n\n                \n                <div class=\"elementskit-box-header image-box-img-center\">\n\n                    <img loading=\"lazy\" decoding=\"async\" width=\"500\" height=\"500\" src=\"https:\/\/www.ecrindelachapelle.com\/wp-content\/uploads\/2024\/12\/Piazza-Ristorante.png\" class=\"attachment-full size-full wp-image-1356\" alt=\"\" srcset=\"https:\/\/www.ecrindelachapelle.com\/wp-content\/uploads\/2024\/12\/Piazza-Ristorante.png 500w, https:\/\/www.ecrindelachapelle.com\/wp-content\/uploads\/2024\/12\/Piazza-Ristorante-300x300.png 300w, https:\/\/www.ecrindelachapelle.com\/wp-content\/uploads\/2024\/12\/Piazza-Ristorante-150x150.png 150w\" sizes=\"(max-width: 500px) 100vw, 500px\" \/>\n                <\/div>\n                \n                <div class=\"elementskit-box-body ekit-image-box-body\">\n                    <div class=\"elementskit-box-content ekit-image-box-body-inner\">\n                                                <h5 class=\"elementskit-info-box-title\">\n\n                        La Piazza Ristorante\n                        \n                    <\/h5>\n                                                            <div class=\"elementskit-box-style-content\">\n                        Situ\u00e9 en plein centre ville, La Piazza vous fera d\u00e9couvrir les classiques de la cuisine italienne en respectant la tradition telle qu'elle nous \u00e0 \u00e9t\u00e9 transmise.\nNous proposons \u00e9galement quelques classiques de la brasserie Fran\u00e7aise.                    <\/div>\n                                    <\/div>\n\n                                <div class=\"elementskit-box-footer\">\n                    <div class=\"box-footer\">\n                        <div class=\"btn-wraper\">\n                                                            <a href=\"https:\/\/lapiazza-ristorante.fr\" target=\"_blank\" class=\"elementskit-btn whitespace--normal\">\n                                    EN SAVOIR PLUS                                <\/a>\n                                                    <\/div>\n                    <\/div>\n                <\/div>\n                            <\/div>\n            <\/div>\n    <\/div>\t\t\t\t<\/div>\n\t\t\t\t<\/div>\n\t\t\t\t\t<\/div>\n\t\t<\/div>\n\t\t\t\t<div class=\"elementor-column elementor-col-33 elementor-inner-column elementor-element elementor-element-a7f2a44\" data-id=\"a7f2a44\" data-element_type=\"column\" data-e-type=\"column\">\n\t\t\t<div class=\"elementor-widget-wrap\">\n\t\t\t\t\t\t\t<\/div>\n\t\t<\/div>\n\t\t\t\t\t<\/div>\n\t\t<\/section>\n\t\t\t\t\t<\/div>\n\t\t<\/div>\n\t\t\t\t\t<\/div>\n\t\t<\/section>\n\t\t<div class=\"elementor-element elementor-element-b030a6a e-flex e-con-boxed e-con e-parent\" data-id=\"b030a6a\" data-element_type=\"container\" data-e-type=\"container\">\n\t\t\t\t\t<div class=\"e-con-inner\">\n\t\t\t\t<div class=\"elementor-element elementor-element-4253855 elementor-widget elementor-widget-spacer\" data-id=\"4253855\" data-element_type=\"widget\" data-e-type=\"widget\" data-widget_type=\"spacer.default\">\n\t\t\t\t<div class=\"elementor-widget-container\">\n\t\t\t\t\t\t\t<div class=\"elementor-spacer\">\n\t\t\t<div class=\"elementor-spacer-inner\"><\/div>\n\t\t<\/div>\n\t\t\t\t\t\t<\/div>\n\t\t\t\t<\/div>\n\t\t\t\t\t<\/div>\n\t\t\t\t<\/div>\n\t\t\t\t<section class=\"elementor-section elementor-top-section elementor-element elementor-element-7d461b0e elementor-section-boxed elementor-section-height-default elementor-section-height-default\" data-id=\"7d461b0e\" data-element_type=\"section\" data-e-type=\"section\" id=\"xs_client_9\" data-settings=\"{&quot;background_background&quot;:&quot;classic&quot;}\">\n\t\t\t\t\t\t<div class=\"elementor-container elementor-column-gap-default\">\n\t\t\t\t\t<div class=\"elementor-column elementor-col-100 elementor-top-column elementor-element elementor-element-60493c71\" data-id=\"60493c71\" data-element_type=\"column\" data-e-type=\"column\">\n\t\t\t<div class=\"elementor-widget-wrap elementor-element-populated\">\n\t\t\t\t\t\t<section class=\"elementor-section elementor-inner-section elementor-element elementor-element-7b7c0df1 elementor-section-boxed elementor-section-height-default elementor-section-height-default\" data-id=\"7b7c0df1\" data-element_type=\"section\" data-e-type=\"section\" data-settings=\"{&quot;background_background&quot;:&quot;classic&quot;}\">\n\t\t\t\t\t\t<div class=\"elementor-container elementor-column-gap-default\">\n\t\t\t\t\t<div class=\"elementor-column elementor-col-100 elementor-inner-column elementor-element elementor-element-1afe105b\" data-id=\"1afe105b\" data-element_type=\"column\" data-e-type=\"column\">\n\t\t\t<div class=\"elementor-widget-wrap elementor-element-populated\">\n\t\t\t\t\t\t<div class=\"elementor-element elementor-element-5f5740e1 elementor-widget elementor-widget-elementskit-heading\" data-id=\"5f5740e1\" data-element_type=\"widget\" data-e-type=\"widget\" data-widget_type=\"elementskit-heading.default\">\n\t\t\t\t<div class=\"elementor-widget-container\">\n\t\t\t\t\t<div class=\"ekit-wid-con\" ><div class=\"ekit-heading elementskit-section-title-wraper center   ekit_heading_tablet-   ekit_heading_mobile-\">\t\t\t\t<div class='ekit-heading__description'>\n\t\t\t\t\t<p>Nos r\u00e9f\u00e9rents du tourisme<\/p>\n\t\t\t\t<\/div>\n\t\t\t<\/div><\/div>\t\t\t\t<\/div>\n\t\t\t\t<\/div>\n\t\t\t\t\t<\/div>\n\t\t<\/div>\n\t\t\t\t\t<\/div>\n\t\t<\/section>\n\t\t\t\t<div class=\"elementor-element elementor-element-18ff17ac elementor-widget elementor-widget-elementskit-client-logo\" data-id=\"18ff17ac\" data-element_type=\"widget\" data-e-type=\"widget\" data-widget_type=\"elementskit-client-logo.default\">\n\t\t\t\t<div class=\"elementor-widget-container\">\n\t\t\t\t\t<div class=\"ekit-wid-con\" >\t\t<div class=\"elementskit-clients-slider slider-dotted dot_dashed simple_logo_image\" data-config=\"{&quot;rtl&quot;:false,&quot;arrows&quot;:false,&quot;dots&quot;:true,&quot;autoplay&quot;:false,&quot;speed&quot;:1000,&quot;slidesPerView&quot;:5,&quot;slidesPerGroup&quot;:1,&quot;pauseOnHover&quot;:false,&quot;loop&quot;:false,&quot;breakpoints&quot;:{&quot;320&quot;:{&quot;slidesPerView&quot;:1,&quot;slidesPerGroup&quot;:1,&quot;spaceBetween&quot;:10},&quot;768&quot;:{&quot;slidesPerView&quot;:2,&quot;slidesPerGroup&quot;:1,&quot;spaceBetween&quot;:10},&quot;1024&quot;:{&quot;slidesPerView&quot;:5,&quot;slidesPerGroup&quot;:1,&quot;spaceBetween&quot;:15}}}\" data-direction=\"\">\n\t\t\t<div class=\"ekit-main-swiper swiper\">\n\t\t\t\t<div class=\"swiper-wrapper\">\n\t\t\t\t\t\t\t\t\t\t\t<div class=\"elementskit-client-slider-item swiper-slide \">\n\t\t\t\t\t\t\t<div class=\"swiper-slide-inner\">\n\t\t\t\t\t\t\t\t<div class=\"single-client image-switcher\" title=\"\">\n\t\t\t\t\t\t\t\t\t\t\t\t\t\t\t\t\t\t\t<a href=\"http:\/\/www.argonne.fr\">\n\t\t\t\t\t\t\t\t\t\t\t<span class=\"content-image\">\n\t\t\t\t\t\t\t\t\t\t\t\t<img loading=\"lazy\" decoding=\"async\" width=\"369\" height=\"217\" src=\"https:\/\/www.ecrindelachapelle.com\/wp-content\/uploads\/2024\/12\/Screenshot-2022-11-01-at-00-42-55-OFFICE-DE-TOURISME.png\" class=\"\" alt=\"\" srcset=\"https:\/\/www.ecrindelachapelle.com\/wp-content\/uploads\/2024\/12\/Screenshot-2022-11-01-at-00-42-55-OFFICE-DE-TOURISME.png 369w, https:\/\/www.ecrindelachapelle.com\/wp-content\/uploads\/2024\/12\/Screenshot-2022-11-01-at-00-42-55-OFFICE-DE-TOURISME-300x176.png 300w\" sizes=\"(max-width: 369px) 100vw, 369px\" \/>\t\t\t\t\t\t\t\t\t\t\t<\/span>\n\t\t\t\t\t\t\t\t\t\t<\/a>\n\t\t\t\t\t\t\t\t\t\t\t\t\t\t\t\t\t<\/div>\n\t\t\t\t\t\t\t<\/div>\n\t\t\t\t\t\t<\/div>\n\t\t\t\t\t\t\t\t\t\t\t<div class=\"elementskit-client-slider-item swiper-slide \">\n\t\t\t\t\t\t\t<div class=\"swiper-slide-inner\">\n\t\t\t\t\t\t\t\t<div class=\"single-client image-switcher\" title=\"\">\n\t\t\t\t\t\t\t\t\t\t\t\t\t\t\t\t\t\t\t<a href=\"https:\/\/www.tourisme-verdun.com\">\n\t\t\t\t\t\t\t\t\t\t\t<span class=\"content-image\">\n\t\t\t\t\t\t\t\t\t\t\t\t<img loading=\"lazy\" decoding=\"async\" width=\"250\" height=\"250\" src=\"https:\/\/www.ecrindelachapelle.com\/wp-content\/uploads\/2024\/12\/logo-ot_hp-01_250.png\" class=\"\" alt=\"\" srcset=\"https:\/\/www.ecrindelachapelle.com\/wp-content\/uploads\/2024\/12\/logo-ot_hp-01_250.png 250w, https:\/\/www.ecrindelachapelle.com\/wp-content\/uploads\/2024\/12\/logo-ot_hp-01_250-150x150.png 150w\" sizes=\"(max-width: 250px) 100vw, 250px\" \/>\t\t\t\t\t\t\t\t\t\t\t<\/span>\n\t\t\t\t\t\t\t\t\t\t<\/a>\n\t\t\t\t\t\t\t\t\t\t\t\t\t\t\t\t\t<\/div>\n\t\t\t\t\t\t\t<\/div>\n\t\t\t\t\t\t<\/div>\n\t\t\t\t\t\t\t\t\t\t\t<div class=\"elementskit-client-slider-item swiper-slide \">\n\t\t\t\t\t\t\t<div class=\"swiper-slide-inner\">\n\t\t\t\t\t\t\t\t<div class=\"single-client image-switcher\" title=\"\">\n\t\t\t\t\t\t\t\t\t\t\t\t\t\t\t\t\t\t\t<a href=\"https:\/\/www.chalons-tourisme.com\">\n\t\t\t\t\t\t\t\t\t\t\t<span class=\"content-image\">\n\t\t\t\t\t\t\t\t\t\t\t\t<img loading=\"lazy\" decoding=\"async\" width=\"341\" height=\"148\" src=\"https:\/\/www.ecrindelachapelle.com\/wp-content\/uploads\/2024\/12\/202303051932451.jpg-1.png\" class=\"\" alt=\"\" srcset=\"https:\/\/www.ecrindelachapelle.com\/wp-content\/uploads\/2024\/12\/202303051932451.jpg-1.png 341w, https:\/\/www.ecrindelachapelle.com\/wp-content\/uploads\/2024\/12\/202303051932451.jpg-1-300x130.png 300w\" sizes=\"(max-width: 341px) 100vw, 341px\" \/>\t\t\t\t\t\t\t\t\t\t\t<\/span>\n\t\t\t\t\t\t\t\t\t\t<\/a>\n\t\t\t\t\t\t\t\t\t\t\t\t\t\t\t\t\t<\/div>\n\t\t\t\t\t\t\t<\/div>\n\t\t\t\t\t\t<\/div>\n\t\t\t\t\t\t\t\t\t\t\t<div class=\"elementskit-client-slider-item swiper-slide \">\n\t\t\t\t\t\t\t<div class=\"swiper-slide-inner\">\n\t\t\t\t\t\t\t\t<div class=\"single-client image-switcher\" title=\"\">\n\t\t\t\t\t\t\t\t\t\t\t\t\t\t\t\t\t\t\t<a href=\"https:\/\/www.lacduder.com\">\n\t\t\t\t\t\t\t\t\t\t\t<span class=\"content-image\">\n\t\t\t\t\t\t\t\t\t\t\t\t<img loading=\"lazy\" decoding=\"async\" width=\"200\" height=\"200\" src=\"https:\/\/www.ecrindelachapelle.com\/wp-content\/uploads\/2024\/12\/maison-marie-lac-der.jpg\" class=\"\" alt=\"\" srcset=\"https:\/\/www.ecrindelachapelle.com\/wp-content\/uploads\/2024\/12\/maison-marie-lac-der.jpg 200w, https:\/\/www.ecrindelachapelle.com\/wp-content\/uploads\/2024\/12\/maison-marie-lac-der-150x150.jpg 150w\" sizes=\"(max-width: 200px) 100vw, 200px\" \/>\t\t\t\t\t\t\t\t\t\t\t<\/span>\n\t\t\t\t\t\t\t\t\t\t<\/a>\n\t\t\t\t\t\t\t\t\t\t\t\t\t\t\t\t\t<\/div>\n\t\t\t\t\t\t\t<\/div>\n\t\t\t\t\t\t<\/div>\n\t\t\t\t\t\t\t\t\t\t\t<div class=\"elementskit-client-slider-item swiper-slide \">\n\t\t\t\t\t\t\t<div class=\"swiper-slide-inner\">\n\t\t\t\t\t\t\t\t<div class=\"single-client image-switcher\" title=\"\">\n\t\t\t\t\t\t\t\t\t\t\t\t\t\t\t\t\t\t\t<a href=\"https:\/\/www.epernay-tourisme.com\">\n\t\t\t\t\t\t\t\t\t\t\t<span class=\"content-image\">\n\t\t\t\t\t\t\t\t\t\t\t\t<img loading=\"lazy\" decoding=\"async\" width=\"3529\" height=\"950\" src=\"https:\/\/www.ecrindelachapelle.com\/wp-content\/uploads\/2024\/12\/logo-oteec-corporate1.png\" class=\"\" alt=\"\" srcset=\"https:\/\/www.ecrindelachapelle.com\/wp-content\/uploads\/2024\/12\/logo-oteec-corporate1.png 3529w, https:\/\/www.ecrindelachapelle.com\/wp-content\/uploads\/2024\/12\/logo-oteec-corporate1-300x81.png 300w, https:\/\/www.ecrindelachapelle.com\/wp-content\/uploads\/2024\/12\/logo-oteec-corporate1-1024x276.png 1024w, https:\/\/www.ecrindelachapelle.com\/wp-content\/uploads\/2024\/12\/logo-oteec-corporate1-768x207.png 768w, https:\/\/www.ecrindelachapelle.com\/wp-content\/uploads\/2024\/12\/logo-oteec-corporate1-1536x413.png 1536w, https:\/\/www.ecrindelachapelle.com\/wp-content\/uploads\/2024\/12\/logo-oteec-corporate1-2048x551.png 2048w, https:\/\/www.ecrindelachapelle.com\/wp-content\/uploads\/2024\/12\/logo-oteec-corporate1-1920x517.png 1920w\" sizes=\"(max-width: 3529px) 100vw, 3529px\" \/>\t\t\t\t\t\t\t\t\t\t\t<\/span>\n\t\t\t\t\t\t\t\t\t\t<\/a>\n\t\t\t\t\t\t\t\t\t\t\t\t\t\t\t\t\t<\/div>\n\t\t\t\t\t\t\t<\/div>\n\t\t\t\t\t\t<\/div>\n\t\t\t\t\t\t\t\t\t<\/div>\n\n\t\t\t\t\t\t\t\t\t<div class=\"swiper-pagination\"><\/div>\n\t\t\t\t\n\t\t\t\t\t\t\t<\/div><!-- .elementskit-clients-slider END -->\n\t\t<\/div>\n\t\t<\/div>\t\t\t\t<\/div>\n\t\t\t\t<\/div>\n\t\t\t\t\t<\/div>\n\t\t<\/div>\n\t\t\t\t\t<\/div>\n\t\t<\/section>\n\t\t\t\t<\/div>\n\t\t","protected":false},"excerpt":{"rendered":"<p>D\u00c9COUVERTE Les Activit\u00e9s aux alentours ! VALMY 1792 Semi-enterr\u00e9 et construit \u00e0 m\u00eame le flanc de la colline, le Centre Historique Valmy 1792 vous invite \u00e0 (re)d\u00e9couvrir autrement cette grande bataille de la R\u00e9volution fran\u00e7aise. Plongez dans l&rsquo;histoire lors de votre visite au Centre historique Valmy 1792. En savoir plus PARC ARGONNE D\u00c9COUVERTE Nich\u00e9 dans&hellip; <br \/> <a class=\"read-more\" href=\"https:\/\/www.ecrindelachapelle.com\/index.php\/les-alentours\/\">Lire la suite<\/a><\/p>\n","protected":false},"author":1,"featured_media":0,"parent":0,"menu_order":0,"comment_status":"closed","ping_status":"closed","template":"elementor_header_footer","meta":{"footnotes":""},"class_list":["post-1065","page","type-page","status-publish","hentry"],"yoast_head":"<!-- This site is optimized with the Yoast SEO plugin v26.9 - https:\/\/yoast.com\/product\/yoast-seo-wordpress\/ -->\n<title>Les Alentours - L&#039;Ecrin de la Chapelle<\/title>\n<meta name=\"description\" content=\"D\u00e9couvrez une r\u00e9gion riche en activit\u00e9s autour de l\u2019\u00c9crin de la Chapelle. Y s\u00e9journer, c\u2019est bien plus que profiter d\u2019un cadre exceptionnel : c\u2019est aussi l\u2019occasion d\u2019explorer les richesses de la campagne et de ses nombreuses activit\u00e9s. Que vous soyez amateur de nature, passionn\u00e9 de patrimoine ou en qu\u00eate d\u2019exp\u00e9riences, les environs offrent une multitude de d\u00e9couvertes pour petits et grands.\" \/>\n<meta name=\"robots\" content=\"index, follow, max-snippet:-1, max-image-preview:large, max-video-preview:-1\" \/>\n<link rel=\"canonical\" href=\"https:\/\/www.ecrindelachapelle.com\/index.php\/les-alentours\/\" \/>\n<meta property=\"og:locale\" content=\"fr_FR\" \/>\n<meta property=\"og:type\" content=\"article\" \/>\n<meta property=\"og:title\" content=\"Les Alentours - L&#039;Ecrin de la Chapelle\" \/>\n<meta property=\"og:description\" content=\"D\u00e9couvrez une r\u00e9gion riche en activit\u00e9s autour de l\u2019\u00c9crin de la Chapelle. Y s\u00e9journer, c\u2019est bien plus que profiter d\u2019un cadre exceptionnel : c\u2019est aussi l\u2019occasion d\u2019explorer les richesses de la campagne et de ses nombreuses activit\u00e9s. Que vous soyez amateur de nature, passionn\u00e9 de patrimoine ou en qu\u00eate d\u2019exp\u00e9riences, les environs offrent une multitude de d\u00e9couvertes pour petits et grands.\" \/>\n<meta property=\"og:url\" content=\"https:\/\/www.ecrindelachapelle.com\/index.php\/les-alentours\/\" \/>\n<meta property=\"og:site_name\" content=\"L&#039;Ecrin de la Chapelle\" \/>\n<meta property=\"article:modified_time\" content=\"2025-11-03T17:27:03+00:00\" \/>\n<meta property=\"og:image\" content=\"https:\/\/www.ecrindelachapelle.com\/wp-content\/uploads\/2024\/11\/1.png\" \/>\n\t<meta property=\"og:image:width\" content=\"500\" \/>\n\t<meta property=\"og:image:height\" content=\"500\" \/>\n\t<meta property=\"og:image:type\" content=\"image\/png\" \/>\n<meta name=\"twitter:card\" content=\"summary_large_image\" \/>\n<meta name=\"twitter:label1\" content=\"Dur\u00e9e de lecture estim\u00e9e\" \/>\n\t<meta name=\"twitter:data1\" content=\"11 minutes\" \/>\n<script type=\"application\/ld+json\" class=\"yoast-schema-graph\">{\"@context\":\"https:\/\/schema.org\",\"@graph\":[{\"@type\":\"WebPage\",\"@id\":\"https:\/\/www.ecrindelachapelle.com\/index.php\/les-alentours\/\",\"url\":\"https:\/\/www.ecrindelachapelle.com\/index.php\/les-alentours\/\",\"name\":\"Les Alentours - L&#039;Ecrin de la Chapelle\",\"isPartOf\":{\"@id\":\"https:\/\/www.ecrindelachapelle.com\/#website\"},\"primaryImageOfPage\":{\"@id\":\"https:\/\/www.ecrindelachapelle.com\/index.php\/les-alentours\/#primaryimage\"},\"image\":{\"@id\":\"https:\/\/www.ecrindelachapelle.com\/index.php\/les-alentours\/#primaryimage\"},\"thumbnailUrl\":\"https:\/\/www.ecrindelachapelle.com\/wp-content\/uploads\/2024\/11\/1.png\",\"datePublished\":\"2024-11-13T09:59:42+00:00\",\"dateModified\":\"2025-11-03T17:27:03+00:00\",\"description\":\"D\u00e9couvrez une r\u00e9gion riche en activit\u00e9s autour de l\u2019\u00c9crin de la Chapelle. Y s\u00e9journer, c\u2019est bien plus que profiter d\u2019un cadre exceptionnel : c\u2019est aussi l\u2019occasion d\u2019explorer les richesses de la campagne et de ses nombreuses activit\u00e9s. Que vous soyez amateur de nature, passionn\u00e9 de patrimoine ou en qu\u00eate d\u2019exp\u00e9riences, les environs offrent une multitude de d\u00e9couvertes pour petits et grands.\",\"breadcrumb\":{\"@id\":\"https:\/\/www.ecrindelachapelle.com\/index.php\/les-alentours\/#breadcrumb\"},\"inLanguage\":\"fr-FR\",\"potentialAction\":[{\"@type\":\"ReadAction\",\"target\":[\"https:\/\/www.ecrindelachapelle.com\/index.php\/les-alentours\/\"]}]},{\"@type\":\"ImageObject\",\"inLanguage\":\"fr-FR\",\"@id\":\"https:\/\/www.ecrindelachapelle.com\/index.php\/les-alentours\/#primaryimage\",\"url\":\"https:\/\/www.ecrindelachapelle.com\/wp-content\/uploads\/2024\/11\/1.png\",\"contentUrl\":\"https:\/\/www.ecrindelachapelle.com\/wp-content\/uploads\/2024\/11\/1.png\",\"width\":500,\"height\":500},{\"@type\":\"BreadcrumbList\",\"@id\":\"https:\/\/www.ecrindelachapelle.com\/index.php\/les-alentours\/#breadcrumb\",\"itemListElement\":[{\"@type\":\"ListItem\",\"position\":1,\"name\":\"Accueil\",\"item\":\"https:\/\/www.ecrindelachapelle.com\/\"},{\"@type\":\"ListItem\",\"position\":2,\"name\":\"Les Alentours\"}]},{\"@type\":\"WebSite\",\"@id\":\"https:\/\/www.ecrindelachapelle.com\/#website\",\"url\":\"https:\/\/www.ecrindelachapelle.com\/\",\"name\":\"L&#039;Ecrin de la Chapelle\",\"description\":\"\",\"publisher\":{\"@id\":\"https:\/\/www.ecrindelachapelle.com\/#organization\"},\"potentialAction\":[{\"@type\":\"SearchAction\",\"target\":{\"@type\":\"EntryPoint\",\"urlTemplate\":\"https:\/\/www.ecrindelachapelle.com\/?s={search_term_string}\"},\"query-input\":{\"@type\":\"PropertyValueSpecification\",\"valueRequired\":true,\"valueName\":\"search_term_string\"}}],\"inLanguage\":\"fr-FR\"},{\"@type\":\"Organization\",\"@id\":\"https:\/\/www.ecrindelachapelle.com\/#organization\",\"name\":\"L&#039;Ecrin de la Chapelle\",\"url\":\"https:\/\/www.ecrindelachapelle.com\/\",\"logo\":{\"@type\":\"ImageObject\",\"inLanguage\":\"fr-FR\",\"@id\":\"https:\/\/www.ecrindelachapelle.com\/#\/schema\/logo\/image\/\",\"url\":\"https:\/\/www.ecrindelachapelle.com\/wp-content\/uploads\/2026\/03\/cropped-cropped-logo-ecrin-metal-1.png\",\"contentUrl\":\"https:\/\/www.ecrindelachapelle.com\/wp-content\/uploads\/2026\/03\/cropped-cropped-logo-ecrin-metal-1.png\",\"width\":1083,\"height\":1232,\"caption\":\"L&#039;Ecrin de la Chapelle\"},\"image\":{\"@id\":\"https:\/\/www.ecrindelachapelle.com\/#\/schema\/logo\/image\/\"}}]}<\/script>\n<!-- \/ Yoast SEO plugin. -->","yoast_head_json":{"title":"Les Alentours - L&#039;Ecrin de la Chapelle","description":"D\u00e9couvrez une r\u00e9gion riche en activit\u00e9s autour de l\u2019\u00c9crin de la Chapelle. Y s\u00e9journer, c\u2019est bien plus que profiter d\u2019un cadre exceptionnel : c\u2019est aussi l\u2019occasion d\u2019explorer les richesses de la campagne et de ses nombreuses activit\u00e9s. Que vous soyez amateur de nature, passionn\u00e9 de patrimoine ou en qu\u00eate d\u2019exp\u00e9riences, les environs offrent une multitude de d\u00e9couvertes pour petits et grands.","robots":{"index":"index","follow":"follow","max-snippet":"max-snippet:-1","max-image-preview":"max-image-preview:large","max-video-preview":"max-video-preview:-1"},"canonical":"https:\/\/www.ecrindelachapelle.com\/index.php\/les-alentours\/","og_locale":"fr_FR","og_type":"article","og_title":"Les Alentours - L&#039;Ecrin de la Chapelle","og_description":"D\u00e9couvrez une r\u00e9gion riche en activit\u00e9s autour de l\u2019\u00c9crin de la Chapelle. Y s\u00e9journer, c\u2019est bien plus que profiter d\u2019un cadre exceptionnel : c\u2019est aussi l\u2019occasion d\u2019explorer les richesses de la campagne et de ses nombreuses activit\u00e9s. Que vous soyez amateur de nature, passionn\u00e9 de patrimoine ou en qu\u00eate d\u2019exp\u00e9riences, les environs offrent une multitude de d\u00e9couvertes pour petits et grands.","og_url":"https:\/\/www.ecrindelachapelle.com\/index.php\/les-alentours\/","og_site_name":"L&#039;Ecrin de la Chapelle","article_modified_time":"2025-11-03T17:27:03+00:00","og_image":[{"width":500,"height":500,"url":"https:\/\/www.ecrindelachapelle.com\/wp-content\/uploads\/2024\/11\/1.png","type":"image\/png"}],"twitter_card":"summary_large_image","twitter_misc":{"Dur\u00e9e de lecture estim\u00e9e":"11 minutes"},"schema":{"@context":"https:\/\/schema.org","@graph":[{"@type":"WebPage","@id":"https:\/\/www.ecrindelachapelle.com\/index.php\/les-alentours\/","url":"https:\/\/www.ecrindelachapelle.com\/index.php\/les-alentours\/","name":"Les Alentours - L&#039;Ecrin de la Chapelle","isPartOf":{"@id":"https:\/\/www.ecrindelachapelle.com\/#website"},"primaryImageOfPage":{"@id":"https:\/\/www.ecrindelachapelle.com\/index.php\/les-alentours\/#primaryimage"},"image":{"@id":"https:\/\/www.ecrindelachapelle.com\/index.php\/les-alentours\/#primaryimage"},"thumbnailUrl":"https:\/\/www.ecrindelachapelle.com\/wp-content\/uploads\/2024\/11\/1.png","datePublished":"2024-11-13T09:59:42+00:00","dateModified":"2025-11-03T17:27:03+00:00","description":"D\u00e9couvrez une r\u00e9gion riche en activit\u00e9s autour de l\u2019\u00c9crin de la Chapelle. Y s\u00e9journer, c\u2019est bien plus que profiter d\u2019un cadre exceptionnel : c\u2019est aussi l\u2019occasion d\u2019explorer les richesses de la campagne et de ses nombreuses activit\u00e9s. Que vous soyez amateur de nature, passionn\u00e9 de patrimoine ou en qu\u00eate d\u2019exp\u00e9riences, les environs offrent une multitude de d\u00e9couvertes pour petits et grands.","breadcrumb":{"@id":"https:\/\/www.ecrindelachapelle.com\/index.php\/les-alentours\/#breadcrumb"},"inLanguage":"fr-FR","potentialAction":[{"@type":"ReadAction","target":["https:\/\/www.ecrindelachapelle.com\/index.php\/les-alentours\/"]}]},{"@type":"ImageObject","inLanguage":"fr-FR","@id":"https:\/\/www.ecrindelachapelle.com\/index.php\/les-alentours\/#primaryimage","url":"https:\/\/www.ecrindelachapelle.com\/wp-content\/uploads\/2024\/11\/1.png","contentUrl":"https:\/\/www.ecrindelachapelle.com\/wp-content\/uploads\/2024\/11\/1.png","width":500,"height":500},{"@type":"BreadcrumbList","@id":"https:\/\/www.ecrindelachapelle.com\/index.php\/les-alentours\/#breadcrumb","itemListElement":[{"@type":"ListItem","position":1,"name":"Accueil","item":"https:\/\/www.ecrindelachapelle.com\/"},{"@type":"ListItem","position":2,"name":"Les Alentours"}]},{"@type":"WebSite","@id":"https:\/\/www.ecrindelachapelle.com\/#website","url":"https:\/\/www.ecrindelachapelle.com\/","name":"L&#039;Ecrin de la Chapelle","description":"","publisher":{"@id":"https:\/\/www.ecrindelachapelle.com\/#organization"},"potentialAction":[{"@type":"SearchAction","target":{"@type":"EntryPoint","urlTemplate":"https:\/\/www.ecrindelachapelle.com\/?s={search_term_string}"},"query-input":{"@type":"PropertyValueSpecification","valueRequired":true,"valueName":"search_term_string"}}],"inLanguage":"fr-FR"},{"@type":"Organization","@id":"https:\/\/www.ecrindelachapelle.com\/#organization","name":"L&#039;Ecrin de la Chapelle","url":"https:\/\/www.ecrindelachapelle.com\/","logo":{"@type":"ImageObject","inLanguage":"fr-FR","@id":"https:\/\/www.ecrindelachapelle.com\/#\/schema\/logo\/image\/","url":"https:\/\/www.ecrindelachapelle.com\/wp-content\/uploads\/2026\/03\/cropped-cropped-logo-ecrin-metal-1.png","contentUrl":"https:\/\/www.ecrindelachapelle.com\/wp-content\/uploads\/2026\/03\/cropped-cropped-logo-ecrin-metal-1.png","width":1083,"height":1232,"caption":"L&#039;Ecrin de la Chapelle"},"image":{"@id":"https:\/\/www.ecrindelachapelle.com\/#\/schema\/logo\/image\/"}}]}},"_links":{"self":[{"href":"https:\/\/www.ecrindelachapelle.com\/index.php\/wp-json\/wp\/v2\/pages\/1065","targetHints":{"allow":["GET"]}}],"collection":[{"href":"https:\/\/www.ecrindelachapelle.com\/index.php\/wp-json\/wp\/v2\/pages"}],"about":[{"href":"https:\/\/www.ecrindelachapelle.com\/index.php\/wp-json\/wp\/v2\/types\/page"}],"author":[{"embeddable":true,"href":"https:\/\/www.ecrindelachapelle.com\/index.php\/wp-json\/wp\/v2\/users\/1"}],"replies":[{"embeddable":true,"href":"https:\/\/www.ecrindelachapelle.com\/index.php\/wp-json\/wp\/v2\/comments?post=1065"}],"version-history":[{"count":106,"href":"https:\/\/www.ecrindelachapelle.com\/index.php\/wp-json\/wp\/v2\/pages\/1065\/revisions"}],"predecessor-version":[{"id":1552,"href":"https:\/\/www.ecrindelachapelle.com\/index.php\/wp-json\/wp\/v2\/pages\/1065\/revisions\/1552"}],"wp:attachment":[{"href":"https:\/\/www.ecrindelachapelle.com\/index.php\/wp-json\/wp\/v2\/media?parent=1065"}],"curies":[{"name":"wp","href":"https:\/\/api.w.org\/{rel}","templated":true}]}}