{"id":3,"date":"2024-05-30T01:04:23","date_gmt":"2024-05-29T23:04:23","guid":{"rendered":"http:\/\/ecrindt.cluster023.hosting.ovh.net\/?page_id=3"},"modified":"2025-11-03T18:29:23","modified_gmt":"2025-11-03T17:29:23","slug":"mentions-legales","status":"publish","type":"page","link":"https:\/\/www.ecrindelachapelle.com\/index.php\/mentions-legales\/","title":{"rendered":"Mentions l\u00e9gales"},"content":{"rendered":"\t\t<div data-elementor-type=\"wp-page\" data-elementor-id=\"3\" class=\"elementor elementor-3\" data-elementor-post-type=\"page\">\n\t\t\t\t<div class=\"elementor-element elementor-element-3762110 e-flex e-con-boxed e-con e-parent\" data-id=\"3762110\" data-element_type=\"container\" data-e-type=\"container\">\n\t\t\t\t\t<div class=\"e-con-inner\">\n\t\t\t\t<div class=\"elementor-element elementor-element-5fbd847b elementor-widget elementor-widget-text-editor\" data-id=\"5fbd847b\" data-element_type=\"widget\" data-e-type=\"widget\" data-widget_type=\"text-editor.default\">\n\t\t\t\t<div class=\"elementor-widget-container\">\n\t\t\t\t\t\t\t\t\t<p><strong>MENTIONS LEGALES<\/strong><\/p>\n<p><!-- \/wp:heading --><!-- wp:paragraph --><\/p>\n<p>L\u2019adresse de notre site est : https:\/\/ecrindelachapelle.com<\/p>\n<p>Raison sociale : SCI<\/p>\n<p>SIRET : 90291780600017<\/p>\n<p>Si\u00e8ge social : 20 rue Emile Barbier &#8211; 51460 L&rsquo;EPINE<\/p>\n<p>TVA : FR09902917806<\/p>\n<p>RCS de Ch\u00e2lons-en-Champagne : 902 917 806<\/p>\n<p><!-- \/wp:heading --><!-- wp:paragraph --><\/p>\n<p><strong>Propri\u00e9t\u00e9 &amp; identit\u00e9 :&nbsp;<\/strong><\/p>\n<p>Ce site et tout ce qu&rsquo;il contient, m\u00e9dias, textes et autres restent la propri\u00e9t\u00e9 exclusive des propri\u00e9taires du g\u00eete l&rsquo;Ecrin de la Chapelle \u00e0 la Chapelle-Felcourt 51800. Tout m\u00e9dia r\u00e9cup\u00e9r\u00e9 depuis le pr\u00e9sent site doit faire l&rsquo;objet d&rsquo;une demande \u00e9crite via courrier ou courriel aupr\u00e8s des propri\u00e9taires.<\/p>\n<p><strong>Prestations et informations sur les offres et services propos\u00e9s :<\/strong>&nbsp;<\/p>\n<p>Toutes les informations relatives aux offres de location propos\u00e9es sur ce site sont \u00e9ligibles au code du commerce, aucune publicit\u00e9 mensong\u00e8re ou qui pourrait tromper et influencer les internautes n&rsquo;est pr\u00e9sent. Il en est de la responsabilit\u00e9 des propri\u00e9taires du site.&nbsp;<\/p>\n<p>Par ailleurs les tarifs indiqu\u00e9s peuvent eux \u00eatre r\u00e9vis\u00e9s annuellement, mais les prix indiqu\u00e9s au moment de la prise de contact sont ceux en vigueur.&nbsp;<\/p>\n<p><!-- \/wp:paragraph --><!-- wp:paragraph --><\/p>\n<p><!-- \/wp:heading --><!-- wp:paragraph --><\/p>\n<p><strong>Responsable de publication : <\/strong>Mme H\u00e9l\u00e8ne Lagille<\/p>\n<p>Tel : +33&nbsp;(<span style=\"caret-color: rgb(33, 33, 33); color: rgb(33, 33, 33); font-family: Arial, sans-serif, serif, EmojiFont; text-align: var(--text-align);\">0)7 87 06 00 03<\/span><\/p>\n<p>Mail : contact@ecrindelachapelle.com<\/p>\n<p><strong>Webdesign, hebergment et cr\u00e9ation Web :<\/strong><\/p>\n<p>L&rsquo;Agence de communication A&amp;G com&rsquo; a r\u00e9alis\u00e9 l&rsquo;enti\u00e8ret\u00e9 du site web www.ecrindelachapelle.com<\/p>\n<p>Le webdesign et les versions responsive et la programmation web est le travail de l&rsquo;\u00e9quipe A&amp;G<\/p>\n<p>CONTACT :<\/p>\n<ul>\n<li>direction@artandgraf.com<\/li>\n<li>webmaster@artandgraf.com<\/li>\n<\/ul>\n<p><a href=\"http:\/\/www.artandgraf.com\">www.artandgraf.com<\/a><\/p>\n<p><!-- \/wp:paragraph --><!-- wp:heading --><\/p>\n<p><!-- \/wp:heading --><!-- wp:paragraph --><\/p>\n<p><strong>Cookies : <\/strong><\/p>\n<p>Si vous visitez notre site, il vous sera propos\u00e9 d\u2019enregistrer votre nom, adresse e-mail et site dans des cookies. C\u2019est uniquement pour votre confort afin de ne pas avoir \u00e0 saisir ces informations si vous d\u00e9posez un autre commentaire plus tard. Ces cookies expirent au bout d\u2019un an.<\/p>\n<p><!-- \/wp:paragraph --><!-- wp:paragraph --><\/p>\n<p><!-- \/wp:paragraph --><!-- wp:paragraph --><\/p>\n<p><!-- \/wp:paragraph --><!-- wp:heading --><\/p>\n<p><!-- \/wp:heading --><!-- wp:paragraph --><\/p>\n<p><strong>Hyperliens <\/strong>: Le contenu embarqu\u00e9 depuis d\u2019autres sites comme sur www.gitedefrance.fr ou www.booking.com seraient susceptibles de collecter des donn\u00e9es sur vous, utiliser des cookies, embarquer des outils de suivis tiers, suivre vos interactions avec ces contenus embarqu\u00e9s si vous disposez d\u2019un compte connect\u00e9 sur leur site web. Les propri\u00e9taires du site ecrindelachapelle.com n&rsquo;est en aucun cas tenu pour responsable de ces prises de donn\u00e9es.<\/p>\n<p><\/p>\n<p>Pour tout compl\u00e9ment d&rsquo;informations sur les offres d&rsquo;h\u00e9bergement pr\u00e9sentes sur ce site, n&rsquo;h\u00e9sitez-pas \u00e0 contacter les propri\u00e9taires, pour des informations relatives au site web, l&rsquo;Agence de communication en charge de sa maintenance.&nbsp;<\/p>\n<p><!-- \/wp:paragraph --><\/p>\t\t\t\t\t\t\t\t<\/div>\n\t\t\t\t<\/div>\n\t\t\t\t\t<\/div>\n\t\t\t\t<\/div>\n\t\t\t\t<\/div>\n\t\t","protected":false},"excerpt":{"rendered":"<p>MENTIONS LEGALES L\u2019adresse de notre site est : https:\/\/ecrindelachapelle.com Raison sociale : SCI SIRET : 90291780600017 Si\u00e8ge social : 20 rue Emile Barbier &#8211; 51460 L&rsquo;EPINE TVA : FR09902917806 RCS de Ch\u00e2lons-en-Champagne : 902 917 806 Propri\u00e9t\u00e9 &amp; identit\u00e9 :&nbsp; Ce site et tout ce qu&rsquo;il contient, m\u00e9dias, textes et autres restent la propri\u00e9t\u00e9 exclusive&hellip; <br \/> <a class=\"read-more\" href=\"https:\/\/www.ecrindelachapelle.com\/index.php\/mentions-legales\/\">Lire la suite<\/a><\/p>\n","protected":false},"author":1,"featured_media":0,"parent":0,"menu_order":0,"comment_status":"closed","ping_status":"closed","template":"","meta":{"footnotes":""},"class_list":["post-3","page","type-page","status-publish","hentry"],"yoast_head":"<!-- This site is optimized with the Yoast SEO plugin v26.9 - https:\/\/yoast.com\/product\/yoast-seo-wordpress\/ -->\n<title>Mentions l\u00e9gales - L&#039;Ecrin de la Chapelle<\/title>\n<meta name=\"description\" content=\"Retrouvez les mentions l\u00e9gales de notre site, avec les informations sur l\u2019\u00e9diteur, l\u2019h\u00e9bergeur, et nos engagements l\u00e9gaux et r\u00e9glementaires.\" \/>\n<meta name=\"robots\" content=\"index, follow, max-snippet:-1, max-image-preview:large, max-video-preview:-1\" \/>\n<link rel=\"canonical\" href=\"https:\/\/www.ecrindelachapelle.com\/index.php\/mentions-legales\/\" \/>\n<meta property=\"og:locale\" content=\"fr_FR\" \/>\n<meta property=\"og:type\" content=\"article\" \/>\n<meta property=\"og:title\" content=\"Mentions l\u00e9gales - L&#039;Ecrin de la Chapelle\" \/>\n<meta property=\"og:description\" content=\"Retrouvez les mentions l\u00e9gales de notre site, avec les informations sur l\u2019\u00e9diteur, l\u2019h\u00e9bergeur, et nos engagements l\u00e9gaux et r\u00e9glementaires.\" \/>\n<meta property=\"og:url\" content=\"https:\/\/www.ecrindelachapelle.com\/index.php\/mentions-legales\/\" \/>\n<meta property=\"og:site_name\" content=\"L&#039;Ecrin de la Chapelle\" \/>\n<meta property=\"article:modified_time\" content=\"2025-11-03T17:29:23+00:00\" \/>\n<meta name=\"twitter:card\" content=\"summary_large_image\" \/>\n<meta name=\"twitter:label1\" content=\"Dur\u00e9e de lecture estim\u00e9e\" \/>\n\t<meta name=\"twitter:data1\" content=\"2 minutes\" \/>\n<script type=\"application\/ld+json\" class=\"yoast-schema-graph\">{\"@context\":\"https:\/\/schema.org\",\"@graph\":[{\"@type\":\"WebPage\",\"@id\":\"https:\/\/www.ecrindelachapelle.com\/index.php\/mentions-legales\/\",\"url\":\"https:\/\/www.ecrindelachapelle.com\/index.php\/mentions-legales\/\",\"name\":\"Mentions l\u00e9gales - L&#039;Ecrin de la Chapelle\",\"isPartOf\":{\"@id\":\"https:\/\/www.ecrindelachapelle.com\/#website\"},\"datePublished\":\"2024-05-29T23:04:23+00:00\",\"dateModified\":\"2025-11-03T17:29:23+00:00\",\"description\":\"Retrouvez les mentions l\u00e9gales de notre site, avec les informations sur l\u2019\u00e9diteur, l\u2019h\u00e9bergeur, et nos engagements l\u00e9gaux et r\u00e9glementaires.\",\"breadcrumb\":{\"@id\":\"https:\/\/www.ecrindelachapelle.com\/index.php\/mentions-legales\/#breadcrumb\"},\"inLanguage\":\"fr-FR\",\"potentialAction\":[{\"@type\":\"ReadAction\",\"target\":[\"https:\/\/www.ecrindelachapelle.com\/index.php\/mentions-legales\/\"]}]},{\"@type\":\"BreadcrumbList\",\"@id\":\"https:\/\/www.ecrindelachapelle.com\/index.php\/mentions-legales\/#breadcrumb\",\"itemListElement\":[{\"@type\":\"ListItem\",\"position\":1,\"name\":\"Accueil\",\"item\":\"https:\/\/www.ecrindelachapelle.com\/\"},{\"@type\":\"ListItem\",\"position\":2,\"name\":\"Mentions l\u00e9gales\"}]},{\"@type\":\"WebSite\",\"@id\":\"https:\/\/www.ecrindelachapelle.com\/#website\",\"url\":\"https:\/\/www.ecrindelachapelle.com\/\",\"name\":\"L&#039;Ecrin de la Chapelle\",\"description\":\"\",\"publisher\":{\"@id\":\"https:\/\/www.ecrindelachapelle.com\/#organization\"},\"potentialAction\":[{\"@type\":\"SearchAction\",\"target\":{\"@type\":\"EntryPoint\",\"urlTemplate\":\"https:\/\/www.ecrindelachapelle.com\/?s={search_term_string}\"},\"query-input\":{\"@type\":\"PropertyValueSpecification\",\"valueRequired\":true,\"valueName\":\"search_term_string\"}}],\"inLanguage\":\"fr-FR\"},{\"@type\":\"Organization\",\"@id\":\"https:\/\/www.ecrindelachapelle.com\/#organization\",\"name\":\"L&#039;Ecrin de la Chapelle\",\"url\":\"https:\/\/www.ecrindelachapelle.com\/\",\"logo\":{\"@type\":\"ImageObject\",\"inLanguage\":\"fr-FR\",\"@id\":\"https:\/\/www.ecrindelachapelle.com\/#\/schema\/logo\/image\/\",\"url\":\"https:\/\/www.ecrindelachapelle.com\/wp-content\/uploads\/2026\/03\/cropped-cropped-logo-ecrin-metal-1.png\",\"contentUrl\":\"https:\/\/www.ecrindelachapelle.com\/wp-content\/uploads\/2026\/03\/cropped-cropped-logo-ecrin-metal-1.png\",\"width\":1083,\"height\":1232,\"caption\":\"L&#039;Ecrin de la Chapelle\"},\"image\":{\"@id\":\"https:\/\/www.ecrindelachapelle.com\/#\/schema\/logo\/image\/\"}}]}<\/script>\n<!-- \/ Yoast SEO plugin. -->","yoast_head_json":{"title":"Mentions l\u00e9gales - L&#039;Ecrin de la Chapelle","description":"Retrouvez les mentions l\u00e9gales de notre site, avec les informations sur l\u2019\u00e9diteur, l\u2019h\u00e9bergeur, et nos engagements l\u00e9gaux et r\u00e9glementaires.","robots":{"index":"index","follow":"follow","max-snippet":"max-snippet:-1","max-image-preview":"max-image-preview:large","max-video-preview":"max-video-preview:-1"},"canonical":"https:\/\/www.ecrindelachapelle.com\/index.php\/mentions-legales\/","og_locale":"fr_FR","og_type":"article","og_title":"Mentions l\u00e9gales - L&#039;Ecrin de la Chapelle","og_description":"Retrouvez les mentions l\u00e9gales de notre site, avec les informations sur l\u2019\u00e9diteur, l\u2019h\u00e9bergeur, et nos engagements l\u00e9gaux et r\u00e9glementaires.","og_url":"https:\/\/www.ecrindelachapelle.com\/index.php\/mentions-legales\/","og_site_name":"L&#039;Ecrin de la Chapelle","article_modified_time":"2025-11-03T17:29:23+00:00","twitter_card":"summary_large_image","twitter_misc":{"Dur\u00e9e de lecture estim\u00e9e":"2 minutes"},"schema":{"@context":"https:\/\/schema.org","@graph":[{"@type":"WebPage","@id":"https:\/\/www.ecrindelachapelle.com\/index.php\/mentions-legales\/","url":"https:\/\/www.ecrindelachapelle.com\/index.php\/mentions-legales\/","name":"Mentions l\u00e9gales - L&#039;Ecrin de la Chapelle","isPartOf":{"@id":"https:\/\/www.ecrindelachapelle.com\/#website"},"datePublished":"2024-05-29T23:04:23+00:00","dateModified":"2025-11-03T17:29:23+00:00","description":"Retrouvez les mentions l\u00e9gales de notre site, avec les informations sur l\u2019\u00e9diteur, l\u2019h\u00e9bergeur, et nos engagements l\u00e9gaux et r\u00e9glementaires.","breadcrumb":{"@id":"https:\/\/www.ecrindelachapelle.com\/index.php\/mentions-legales\/#breadcrumb"},"inLanguage":"fr-FR","potentialAction":[{"@type":"ReadAction","target":["https:\/\/www.ecrindelachapelle.com\/index.php\/mentions-legales\/"]}]},{"@type":"BreadcrumbList","@id":"https:\/\/www.ecrindelachapelle.com\/index.php\/mentions-legales\/#breadcrumb","itemListElement":[{"@type":"ListItem","position":1,"name":"Accueil","item":"https:\/\/www.ecrindelachapelle.com\/"},{"@type":"ListItem","position":2,"name":"Mentions l\u00e9gales"}]},{"@type":"WebSite","@id":"https:\/\/www.ecrindelachapelle.com\/#website","url":"https:\/\/www.ecrindelachapelle.com\/","name":"L&#039;Ecrin de la Chapelle","description":"","publisher":{"@id":"https:\/\/www.ecrindelachapelle.com\/#organization"},"potentialAction":[{"@type":"SearchAction","target":{"@type":"EntryPoint","urlTemplate":"https:\/\/www.ecrindelachapelle.com\/?s={search_term_string}"},"query-input":{"@type":"PropertyValueSpecification","valueRequired":true,"valueName":"search_term_string"}}],"inLanguage":"fr-FR"},{"@type":"Organization","@id":"https:\/\/www.ecrindelachapelle.com\/#organization","name":"L&#039;Ecrin de la Chapelle","url":"https:\/\/www.ecrindelachapelle.com\/","logo":{"@type":"ImageObject","inLanguage":"fr-FR","@id":"https:\/\/www.ecrindelachapelle.com\/#\/schema\/logo\/image\/","url":"https:\/\/www.ecrindelachapelle.com\/wp-content\/uploads\/2026\/03\/cropped-cropped-logo-ecrin-metal-1.png","contentUrl":"https:\/\/www.ecrindelachapelle.com\/wp-content\/uploads\/2026\/03\/cropped-cropped-logo-ecrin-metal-1.png","width":1083,"height":1232,"caption":"L&#039;Ecrin de la Chapelle"},"image":{"@id":"https:\/\/www.ecrindelachapelle.com\/#\/schema\/logo\/image\/"}}]}},"_links":{"self":[{"href":"https:\/\/www.ecrindelachapelle.com\/index.php\/wp-json\/wp\/v2\/pages\/3","targetHints":{"allow":["GET"]}}],"collection":[{"href":"https:\/\/www.ecrindelachapelle.com\/index.php\/wp-json\/wp\/v2\/pages"}],"about":[{"href":"https:\/\/www.ecrindelachapelle.com\/index.php\/wp-json\/wp\/v2\/types\/page"}],"author":[{"embeddable":true,"href":"https:\/\/www.ecrindelachapelle.com\/index.php\/wp-json\/wp\/v2\/users\/1"}],"replies":[{"embeddable":true,"href":"https:\/\/www.ecrindelachapelle.com\/index.php\/wp-json\/wp\/v2\/comments?post=3"}],"version-history":[{"count":16,"href":"https:\/\/www.ecrindelachapelle.com\/index.php\/wp-json\/wp\/v2\/pages\/3\/revisions"}],"predecessor-version":[{"id":1555,"href":"https:\/\/www.ecrindelachapelle.com\/index.php\/wp-json\/wp\/v2\/pages\/3\/revisions\/1555"}],"wp:attachment":[{"href":"https:\/\/www.ecrindelachapelle.com\/index.php\/wp-json\/wp\/v2\/media?parent=3"}],"curies":[{"name":"wp","href":"https:\/\/api.w.org\/{rel}","templated":true}]}}