{"id":61,"date":"2024-07-10T16:10:20","date_gmt":"2024-07-10T14:10:20","guid":{"rendered":"https:\/\/www.ecrindelachapelle.com\/index.php\/mesmerize\/"},"modified":"2026-03-23T15:18:48","modified_gmt":"2026-03-23T14:18:48","slug":"mesmerize","status":"publish","type":"page","link":"https:\/\/www.ecrindelachapelle.com\/","title":{"rendered":"Front Page"},"content":{"rendered":"<div  data-label=\"Accueil\" data-id=\"overlappable--1\" data-export-id=\"overlappable-1\" data-category=\"overlappable\" class=\"overlappable-1 content-section content-section-spacing\" data-overlap=\"true\" id=\"accueil\" style=\"background-color: rgb(255, 255, 255);\"><div  class=\"gridContainer\"> <div  data-type=\"row\" class=\"row shadow-medium\"><div  data-type=\"column\" class=\"col-xs-12 col-sm-4 flexcol bg-color-white col-padding col-padding-small-xs\"> <img  decoding=\"async\" class=\"custom-image\" src=\"https:\/\/www.ecrindelachapelle.com\/wp-content\/uploads\/2024\/07\/picto-gite.png\" title=\"picto gite\" alt=\"\"><h5  class=\"\" style=\"text-align: center;\">Un lieu magique\u2026<\/h5><p  class=\"\" style=\"text-align: justify;\"><span  style=\"font-family: Muli, arial, helvetica, sans-serif;\">D\u00e9couvrez l\u2019Ecrin de la Chapelle, un havre de paix au coeur de l\u2019Argonne Champenoise. Parfait pour des r\u00e9unions familiales, retraites entre amis ou s\u00e9minaires, au c\u0153ur de la nature.<\/span><\/p>   <\/div> <div  data-type=\"column\" class=\"col-xs-12 col-sm-4 flexcol bg-color2 col-padding col-padding-small-xs inverted\"><img  decoding=\"async\" class=\"custom-image\" src=\"https:\/\/www.ecrindelachapelle.com\/wp-content\/uploads\/2024\/07\/picto-nature.png\" title=\"picto nature\" alt=\"\"><h5  class=\"inverted\">Mettez-vous au vert !<\/h5>  <p  class=\"\" style=\"text-align: justify;\"><span  id=\"_mce_caret\" data-mce-bogus=\"1\" data-mce-type=\"format-caret\"><span  style=\"font-family: Muli, arial, helvetica, sans-serif;\">D\u00e8s votre arriv\u00e9e, un panorama bucolique s\u2019offre \u00e0 vous : champs ondulants, mare, rivi\u00e8re,&nbsp;arbres centenaires, prairies verdoyantes, o\u00f9 chaque saison d\u00e9voile ses couleurs, du vert tendre au dor\u00e9 automnal.<\/span><\/span><\/p> <\/div> <div  data-type=\"column\" class=\"col-xs-12 col-sm-4 flexcol bg-color6 col-padding col-padding-small-xs inverted\">  <img  decoding=\"async\" class=\"custom-image\" src=\"https:\/\/www.ecrindelachapelle.com\/wp-content\/uploads\/2024\/07\/picto-event.png\" title=\"picto event\" alt=\"\"><h5  class=\"inverted\">Des souvenirs m\u00e9morables.<\/h5><p  class=\"\" style=\"text-align: justify;\"><span  style=\"font-family: Muli, arial, helvetica, sans-serif;\">Un cadre id\u00e9al pour des retrouvailles chaleureuses et inoubliables. C\u00e9r\u00e9monies la\u00efques, \u00e9changez vos v\u0153ux dans un d\u00e9cor naturel o\u00f9 chaque d\u00e9tail a \u00e9t\u00e9 pens\u00e9 pour ravir vos invit\u00e9s et cr\u00e9er de beaux souvenirs !<\/span><\/p><p  class=\"\"><\/p> <\/div> <\/div><\/div> <\/div><div  id=\"un-lieu-unique\" data-label=\"Un lieu unique\" data-id=\"portfolio-5-mc\" data-export-id=\"portfolio-5-mc\" data-bullets-visibility=\"true\" data-category=\"portfolio\" class=\"portfolio-5-mc content-section content-section-spacing section-title-col-white-text bg-color1\" style=\"background-image: none; background-color: rgb(184, 154, 87);\"><div  class=\"gridContainer\"> <div  class=\"row text-center\"><div  class=\"section-title-col\" data-type=\"column\"> <h5  class=\"\">NOS PRESTATIONS<\/h5> <h2  class=\"\">\u00e0 la chapelle-felcourt<\/h2> <p  class=\"lead\"><span  style=\"font-family: Muli, arial, helvetica, sans-serif; color: rgb(60, 66, 79);\">Le g\u00eete lui-m\u00eame est un mariage parfait entre authenticit\u00e9 et confort moderne.<span  id=\"_mce_caret\" data-mce-bogus=\"1\" data-mce-type=\"format-caret\">\ufeff<\/span><\/span><\/p><\/div> <\/div> <div  class=\"row space-bottom spaced-cols\" data-type=\"row\"> <div  class=\"col-xs-12 col-sm-4 text-center\"> <div  class=\"card no-padding bordered\"> <div  data-hover-fx=\"portfolio-6\" class=\"contentswap-effect contentswap-overlay\" style=\"float: none; margin: 0; width: 100%;\"> <div  class=\"initial-image\" style=\"float: none; margin: 0;\"> <img  decoding=\"async\" data-size=\"500x333\" src=\"https:\/\/www.ecrindelachapelle.com\/wp-content\/uploads\/2024\/07\/cropped-13.png\"><\/div> <div  class=\"overlay bg-color6\" style=\"display: block; transition: opacity 800ms ease 0s; -webkit-transition-timing-function: ease; -moz-transition-timing-function: ease; -o-transition-timing-function: ease; transition-timing-function: ease;\"><\/div> <div  class=\"swap-inner col-xs-12\" style=\"display: block; transition: all 800ms ease 0s; background-color: rgba(0,0,0,0); margin-top: 0;\"> <div  class=\"row full-height-row middle-xs middle-sm\"> <div  class=\"col-xs-12 text-center content-holder\"> <a  class=\"button small color2\" href=\"https:\/\/www.champagne.fr\/fr\/visiter-la-champagne\/offices-tourisme-champagne\" target=\"_self\" data-cp-link=\"1\" data-icon=\"\" rel=\"noopener\">Sorties<\/a><\/div> <\/div><\/div> <\/div> <div  class=\"col-xs-12\"> <div  class=\"space-bottom space-top\" data-type=\"column\"> <h5  class=\"\">AU COEUR DE LA CHAMPAGNE\u2026<\/h5> <p  class=\"small italic\" style=\"text-align: justify;\"><span  style=\"font-family: Muli, arial, helvetica, sans-serif;\">La Marne, au c\u0153ur de la Champagne, propose de nombreuses activit\u00e9s touristiques. \n<br ><br >Les amateurs de vin appr\u00e9cieront les maisons de champagne d\u2019\u00c9pernay et Reims, avec visites et d\u00e9gustations.\n<br ><br >Tandis que les passionn\u00e9s d\u2019histoire pourront explorer la cath\u00e9drale de Reims et le palais du Tau. \n<br ><br >Les amoureux de nature profiteront des randonn\u00e9es au Parc Naturel de la Montagne de Reims ou le Lac du Der.<\/span><\/p><\/div> <\/div><\/div> <\/div> <div  class=\"col-xs-12 col-sm-4 text-center\"> <div  class=\"card no-padding bordered\"> <div  data-hover-fx=\"portfolio-6\" class=\"contentswap-effect contentswap-overlay\" style=\"float: none; margin: 0; width: 100%;\"> <div  class=\"initial-image\" style=\"float: none; margin: 0;\"> <img  decoding=\"async\" data-size=\"500x333\" src=\"https:\/\/www.ecrindelachapelle.com\/wp-content\/uploads\/2024\/07\/23.png\"><\/div> <div  class=\"overlay bg-color6\" style=\"display: block; transition: opacity 800ms ease 0s; -webkit-transition-timing-function: ease; -moz-transition-timing-function: ease; -o-transition-timing-function: ease; transition-timing-function: ease;\"><\/div> <div  class=\"swap-inner col-xs-12\" style=\"display: block; transition: all 800ms ease 0s; background-color: rgba(0,0,0,0); margin-top: 0;\"> <div  class=\"row full-height-row middle-xs middle-sm\"> <div  class=\"col-xs-12 text-center content-holder\"> <a  class=\"button small color2\" href=\"https:\/\/www.ecrindelachapelle.com\/index.php\/contact\" target=\"_self\" data-cp-link=\"1\" data-icon=\"\" rel=\"noopener\">Ev\u00e8nements<\/a><\/div> <\/div><\/div> <\/div> <div  class=\"col-xs-12\"> <div  class=\"space-bottom space-top\" data-type=\"column\"> <h5  class=\"\">DES MOMENTS MAGIQUES\u2026<\/h5> <p  class=\"small italic\" style=\"text-align: justify;\"><span  style=\"font-family: Muli, arial, helvetica, sans-serif;\">S\u00e9journez dans un g\u00eete calme et bucolique au c\u0153ur de la campagne marnaise, une parenth\u00e8se enchant\u00e9e pour se ressourcer en famille ou entre amis. \n<br ><br >Profitez de la nature, des balades et des paysages paisibles. En toute saison, la Champagne d\u00e9voile ses couleurs uniques. <br >Les repas partag\u00e9s autour de produits locaux cr\u00e9ent des souvenirs pr\u00e9cieux, et le calme des soir\u00e9es apporte une s\u00e9r\u00e9nit\u00e9 incomparable. \n<br ><br >L\u2019\u00c9crin de la Chapelle est un lieu id\u00e9al pour des retrouvailles ou une occasion sp\u00e9ciale.<\/span><\/p><\/div> <\/div><\/div> <\/div> <div  class=\"col-xs-12 col-sm-4 text-center\"> <div  class=\"card no-padding bordered\"> <div  data-hover-fx=\"portfolio-6\" class=\"contentswap-effect contentswap-overlay\" style=\"float: none; margin: 0; width: 100%;\"> <div  class=\"initial-image\" style=\"float: none; margin: 0;\"> <img  decoding=\"async\" data-size=\"500x333\" src=\"https:\/\/www.ecrindelachapelle.com\/wp-content\/uploads\/2024\/10\/cropped-29.png\"><\/div> <div  class=\"overlay bg-color6\" style=\"display: block; transition: opacity 800ms ease 0s; -webkit-transition-timing-function: ease; -moz-transition-timing-function: ease; -o-transition-timing-function: ease; transition-timing-function: ease;\"><\/div> <div  class=\"swap-inner col-xs-12\" style=\"display: block; transition: all 800ms ease 0s; background-color: rgba(0,0,0,0); margin-top: 0;\"> <div  class=\"row full-height-row middle-xs middle-sm\"> <div  class=\"col-xs-12 text-center content-holder\"> <a  class=\"button small color2\" href=\"https:\/\/www.ecrindelachapelle.com\/index.php\/notre-gite\" target=\"_self\" data-cp-link=\"1\" data-icon=\"\" rel=\"noopener\">Services<\/a><\/div> <\/div><\/div> <\/div> <div  class=\"col-xs-12\"> <div  class=\"space-bottom space-top\" data-type=\"column\"> <h5  class=\"\">VOS BESOINS &amp; NOS SERVICES<\/h5> <p  class=\"small italic\" style=\"text-align: justify;\"><span  style=\"font-family: Muli, arial, helvetica, sans-serif;\">Dans ce g\u00eete spacieux et \u00e9cologique, nich\u00e9 au c\u0153ur de la Champagne-Ardenne.<br ><br >Les h\u00f4tes vous accueillent chaleureusement pour un s\u00e9jour authentique et respectueux de la nature. \n<br ><br >L\u2019\u00c9crin de la Chapelle, parfait pour familles et amis, propose des chambres confortables, alliant rustique et moderne, et met en avant des mat\u00e9riaux naturels et un mobilier local. \n<br ><br >Avec un grand parc et des sentiers proches, tout y est pens\u00e9 pour y passer un moment de d\u00e9tente.<\/span><\/p><\/div> <\/div><\/div> <\/div><\/div> <div  class=\"row\"><div  data-type=\"column\" class=\"col-xs-12 text-center\"> <a  class=\"button y-move color11 dark-text\" href=\"https:\/\/www.ecrindelachapelle.com\/index.php\/galerie\" target=\"_self\" data-cp-link=\"1\" data-icon=\"\" rel=\"noopener\">NOTRE GALERIE PHOTOS<\/a><\/div> <\/div><\/div> <\/div><div  id=\"reservation-en-ligne\" style=\"background-color: rgb(239, 228, 202); background-image: none;\" data-label=\"Reservation en ligne\" data-id=\"about-images-right-section-mc\" data-export-id=\"about-images-right-section-mc\" data-bullets-visibility=\"true\" data-category=\"about\" class=\"about-images-right-section-mc content-section content-section-spacing\"><div  class=\"gridContainer\"> <div  class=\"row middle-sm text-center\"><div  class=\"col-sm-5 content-left-sm\" data-type=\"column\"> <h5  class=\"\">d\u00e9couvrez un lieu unique\u2026<\/h5> <h2  class=\"\">L\u2019ecrin de la Chapelle&nbsp;<br > <span  style=\"font-family: Playfair Display,sans-serif; font-weight: 700; font-style: italic;\" href=\"#\">votre g\u00eete\n<\/span>aux mille couleurs.<\/h2> <p  class=\"\" style=\"text-align: justify;\"><span  style=\"font-family: Muli, arial, helvetica, sans-serif; color: rgb(152, 142, 120);\">Pour les amateurs de nature et de d\u00e9couvertes, les alentours regorgent d\u2019activit\u00e9s : balades \u00e0 v\u00e9lo ou \u00e0 pied sur les nombreux sentiers balis\u00e9s, visites des vignobles champenois, ou encore excursions dans les villages pittoresques aux alentours, riches en histoire et en patrimoine.<\/span><\/p> <a  class=\"button color1\" href=\"https:\/\/www.ecrindelachapelle.com\/index.php\/contact\" target=\"_self\" data-cp-link=\"1\" data-icon=\"\" rel=\"noopener\">R\u00e9server ?<\/a><\/div> <div  class=\"col-sm-7 space-bottom-xs\"><div  class=\"image-group-side-3-img\"> <img  decoding=\"async\" class=\"topimg shadow-large\" src=\"https:\/\/www.ecrindelachapelle.com\/wp-content\/uploads\/2024\/07\/22.png\" title=\"22\" alt=\"\"> <img  decoding=\"async\" class=\"rightimg shadow-large\" src=\"https:\/\/www.ecrindelachapelle.com\/wp-content\/uploads\/2024\/07\/18.png\" title=\"18\" alt=\"\"> <div  class=\"leftimg\"> <img  decoding=\"async\" class=\"shadow-large\" src=\"https:\/\/www.ecrindelachapelle.com\/wp-content\/uploads\/2024\/10\/cropped-42-1.png\" title=\"cropped-42-1.png\" alt=\"\"><\/div> <\/div><\/div> <\/div><\/div> <\/div><div  id=\"capacite-d-accueil\" style=\"background-color: rgb(255, 255, 255); background-size: cover; background-position: top; background-image: url(&quot;https:\/\/www.ecrindelachapelle.com\/wp-content\/uploads\/2024\/07\/11.png&quot;);\" data-label=\"Capacit\u00e9 d'accueil\" data-id=\"content-8-mc\" data-export-id=\"content-8-mc\" data-category=\"content\" class=\"content-8-mc content-section content-section-spacing\" data-section-ov=\"1\"><div  class=\"gridContainer\"> <div  class=\"row middle-sm\"><div  class=\"col-sm-6 space-bottom-xs space-top-xs\" data-type=\"column\"> <img  decoding=\"async\" class=\"shadow-large\" src=\"https:\/\/www.ecrindelachapelle.com\/wp-content\/uploads\/2024\/07\/20.png\" title=\"20\" alt=\"\"><\/div> <div  class=\"col-sm-6\" data-type=\"column\"><h2  class=\"\">Bucolique &amp; m\u00e9morable\u2026<\/h2> <p  class=\"\" style=\"text-align: justify;\"><span  style=\"font-family: Muli, arial, helvetica, sans-serif; color: rgb(26, 57, 41); font-weight: 600;\">Ses vastes espaces de vie, orn\u00e9s de poutres apparentes et de pierres d\u2019origines, peuvent vous accueillir confortablement. Les chambres, toutes d\u00e9cor\u00e9es avec go\u00fbt, offrent une vue imprenable sur les paysages environnants, promettant des r\u00e9veils doux et apaisants.<\/span><\/p> <a  class=\"button color5\" href=\"https:\/\/www.ecrindelachapelle.com\/index.php\/notre-gite\" target=\"_self\" data-cp-link=\"1\" data-icon=\"\" rel=\"noopener\">D\u00e9couvrir les espaces\u2026<\/a><\/div> <\/div><\/div> <\/div><div  data-label=\"Nos formules\" data-id=\"pricing--1\" data-export-id=\"pricing-4\" data-category=\"pricing\" data-featured-class=\"pricing-featured\" class=\"pricing-4 content-section content-section-spacing\" id=\"nos-formules\" style=\"background-color: rgb(255, 255, 255); background-image: none;\"><div  class=\"gridContainer\"> <div  class=\"row\"><div  class=\"section-title-col\" data-type=\"column\">  <p  class=\"lead\"><span  style=\"font-family: Muli, arial, helvetica, sans-serif; color: rgb(184, 154, 87);\">Profitez d\u2019un s\u00e9jour d\u2019une nuit, d\u2019un week-end, d\u2019une semaine pour vous retrouver entre amis ou en famille. \n<br >Nos diff\u00e9rentes formules sont l\u00e0 pour r\u00e9pondre \u00e0 vos besoins !&nbsp;<\/span><\/p><\/div> <\/div> <div  data-type=\"row\" class=\"row middle-sm\"> <div  class=\"col-xs-12 col-sm-4 text-center no-gutter-col space-bottom\"> <div  data-default=\"no-class\" data-featured=\"shadow-large\" data-type=\"column\" class=\"card\"> <div  class=\"top-right-triangle color2\"><\/div> <h5  class=\"upper\">Offre Semaine S\u00e9r\u00e9nit\u00e9\n<br ><br >\u00c0 PARTIR DE 24\u20ac\/PERS\/NUIT<\/h5>  <h3  class=\"h1\">2500\u20ac<\/h3>   <a  data-default=\"color1\" data-featured=\"color2\" class=\"button upper color1\" href=\"https:\/\/www.ecrindelachapelle.com\/index.php\/contact\" target=\"_self\" data-cp-link=\"1\" data-icon=\"\" rel=\"noopener\">R\u00e9server !<\/a> <\/div><\/div> <div  class=\"col-xs-12 col-sm-4 text-center no-gutter-col space-bottom pricing-featured\"><div  data-default=\"no-class\" data-featured=\"shadow-large\" data-type=\"column\" class=\"card shadow-large\"> <div  class=\"top-right-triangle color2\"><\/div> <h5  class=\"upper\">le Week-end \u00c9vasion\n<br >&nbsp;\n<br >\u00c0 partir de 50\u20ac\/pers\/nuit<\/h5>  <h3  class=\"h1\">1500\u20ac<\/h3>  <ul  class=\"unstyled checked decoration-color1 text-center black\"><li >Du vendredi au dimanche inclus<\/li><\/ul> <a  data-default=\"color1\" data-featured=\"color2\" class=\"button upper color2\" href=\"https:\/\/www.ecrindelachapelle.com\/index.php\/contact\" target=\"_self\" data-cp-link=\"1\" data-icon=\"\" rel=\"noopener\">R\u00e9server !<\/a> <\/div><\/div> <div  class=\"col-xs-12 col-sm-4 text-center no-gutter-col space-bottom\"><div  data-default=\"no-class\" data-featured=\"shadow-large\" data-type=\"column\" class=\"card\"> <div  class=\"top-right-triangle color2\"><\/div> <h5  class=\"upper\">offre sur-mesure\n<br >Nombre de personne, dur\u00e9e du s\u00e9jour : on s\u2019adapte \u00e0 votre demande !&nbsp;<\/h5>     <a  data-default=\"color1\" data-featured=\"color2\" class=\"button upper color1\" href=\"https:\/\/www.ecrindelachapelle.com\/index.php\/contact\" target=\"_self\" data-cp-link=\"1\" data-icon=\"\" rel=\"noopener\">Demandez votre devis !<\/a> <\/div><\/div> <\/div><\/div> <\/div><div  data-label=\"Content\" data-id=\"content--2\" data-export-id=\"content-7-mc\" data-category=\"content\" class=\"content-7-mc content-section content-section-spacing\" id=\"content-1\" style=\"background-color: rgb(255, 255, 255);\"><div  class=\"gridContainer\"> <div  class=\"row middle-sm\"><div  class=\"col-sm-6 space-bottom-xs content-left-sm\" data-type=\"column\"> <h2  class=\"\"><span  style=\"color: rgb(184, 154, 87); font-family: &quot;Cinzel Decorative&quot;, arial, helvetica, sans-serif;\">Dans ces 3 offres :<\/span><\/h2> <p  class=\"\"><span  style=\"font-family: Roboto, arial, helvetica, sans-serif; color: rgb(78, 118, 97);\">\u2013 L\u2019accueil avec horaires flexibles<\/span><br ><span  style=\"font-family: Roboto, arial, helvetica, sans-serif; color: rgb(78, 118, 97);\">\u2013 Le linge de maison<\/span><br ><span  style=\"font-family: Roboto, arial, helvetica, sans-serif; color: rgb(78, 118, 97);\">\u2013 Le linge de toilette<\/span><br ><span  style=\"font-family: Roboto, arial, helvetica, sans-serif; color: rgb(78, 118, 97);\">\u2013 Les lits faits \u00e0 l\u2019arriv\u00e9e<\/span><br ><span  style=\"font-family: Roboto, arial, helvetica, sans-serif; color: rgb(78, 118, 97);\">\u2013 L\u2019Acc\u00e8s \u00e0 l\u2019espace Bien-\u00catre (Sauna) en option (\u00e0 voir avec le propri\u00e9taire)<\/span><br ><span  style=\"font-family: Roboto, arial, helvetica, sans-serif; color: rgb(78, 118, 97);\">\u2013 La taxe de s\u00e9jour (+1,45\u20ac\/pers\/nuit)\n\n<br >&nbsp; &nbsp; \u00c0 compter du 1er janvier 2026, une Taxe Additionnelle &nbsp; &nbsp; &nbsp; \n<br >&nbsp; &nbsp; D\u00e9partementale (TAD) de 10 % sera appliqu\u00e9e sur la taxe de\n<br >&nbsp; &nbsp; s\u00e9jour per\u00e7ue dans le d\u00e9partement de la Marne.<\/span><br ><span  style=\"font-family: Roboto, arial, helvetica, sans-serif; color: rgb(78, 118, 97);\">\u2013 Le forfait m\u00e9nage complet +200\u20ac TTC (obligatoire)<\/span><\/p> <\/div> <div  class=\"col-sm-6 content-left-sm\" data-type=\"column\"> <\/div> <\/div><\/div> <\/div><div  data-label=\"Forfait menage\" data-id=\"content--1\" data-export-id=\"content-13\" data-category=\"content\" class=\"content-13 content-section content-section-spacing\" id=\"forfait-menage\" style=\"background-color: rgb(255, 255, 255);\"><div  class=\"gridContainer\"> <div  class=\"row text-center\"><div  class=\"section-title-col\" data-type=\"column\">  <\/div> <\/div> <div  class=\"row center-xs middle-xs\"> <div  class=\"col-xs col-sm-8 space-bottom image-group-bottom-3\"> <img  decoding=\"async\" class=\"left-img shadow-large-black\" src=\"https:\/\/www.ecrindelachapelle.com\/wp-content\/uploads\/2024\/12\/cropped-IMG_7323-scaled-1.jpg\" title=\"IMG_7323\" alt=\"\"> <a  data-cp-link=\"1\" href=\"#\" class=\"center-img-anchor\" target=\"_self\" rel=\"noopener\"><img  decoding=\"async\" class=\"center-img shadow-large-black\" src=\"https:\/\/www.ecrindelachapelle.com\/wp-content\/uploads\/2024\/10\/34.png\"><\/a> <img  decoding=\"async\" class=\"right-img shadow-large-black\" src=\"https:\/\/www.ecrindelachapelle.com\/wp-content\/uploads\/2024\/12\/Chevre.png\" title=\"Ch\u00e8vre\" alt=\"\"><\/div> <\/div><\/div> <\/div><div  data-label=\"Sites partenaires\" data-id=\"clients--2\" data-export-id=\"clients-4\" data-category=\"clients\" class=\"clients-4 content-section content-section-spacing-small\" id=\"sites-partenaires\" style=\"background-color: rgb(239, 228, 202); background-image: none;\"><div  class=\"gridContainer\"> <div  class=\"row\"><div  data-type=\"column\" class=\"section-title-col\">  <\/div> <\/div> <div  data-type=\"row\" class=\"row spaced-cols middle-xs center-xs space-bottom padding-lr\"> <div  class=\"col-xs-6 col-sm-2\"> <img  decoding=\"async\" class=\"custom-image\" src=\"https:\/\/www.ecrindelachapelle.com\/wp-content\/uploads\/2024\/11\/cropped-cropped-1-1.png\" title=\"1\" alt=\"\"><\/div> <div  class=\"col-xs-6 col-sm-2\"><img  decoding=\"async\" class=\"custom-image\" src=\"https:\/\/www.ecrindelachapelle.com\/wp-content\/uploads\/2024\/11\/cropped-2-1.png\" title=\"2\" alt=\"\"> <\/div> <div  class=\"col-xs-6 col-sm-2\"> <img  decoding=\"async\" src=\"https:\/\/www.ecrindelachapelle.com\/wp-content\/uploads\/2024\/11\/cropped-4-1.png\" class=\"\" title=\"4\" alt=\"\"><\/div> <div  class=\"col-xs-6 col-sm-2\"> <img  decoding=\"async\" src=\"https:\/\/www.ecrindelachapelle.com\/wp-content\/uploads\/2024\/11\/cropped-3-1.png\" class=\"\" title=\"3\" alt=\"\"><\/div>  <div  class=\"col-xs-6 col-sm-2\"> <img  decoding=\"async\" src=\"https:\/\/www.ecrindelachapelle.com\/wp-content\/uploads\/2024\/11\/cropped-6.png\" class=\"\" title=\"cropped-6.png\" alt=\"\"><\/div><div  class=\"col-xs-6 col-sm-2\"> <img  decoding=\"async\" class=\"custom-image\" src=\"https:\/\/www.ecrindelachapelle.com\/wp-content\/uploads\/2024\/11\/cropped-GDF.png\" title=\"cropped-GDF.png\" alt=\"\"><\/div><div  class=\"col-xs-6 col-sm-2\"> <\/div> <\/div><\/div> <\/div><div  data-label=\"Gallerie image\" data-id=\"gallery--1\" data-export-id=\"gallery-2\" data-category=\"gallery\" class=\"gallery-2 content-section content-section-spacing\" id=\"gallerie-image\" style=\"background-color: rgb(184, 154, 87); background-image: none;\"><div  class=\"\"> <div  class=\"row\"><div  class=\"col-xs-12 full-no-padding\" data-editable=\"true\" data-content-shortcode=\"mesmerize_gallery id=&quot;mesmerize-gallery-2&quot; columns=&quot;4&quot; ids=&quot;183,818,965,186,816,187,817,189&quot; lb=&quot;1&quot; masonry=&quot;0&quot; size=&quot;large&quot; link=&quot;file&quot; \"><div id='mesmerize-gallery-2' class='gallery-wrapper'><style type=\"text\/css\">\n                    @media only screen and (min-width: 768px) {\n                    [data-unique-id='mesmerize-gallery-2-69f56e5f40fa0'] dl {\n                        float: left;\n                        width: 25% !important;\n                        max-width:  25% !important;\n                        min-width:  25% !important;\n                    }\n\n                    [data-unique-id='mesmerize-gallery-2-69f56e5f40fa0'] dl:nth-of-type(4n +1 ) {\n                      clear: both;\n                      }\n                    }\n                <\/style><div id='mesmerize-gallery-2' class='mesmerize-gallery-2-dls-wrapper gallery-items-wrapper materialis-gallery' data-unique-id='mesmerize-gallery-2-69f56e5f40fa0'><dl class='gallery-item'>\n\t\t\t<dt class='gallery-icon landscape'>\n\t\t\t\t<a data-fancybox=\"mesmerize-gallery-2-group\" href='https:\/\/www.ecrindelachapelle.com\/wp-content\/uploads\/2024\/07\/1-1.png'><img fetchpriority=\"high\" decoding=\"async\"  width=\"500\" height=\"500\" src=\"https:\/\/www.ecrindelachapelle.com\/wp-content\/uploads\/2024\/07\/1-1.png\"  class='mesmerize-gallery-2-image' alt=\"\" srcset=\"https:\/\/www.ecrindelachapelle.com\/wp-content\/uploads\/2024\/07\/1-1.png 500w, https:\/\/www.ecrindelachapelle.com\/wp-content\/uploads\/2024\/07\/1-1-300x300.png 300w, https:\/\/www.ecrindelachapelle.com\/wp-content\/uploads\/2024\/07\/1-1-150x150.png 150w, https:\/\/www.ecrindelachapelle.com\/wp-content\/uploads\/2024\/07\/1-1-100x100.png 100w\" sizes=\"(max-width: 500px) 100vw, 500px\" \/><\/a>\n\t\t\t<\/dt><\/dl><dl class='gallery-item'>\n\t\t\t<dt class='gallery-icon landscape'>\n\t\t\t\t<a data-fancybox=\"mesmerize-gallery-2-group\" href='https:\/\/www.ecrindelachapelle.com\/wp-content\/uploads\/2024\/10\/portfolio-Ecrin-4de-la-chapelle_.png'><img decoding=\"async\"  width=\"1024\" height=\"1024\" src=\"https:\/\/www.ecrindelachapelle.com\/wp-content\/uploads\/2024\/10\/portfolio-Ecrin-4de-la-chapelle_-1024x1024.png\"  class='mesmerize-gallery-2-image' alt=\"\" srcset=\"https:\/\/www.ecrindelachapelle.com\/wp-content\/uploads\/2024\/10\/portfolio-Ecrin-4de-la-chapelle_-1024x1024.png 1024w, https:\/\/www.ecrindelachapelle.com\/wp-content\/uploads\/2024\/10\/portfolio-Ecrin-4de-la-chapelle_-300x300.png 300w, https:\/\/www.ecrindelachapelle.com\/wp-content\/uploads\/2024\/10\/portfolio-Ecrin-4de-la-chapelle_-150x150.png 150w, https:\/\/www.ecrindelachapelle.com\/wp-content\/uploads\/2024\/10\/portfolio-Ecrin-4de-la-chapelle_-768x768.png 768w, https:\/\/www.ecrindelachapelle.com\/wp-content\/uploads\/2024\/10\/portfolio-Ecrin-4de-la-chapelle_-1536x1536.png 1536w, https:\/\/www.ecrindelachapelle.com\/wp-content\/uploads\/2024\/10\/portfolio-Ecrin-4de-la-chapelle_-1080x1080.png 1080w, https:\/\/www.ecrindelachapelle.com\/wp-content\/uploads\/2024\/10\/portfolio-Ecrin-4de-la-chapelle_.png 2000w\" sizes=\"(max-width: 1024px) 100vw, 1024px\" \/><\/a>\n\t\t\t<\/dt><\/dl><dl class='gallery-item'>\n\t\t\t<dt class='gallery-icon landscape'>\n\t\t\t\t<a data-fancybox=\"mesmerize-gallery-2-group\" href='https:\/\/www.ecrindelachapelle.com\/wp-content\/uploads\/2024\/10\/mouton-wd-Design-sans-titre.png'><img decoding=\"async\"  width=\"500\" height=\"500\" src=\"https:\/\/www.ecrindelachapelle.com\/wp-content\/uploads\/2024\/10\/mouton-wd-Design-sans-titre.png\"  class='mesmerize-gallery-2-image' alt=\"\" srcset=\"https:\/\/www.ecrindelachapelle.com\/wp-content\/uploads\/2024\/10\/mouton-wd-Design-sans-titre.png 500w, https:\/\/www.ecrindelachapelle.com\/wp-content\/uploads\/2024\/10\/mouton-wd-Design-sans-titre-300x300.png 300w, https:\/\/www.ecrindelachapelle.com\/wp-content\/uploads\/2024\/10\/mouton-wd-Design-sans-titre-150x150.png 150w\" sizes=\"(max-width: 500px) 100vw, 500px\" \/><\/a>\n\t\t\t<\/dt><\/dl><dl class='gallery-item'>\n\t\t\t<dt class='gallery-icon landscape'>\n\t\t\t\t<a data-fancybox=\"mesmerize-gallery-2-group\" href='https:\/\/www.ecrindelachapelle.com\/wp-content\/uploads\/2024\/07\/4-2.png'><img loading=\"lazy\" decoding=\"async\"  width=\"500\" height=\"500\" src=\"https:\/\/www.ecrindelachapelle.com\/wp-content\/uploads\/2024\/07\/4-2.png\"  class='mesmerize-gallery-2-image' alt=\"\" srcset=\"https:\/\/www.ecrindelachapelle.com\/wp-content\/uploads\/2024\/07\/4-2.png 500w, https:\/\/www.ecrindelachapelle.com\/wp-content\/uploads\/2024\/07\/4-2-300x300.png 300w, https:\/\/www.ecrindelachapelle.com\/wp-content\/uploads\/2024\/07\/4-2-150x150.png 150w, https:\/\/www.ecrindelachapelle.com\/wp-content\/uploads\/2024\/07\/4-2-100x100.png 100w\" sizes=\"(max-width: 500px) 100vw, 500px\" \/><\/a>\n\t\t\t<\/dt><\/dl><dl class='gallery-item'>\n\t\t\t<dt class='gallery-icon landscape'>\n\t\t\t\t<a data-fancybox=\"mesmerize-gallery-2-group\" href='https:\/\/www.ecrindelachapelle.com\/wp-content\/uploads\/2024\/10\/portfolio-2Ecrin-de-la-chapelle_.png'><img loading=\"lazy\" decoding=\"async\"  width=\"1024\" height=\"1024\" src=\"https:\/\/www.ecrindelachapelle.com\/wp-content\/uploads\/2024\/10\/portfolio-2Ecrin-de-la-chapelle_-1024x1024.png\"  class='mesmerize-gallery-2-image' alt=\"\" srcset=\"https:\/\/www.ecrindelachapelle.com\/wp-content\/uploads\/2024\/10\/portfolio-2Ecrin-de-la-chapelle_-1024x1024.png 1024w, https:\/\/www.ecrindelachapelle.com\/wp-content\/uploads\/2024\/10\/portfolio-2Ecrin-de-la-chapelle_-300x300.png 300w, https:\/\/www.ecrindelachapelle.com\/wp-content\/uploads\/2024\/10\/portfolio-2Ecrin-de-la-chapelle_-150x150.png 150w, https:\/\/www.ecrindelachapelle.com\/wp-content\/uploads\/2024\/10\/portfolio-2Ecrin-de-la-chapelle_-768x768.png 768w, https:\/\/www.ecrindelachapelle.com\/wp-content\/uploads\/2024\/10\/portfolio-2Ecrin-de-la-chapelle_-1536x1536.png 1536w, https:\/\/www.ecrindelachapelle.com\/wp-content\/uploads\/2024\/10\/portfolio-2Ecrin-de-la-chapelle_-1080x1080.png 1080w, https:\/\/www.ecrindelachapelle.com\/wp-content\/uploads\/2024\/10\/portfolio-2Ecrin-de-la-chapelle_.png 2000w\" sizes=\"(max-width: 1024px) 100vw, 1024px\" \/><\/a>\n\t\t\t<\/dt><\/dl><dl class='gallery-item'>\n\t\t\t<dt class='gallery-icon landscape'>\n\t\t\t\t<a data-fancybox=\"mesmerize-gallery-2-group\" href='https:\/\/www.ecrindelachapelle.com\/wp-content\/uploads\/2024\/07\/5-2.png'><img loading=\"lazy\" decoding=\"async\"  width=\"500\" height=\"500\" src=\"https:\/\/www.ecrindelachapelle.com\/wp-content\/uploads\/2024\/07\/5-2.png\"  class='mesmerize-gallery-2-image' alt=\"\" srcset=\"https:\/\/www.ecrindelachapelle.com\/wp-content\/uploads\/2024\/07\/5-2.png 500w, https:\/\/www.ecrindelachapelle.com\/wp-content\/uploads\/2024\/07\/5-2-300x300.png 300w, https:\/\/www.ecrindelachapelle.com\/wp-content\/uploads\/2024\/07\/5-2-150x150.png 150w, https:\/\/www.ecrindelachapelle.com\/wp-content\/uploads\/2024\/07\/5-2-100x100.png 100w\" sizes=\"(max-width: 500px) 100vw, 500px\" \/><\/a>\n\t\t\t<\/dt><\/dl><dl class='gallery-item'>\n\t\t\t<dt class='gallery-icon landscape'>\n\t\t\t\t<a data-fancybox=\"mesmerize-gallery-2-group\" href='https:\/\/www.ecrindelachapelle.com\/wp-content\/uploads\/2024\/10\/portfolio-Ecrin-de-la-chapelle_.png'><img loading=\"lazy\" decoding=\"async\"  width=\"1024\" height=\"1024\" src=\"https:\/\/www.ecrindelachapelle.com\/wp-content\/uploads\/2024\/10\/portfolio-Ecrin-de-la-chapelle_-1024x1024.png\"  class='mesmerize-gallery-2-image' alt=\"\" srcset=\"https:\/\/www.ecrindelachapelle.com\/wp-content\/uploads\/2024\/10\/portfolio-Ecrin-de-la-chapelle_-1024x1024.png 1024w, https:\/\/www.ecrindelachapelle.com\/wp-content\/uploads\/2024\/10\/portfolio-Ecrin-de-la-chapelle_-300x300.png 300w, https:\/\/www.ecrindelachapelle.com\/wp-content\/uploads\/2024\/10\/portfolio-Ecrin-de-la-chapelle_-150x150.png 150w, https:\/\/www.ecrindelachapelle.com\/wp-content\/uploads\/2024\/10\/portfolio-Ecrin-de-la-chapelle_-768x768.png 768w, https:\/\/www.ecrindelachapelle.com\/wp-content\/uploads\/2024\/10\/portfolio-Ecrin-de-la-chapelle_-1536x1536.png 1536w, https:\/\/www.ecrindelachapelle.com\/wp-content\/uploads\/2024\/10\/portfolio-Ecrin-de-la-chapelle_-1080x1080.png 1080w, https:\/\/www.ecrindelachapelle.com\/wp-content\/uploads\/2024\/10\/portfolio-Ecrin-de-la-chapelle_.png 2000w\" sizes=\"(max-width: 1024px) 100vw, 1024px\" \/><\/a>\n\t\t\t<\/dt><\/dl><dl class='gallery-item'>\n\t\t\t<dt class='gallery-icon landscape'>\n\t\t\t\t<a data-fancybox=\"mesmerize-gallery-2-group\" href='https:\/\/www.ecrindelachapelle.com\/wp-content\/uploads\/2024\/07\/7.png'><img loading=\"lazy\" decoding=\"async\"  width=\"500\" height=\"500\" src=\"https:\/\/www.ecrindelachapelle.com\/wp-content\/uploads\/2024\/07\/7.png\"  class='mesmerize-gallery-2-image' alt=\"\" srcset=\"https:\/\/www.ecrindelachapelle.com\/wp-content\/uploads\/2024\/07\/7.png 500w, https:\/\/www.ecrindelachapelle.com\/wp-content\/uploads\/2024\/07\/7-300x300.png 300w, https:\/\/www.ecrindelachapelle.com\/wp-content\/uploads\/2024\/07\/7-150x150.png 150w, https:\/\/www.ecrindelachapelle.com\/wp-content\/uploads\/2024\/07\/7-100x100.png 100w\" sizes=\"(max-width: 500px) 100vw, 500px\" \/><\/a>\n\t\t\t<\/dt><\/dl>\n\t\t<\/div>\n<script>(function($){window.MaterialisCaptionsGallery && window.MaterialisCaptionsGallery($('[data-unique-id=\"mesmerize-gallery-2-69f56e5f40fa0\"]'))})(jQuery)<\/script><\/div><\/div><\/div> <\/div><\/div><div  id=\"avis-clients\" style=\"background-color: #ffffff;\" data-label=\"Avis clients\" data-id=\"testimonials-5-mc\" data-export-id=\"testimonials-5-mc\" data-category=\"testimonials\" class=\"testimonials-5-mc content-section content-section-spacing\"><div  class=\"gridContainer\"> <div  class=\"row\"><div  data-type=\"column\" class=\"section-title-col\"> <h5  class=\"\"><span  style=\"font-style: italic;\">Ils ont pouss\u00e9s les portes de l\u2019Ecrin\u2026<\/span><\/h5>  <p  class=\"lead\">Avis Clients<\/p><\/div> <\/div> <div  class=\"row spaced-cols content-center-sm\" data-type=\"row\"> <div  class=\"col-sm-4 col-md-4 \"> <div  class=\"card y-move bordered\" data-type=\"column\">  <p  class=\"text-center\"><font  color=\"#988e78\" face=\"Muli, arial, helvetica, sans-serif\"><span  style=\"caret-color: rgb(152, 142, 120);\">&nbsp;&nbsp;\u00bb Un lieu magnifique, r\u00e9nov\u00e9 avec go\u00fbt. Excellent accueil de la propri\u00e9taire. G\u00eete tr\u00e8s bien \u00e9quip\u00e9 : \u00e9lectrom\u00e9nager haut de gamme, sauna au top, literie digne des meilleurs h\u00f4tels. Calme et hyper spacieux, le lieu r\u00eav\u00e9 pour passer d\u2019excellents moments entre amis ou en famille. Nous y reviendrons \u00e0 coup s\u00fbr.&nbsp;\u00bb<\/span><\/font><\/p> <img  decoding=\"async\" src=\"https:\/\/www.ecrindelachapelle.com\/wp-content\/uploads\/2025\/01\/couleurs-d-ete.jpg\" class=\"round icon\" title=\"couleurs-d-ete\" alt=\"\"> <h6  class=\"\">Damien P.R.<\/h6> <\/div> <\/div>  <div  class=\"col-sm-4 col-md-4 \"> <div  class=\"card y-move bordered\" data-type=\"column\">  <p  class=\"text-center\"><span  style=\"color: rgb(152, 142, 120); font-family: Muli, arial, helvetica, sans-serif;\">\u00ab&nbsp;Nous y avons pass\u00e9 des vacances en famille pour 4 jours \u00e0 No\u00ebl et ce lieu est magique. Tout y fait pour s\u2019y sentir bien.<\/span><br ><span  style=\"font-family: Muli, arial, helvetica, sans-serif; color: rgb(152, 142, 120);\">\nNos h\u00f4tes \u00e9taient tr\u00e8s disponibles et plein de petites attentions. Nous avons particuli\u00e8rement appr\u00e9ci\u00e9 la grand jardin et ses jeux pour enfants, la salle de jeu pour enfants et la d\u00e9coration de No\u00ebl et son magnifique sapin. La cuisine quant \u00e0 elle est tr\u00e8s bien \u00e9quip\u00e9e et parfaite pour une grande f\u00eate en famille.<\/span><br ><span  style=\"font-family: Muli, arial, helvetica, sans-serif; color: rgb(152, 142, 120);\">\nOn recommande \u00e0 300%. Un z\u00e9ro faute !&nbsp;\u00bb<\/span><\/p> <img  decoding=\"async\" src=\"https:\/\/www.ecrindelachapelle.com\/wp-content\/uploads\/2025\/01\/468932767_10164436793969992_2171783737024573981_n.jpg\" class=\"round icon\" title=\"468932767_10164436793969992_2171783737024573981_n\" alt=\"\"> <h6  class=\"\">Marion.C<\/h6> <\/div> <\/div><div  class=\"col-sm-4 col-md-4\"> <div  class=\"card y-move bordered\" data-type=\"column\">  <p  class=\"text-center\"><font  color=\"#988e78\" face=\"Muli, arial, helvetica, sans-serif\"><span  style=\"caret-color: rgb(152, 142, 120);\">&nbsp; \u00ab Super g\u00eete ou nous nous sommes retrouv\u00e9s en famille pour un gros week-end. Les enfants se sont \u00e9clat\u00e9s. Tout est impeccable il ne manque rien. Chaque chambre a sa propre Sdb. Et la terrasse \u00e0 l\u2019ombre des Tilleuls est tr\u00e8s sympa autant que la propri\u00e9taire. Je recommande vivement ! \u00bb<\/span><\/font><\/p> <img  decoding=\"async\" src=\"https:\/\/www.ecrindelachapelle.com\/wp-content\/uploads\/2025\/05\/etang-sainte-perine.jpg\" class=\"round icon\" title=\"etang-sainte-perine\" alt=\"\"> <h6  class=\"\">Jean-Jacques D.<\/h6> <\/div> <\/div><div  class=\"col-sm-4 col-md-4\"> <div  class=\"card y-move bordered\" data-type=\"column\">  <p  class=\"text-center\"><font  color=\"#988e78\" face=\"Muli, arial, helvetica, sans-serif\"><span  style=\"caret-color: rgb(152, 142, 120);\">&nbsp; \u00ab&nbsp;Nous avons pass\u00e9 une semaine \u00e0 13-14 personnes dans cette belle maison. Les pi\u00e8ces sont spacieuses, confortables et d\u00e9cor\u00e9es avec go\u00fbt.<br >\nLa cuisine est bien \u00e9quip\u00e9e et il y a un gril \u00e0 gaz sur la terrasse. Les commerces sont assez \u00e9loign\u00e9s, pr\u00e9voir en cons\u00e9quence.<br >\nNous avons bien appr\u00e9ci\u00e9 le sauna, le terrain de p\u00e9tanque et le coin avec les bo\u00eetes de jeux et livres pour enfants.&nbsp;\u00bb<\/span><\/font><\/p> <img  decoding=\"async\" src=\"https:\/\/www.ecrindelachapelle.com\/wp-content\/uploads\/2025\/05\/frangokastello-beach.jpg\" class=\"round icon\" title=\"frangokastello-beach\" alt=\"\"> <h6  class=\"\">Marc G.<\/h6> <\/div> <\/div><div  class=\"col-sm-4 col-md-4\"> <div  class=\"card y-move bordered\" data-type=\"column\">  <p  class=\"text-center\"><font  color=\"#988e78\" face=\"Muli, arial, helvetica, sans-serif\"><span  style=\"caret-color: rgb(152, 142, 120);\">&nbsp; \u00ab&nbsp;G\u00eete magnifique, superbement d\u00e9cor\u00e9 et tr\u00e8s bien \u00e9quip\u00e9. Chacun a facilement son espace, le confort des chambres et salles de bain est haut de gamme. J\u2019esp\u00e8re vraiment avoir l\u2019opportunit\u00e9 de revenir en profiter, pourquoi pas en \u00e9t\u00e9 la prochaine fois..&nbsp;\u00bb<\/span><\/font><\/p> <img  decoding=\"async\" src=\"https:\/\/www.ecrindelachapelle.com\/wp-content\/uploads\/2025\/05\/1581410918331.jpeg\" class=\"round icon\" title=\"1581410918331\" alt=\"\"> <h6  class=\"\">\u00c9lodie S.<\/h6> <\/div> <\/div><div  class=\"col-sm-4 col-md-4\"> <div  class=\"card y-move bordered\" data-type=\"column\">  <p  class=\"text-center\"><font  color=\"#988e78\" face=\"Muli, arial, helvetica, sans-serif\"><span  style=\"caret-color: rgb(152, 142, 120);\">No\u00ebl 2025,<br >\nUn s\u00e9jour en famille tr\u00e8s agr\u00e9able pour tous les \u00e2ges.<br >\nUn lieu parfait pour se retrouver autour de bons petits plats,<br >\nNous avons bien profit\u00e9 de cette belle demeure tr\u00e8s confortable,<br >\nil ne manque rien !<br >\nMerci aux propri\u00e9taires.<\/span><\/font><\/p> <img  decoding=\"async\" src=\"https:\/\/www.ecrindelachapelle.com\/wp-content\/uploads\/2025\/01\/couleurs-d-ete.jpg\" class=\"round icon\" title=\"couleurs-d-ete\" alt=\"\"> <h6  class=\"\">Familles Verhille, Williams<br >\nFenari, Mazouz<\/h6> <\/div> <\/div><\/div> <\/div><\/div><div  data-label=\"Localisation\" data-id=\"contact--1\" data-export-id=\"contact-7\" data-category=\"contact\" class=\"contact-7 content-section content-section-spacing white-text\" data-parallax-depth=\"20\" id=\"localisation\" style=\"background-color: rgb(245, 250, 253); background-image: url(&quot;https:\/\/www.ecrindelachapelle.com\/wp-content\/uploads\/2024\/06\/WD-Ecrin-de-la-Chapelle.png&quot;); background-size: cover; background-position: top;\"><div  class=\"gridContainer\"> <div  class=\"row text-center\"><div  class=\"col-xs-12\"> <div  class=\"card no-padding\"><div  class=\"row\"> <div  class=\"col-xs-12 col-sm-6 contact-form-wrapper inline-info shadow-medium\"><h2  class=\"text-center font-300 color-black\"><span  id=\"_mce_caret\" data-mce-bogus=\"1\" data-mce-type=\"format-caret\"><span  style=\"font-family: Muli, arial, helvetica, sans-serif; color: rgb(184, 154, 87);\">O\u00f9 nous situer\u2026<\/span><\/span><\/h2> <div  class=\"\" data-content-shortcode=\"mesmerize_contact_form shortcode=&quot;mailto:contact@ecrindelachapelle.com&quot;\" data-editable=\"true\">[mailto:contact@ecrindelachapelle.com]<\/div><\/div> <div  class=\"col-xs-12 col-sm-6 map-col\"><div  data-content-shortcode=\"mesmerize_maps address=&quot;26 Rue de la Chapelle 51800 La Chapelle-Felcourt&quot; lng=&quot;44530.7&quot; lat=&quot;490242.3&quot; zoom=&quot;65&quot;\" data-editable=\"true\" class=\"map-wrapper\">        <div class=\"mesmerize-google-maps\" style=\"width:100%\">\n            <iframe style=\"width:100%; height:100%;min-height:inherit;display:block;\" src=\"https:\/\/maps.google.com\/maps?q=26+Rue+de+la+Chapelle+51800+La+Chapelle-Felcourt&#038;z=14&#038;output=embed&#038;iwloc=near&#038;ll=490242.3,44530.7\"><\/iframe>\n        <\/div>\n    <\/div><\/div> <\/div><\/div> <\/div><\/div> <\/div><\/div><div  data-label=\"dcouvrir\" data-id=\"clients--1\" data-export-id=\"clients-4\" data-category=\"clients\" class=\"clients-4 content-section content-section-spacing-small\" id=\"dcouvrir\" style=\"background-color: rgb(255, 255, 255);\"><div  class=\"gridContainer\"> <div  class=\"row\"><div  data-type=\"column\" class=\"section-title-col\"> <h2  class=\"font-700\">Our Happy Clients<\/h2> <p  class=\"lead\"><span  style=\"font-weight: 500; font-family: &quot;Cinzel Decorative&quot;, arial, helvetica, sans-serif;\">Nos partenaires<\/span><span  id=\"_mce_caret\" data-mce-bogus=\"1\" data-mce-type=\"format-caret\"><span  style=\"font-weight: 500; font-family: &quot;Cinzel Decorative&quot;, arial, helvetica, sans-serif;\">\ufeff<\/span><\/span><\/p><\/div> <\/div> <div  data-type=\"row\" class=\"row spaced-cols middle-xs center-xs space-bottom padding-lr\"> <div  class=\"col-xs-6 col-sm-2\"> <a  data-cp-link=\"1\" href=\"#\" class=\"\" target=\"_self\"><img  decoding=\"async\" src=\"https:\/\/www.ecrindelachapelle.com\/wp-content\/uploads\/2024\/09\/cropped-images-1.png\" class=\"\" title=\"images\" alt=\"\"><\/a><\/div> <div  class=\"col-xs-6 col-sm-2\"> <img  decoding=\"async\" src=\"https:\/\/www.ecrindelachapelle.com\/wp-content\/uploads\/2024\/09\/cropped-La_Marne_Logo.png\" class=\"\" title=\"cropped-La_Marne_Logo.png\" alt=\"\"><\/div> <div  class=\"col-xs-6 col-sm-2\"> <a  data-cp-link=\"1\" href=\"#\" class=\"\" target=\"_self\"><img  decoding=\"async\" src=\"https:\/\/www.ecrindelachapelle.com\/wp-content\/uploads\/2024\/09\/cropped-LOGO-EU-ET-LEADER-web.png\" class=\"\" title=\"cropped-LOGO-EU-ET-LEADER-web.png\" alt=\"\"><\/a><\/div> <div  class=\"col-xs-6 col-sm-2\"> <a  data-cp-link=\"1\" href=\"#\" class=\"\" target=\"_self\"><img  decoding=\"async\" src=\"https:\/\/www.ecrindelachapelle.com\/wp-content\/uploads\/2024\/10\/cropped-CLIMAXION_LOGO.png\" class=\"\" title=\"cropped-CLIMAXION_LOGO.png\" alt=\"\"><\/a><\/div>   <\/div><\/div> <\/div><div  id=\"footer\" style=\"background-color: rgb(245, 250, 253); background-size: cover; background-position: top; background-image: url(&quot;https:\/\/www.ecrindelachapelle.com\/wp-content\/uploads\/2024\/07\/15.png&quot;);\" data-label=\"Footer\" data-id=\"cta-blue-section-mc\" data-export-id=\"cta-blue-section-mc\" data-category=\"cta\" class=\"cta-blue-section-mc content-section content-section-spacing white-text\" data-section-ov=\"1\"><div  class=\"gridContainer\"> <div  class=\"row middle-xs\"><div  class=\"col-sm-8 space-bottom-xs\" data-type=\"column\"> <h2  class=\"\">L\u2019\u00e9vasion \u00e0 quelques heures des grandes villes\u2026<\/h2> <\/div> <div  class=\"col-sm-4 end-sm\" data-type=\"column\"> <a  class=\"button color2\" href=\"https:\/\/www.ecrindelachapelle.com\/index.php\/les-alentours\" target=\"_self\" data-cp-link=\"1\" data-icon=\"\" rel=\"noopener\">D\u00e9couvrir les alentours \u2026<\/a><\/div> <\/div><\/div> <\/div>","protected":false},"excerpt":{"rendered":"<p>Un lieu magique\u2026D\u00e9couvrez l\u2019Ecrin de la Chapelle, un havre de paix au coeur de l\u2019Argonne Champenoise. Parfait pour des r\u00e9unions familiales, retraites entre amis ou s\u00e9minaires, au c\u0153ur de la nature. Mettez-vous au vert ! D\u00e8s votre arriv\u00e9e, un panorama bucolique s\u2019offre \u00e0 vous : champs ondulants, mare, rivi\u00e8re,&nbsp;arbres centenaires, prairies verdoyantes, o\u00f9 chaque saison&hellip; <br \/> <a class=\"read-more\" href=\"https:\/\/www.ecrindelachapelle.com\/\">Lire la suite<\/a><\/p>\n","protected":false},"author":1,"featured_media":0,"parent":0,"menu_order":0,"comment_status":"closed","ping_status":"closed","template":"page-templates\/homepage.php","meta":{"footnotes":""},"class_list":["post-61","page","type-page","status-publish","hentry"],"yoast_head":"<!-- This site is optimized with the Yoast SEO plugin v26.9 - https:\/\/yoast.com\/product\/yoast-seo-wordpress\/ -->\n<title>Front Page - L&#039;Ecrin de la Chapelle<\/title>\n<meta name=\"description\" content=\"Bienvenue \u00e0 l\u2019\u00c9crin de la Chapelle, un g\u00eete d\u2019exception au c\u0153ur de la Champagne. Avec une grande capacit\u00e9 d\u2019accueil pouvant h\u00e9berger jusqu\u2019\u00e0 15 personnes, ce lieu est parfait pour vos s\u00e9jours, \u00e9v\u00e9nements ou moments de d\u00e9tente. Profitez d\u2019un cadre naturel unique pour des r\u00e9unions familiales, des retraites entre amis ou des s\u00e9minaires professionnels. Offrez-vous une parenth\u00e8se enchant\u00e9e dans un cadre naturel d\u2019exception.D\u00e8s votre arriv\u00e9e, laissez-vous s\u00e9duire par un panorama bucolique : champs ondulants, arbres centenaires et une nature pr\u00e9serv\u00e9e qui s\u2019anime au fil des saisons. Ici, chaque instant est une invitation \u00e0 la s\u00e9r\u00e9nit\u00e9 et au partage, dans une atmosph\u00e8re paisible et chaleureuse.L\u2019\u00c9crin de la Chapelle est le d\u00e9cor r\u00eav\u00e9 pour des \u00e9v\u00e9nements m\u00e9morables. C\u00e9l\u00e9brez vos moments d\u2019exception dans un cadre naturel et authentique, id\u00e9al pour des c\u00e9r\u00e9monies la\u00efques ou des c\u00e9l\u00e9brations intimes. Nous mettons tout en \u0153uvre pour que chaque d\u00e9tail enchante vos invit\u00e9s et transforme vos instants pr\u00e9cieux en souvenirs inoubliables.Plongez au c\u0153ur de la nature et laissez-vous charmer par ce lieu hors du temps, con\u00e7u pour accueillir vos plus beaux moments.\" \/>\n<meta name=\"robots\" content=\"index, follow, max-snippet:-1, max-image-preview:large, max-video-preview:-1\" \/>\n<link rel=\"canonical\" href=\"https:\/\/www.ecrindelachapelle.com\/\" \/>\n<meta property=\"og:locale\" content=\"fr_FR\" \/>\n<meta property=\"og:type\" content=\"article\" \/>\n<meta property=\"og:title\" content=\"Front Page - L&#039;Ecrin de la Chapelle\" \/>\n<meta property=\"og:description\" content=\"Bienvenue \u00e0 l\u2019\u00c9crin de la Chapelle, un g\u00eete d\u2019exception au c\u0153ur de la Champagne. Avec une grande capacit\u00e9 d\u2019accueil pouvant h\u00e9berger jusqu\u2019\u00e0 15 personnes, ce lieu est parfait pour vos s\u00e9jours, \u00e9v\u00e9nements ou moments de d\u00e9tente. Profitez d\u2019un cadre naturel unique pour des r\u00e9unions familiales, des retraites entre amis ou des s\u00e9minaires professionnels. Offrez-vous une parenth\u00e8se enchant\u00e9e dans un cadre naturel d\u2019exception.D\u00e8s votre arriv\u00e9e, laissez-vous s\u00e9duire par un panorama bucolique : champs ondulants, arbres centenaires et une nature pr\u00e9serv\u00e9e qui s\u2019anime au fil des saisons. Ici, chaque instant est une invitation \u00e0 la s\u00e9r\u00e9nit\u00e9 et au partage, dans une atmosph\u00e8re paisible et chaleureuse.L\u2019\u00c9crin de la Chapelle est le d\u00e9cor r\u00eav\u00e9 pour des \u00e9v\u00e9nements m\u00e9morables. C\u00e9l\u00e9brez vos moments d\u2019exception dans un cadre naturel et authentique, id\u00e9al pour des c\u00e9r\u00e9monies la\u00efques ou des c\u00e9l\u00e9brations intimes. Nous mettons tout en \u0153uvre pour que chaque d\u00e9tail enchante vos invit\u00e9s et transforme vos instants pr\u00e9cieux en souvenirs inoubliables.Plongez au c\u0153ur de la nature et laissez-vous charmer par ce lieu hors du temps, con\u00e7u pour accueillir vos plus beaux moments.\" \/>\n<meta property=\"og:url\" content=\"https:\/\/www.ecrindelachapelle.com\/\" \/>\n<meta property=\"og:site_name\" content=\"L&#039;Ecrin de la Chapelle\" \/>\n<meta property=\"article:modified_time\" content=\"2026-03-23T14:18:48+00:00\" \/>\n<meta property=\"og:image\" content=\"https:\/\/www.ecrindelachapelle.com\/wp-content\/uploads\/2024\/07\/picto-gite.png\" \/>\n<meta name=\"twitter:card\" content=\"summary_large_image\" \/>\n<meta name=\"twitter:label1\" content=\"Dur\u00e9e de lecture estim\u00e9e\" \/>\n\t<meta name=\"twitter:data1\" content=\"9 minutes\" \/>\n<script type=\"application\/ld+json\" class=\"yoast-schema-graph\">{\"@context\":\"https:\/\/schema.org\",\"@graph\":[{\"@type\":\"WebPage\",\"@id\":\"https:\/\/www.ecrindelachapelle.com\/\",\"url\":\"https:\/\/www.ecrindelachapelle.com\/\",\"name\":\"Front Page - L&#039;Ecrin de la Chapelle\",\"isPartOf\":{\"@id\":\"https:\/\/www.ecrindelachapelle.com\/#website\"},\"primaryImageOfPage\":{\"@id\":\"https:\/\/www.ecrindelachapelle.com\/#primaryimage\"},\"image\":{\"@id\":\"https:\/\/www.ecrindelachapelle.com\/#primaryimage\"},\"thumbnailUrl\":\"https:\/\/www.ecrindelachapelle.com\/wp-content\/uploads\/2024\/07\/picto-gite.png\",\"datePublished\":\"2024-07-10T14:10:20+00:00\",\"dateModified\":\"2026-03-23T14:18:48+00:00\",\"description\":\"Bienvenue \u00e0 l\u2019\u00c9crin de la Chapelle, un g\u00eete d\u2019exception au c\u0153ur de la Champagne. Avec une grande capacit\u00e9 d\u2019accueil pouvant h\u00e9berger jusqu\u2019\u00e0 15 personnes, ce lieu est parfait pour vos s\u00e9jours, \u00e9v\u00e9nements ou moments de d\u00e9tente. Profitez d\u2019un cadre naturel unique pour des r\u00e9unions familiales, des retraites entre amis ou des s\u00e9minaires professionnels. Offrez-vous une parenth\u00e8se enchant\u00e9e dans un cadre naturel d\u2019exception.D\u00e8s votre arriv\u00e9e, laissez-vous s\u00e9duire par un panorama bucolique : champs ondulants, arbres centenaires et une nature pr\u00e9serv\u00e9e qui s\u2019anime au fil des saisons. Ici, chaque instant est une invitation \u00e0 la s\u00e9r\u00e9nit\u00e9 et au partage, dans une atmosph\u00e8re paisible et chaleureuse.L\u2019\u00c9crin de la Chapelle est le d\u00e9cor r\u00eav\u00e9 pour des \u00e9v\u00e9nements m\u00e9morables. C\u00e9l\u00e9brez vos moments d\u2019exception dans un cadre naturel et authentique, id\u00e9al pour des c\u00e9r\u00e9monies la\u00efques ou des c\u00e9l\u00e9brations intimes. Nous mettons tout en \u0153uvre pour que chaque d\u00e9tail enchante vos invit\u00e9s et transforme vos instants pr\u00e9cieux en souvenirs inoubliables.Plongez au c\u0153ur de la nature et laissez-vous charmer par ce lieu hors du temps, con\u00e7u pour accueillir vos plus beaux moments.\",\"breadcrumb\":{\"@id\":\"https:\/\/www.ecrindelachapelle.com\/#breadcrumb\"},\"inLanguage\":\"fr-FR\",\"potentialAction\":[{\"@type\":\"ReadAction\",\"target\":[\"https:\/\/www.ecrindelachapelle.com\/\"]}]},{\"@type\":\"ImageObject\",\"inLanguage\":\"fr-FR\",\"@id\":\"https:\/\/www.ecrindelachapelle.com\/#primaryimage\",\"url\":\"https:\/\/www.ecrindelachapelle.com\/wp-content\/uploads\/2024\/07\/picto-gite.png\",\"contentUrl\":\"https:\/\/www.ecrindelachapelle.com\/wp-content\/uploads\/2024\/07\/picto-gite.png\",\"width\":63,\"height\":63},{\"@type\":\"BreadcrumbList\",\"@id\":\"https:\/\/www.ecrindelachapelle.com\/#breadcrumb\",\"itemListElement\":[{\"@type\":\"ListItem\",\"position\":1,\"name\":\"Accueil\",\"item\":\"https:\/\/www.ecrindelachapelle.com\/\"},{\"@type\":\"ListItem\",\"position\":2,\"name\":\"Front Page\"}]},{\"@type\":\"WebSite\",\"@id\":\"https:\/\/www.ecrindelachapelle.com\/#website\",\"url\":\"https:\/\/www.ecrindelachapelle.com\/\",\"name\":\"L&#039;Ecrin de la Chapelle\",\"description\":\"\",\"publisher\":{\"@id\":\"https:\/\/www.ecrindelachapelle.com\/#organization\"},\"potentialAction\":[{\"@type\":\"SearchAction\",\"target\":{\"@type\":\"EntryPoint\",\"urlTemplate\":\"https:\/\/www.ecrindelachapelle.com\/?s={search_term_string}\"},\"query-input\":{\"@type\":\"PropertyValueSpecification\",\"valueRequired\":true,\"valueName\":\"search_term_string\"}}],\"inLanguage\":\"fr-FR\"},{\"@type\":\"Organization\",\"@id\":\"https:\/\/www.ecrindelachapelle.com\/#organization\",\"name\":\"L&#039;Ecrin de la Chapelle\",\"url\":\"https:\/\/www.ecrindelachapelle.com\/\",\"logo\":{\"@type\":\"ImageObject\",\"inLanguage\":\"fr-FR\",\"@id\":\"https:\/\/www.ecrindelachapelle.com\/#\/schema\/logo\/image\/\",\"url\":\"https:\/\/www.ecrindelachapelle.com\/wp-content\/uploads\/2026\/03\/cropped-cropped-logo-ecrin-metal-1.png\",\"contentUrl\":\"https:\/\/www.ecrindelachapelle.com\/wp-content\/uploads\/2026\/03\/cropped-cropped-logo-ecrin-metal-1.png\",\"width\":1083,\"height\":1232,\"caption\":\"L&#039;Ecrin de la Chapelle\"},\"image\":{\"@id\":\"https:\/\/www.ecrindelachapelle.com\/#\/schema\/logo\/image\/\"}}]}<\/script>\n<!-- \/ Yoast SEO plugin. -->","yoast_head_json":{"title":"Front Page - L&#039;Ecrin de la Chapelle","description":"Bienvenue \u00e0 l\u2019\u00c9crin de la Chapelle, un g\u00eete d\u2019exception au c\u0153ur de la Champagne. Avec une grande capacit\u00e9 d\u2019accueil pouvant h\u00e9berger jusqu\u2019\u00e0 15 personnes, ce lieu est parfait pour vos s\u00e9jours, \u00e9v\u00e9nements ou moments de d\u00e9tente. Profitez d\u2019un cadre naturel unique pour des r\u00e9unions familiales, des retraites entre amis ou des s\u00e9minaires professionnels. Offrez-vous une parenth\u00e8se enchant\u00e9e dans un cadre naturel d\u2019exception.D\u00e8s votre arriv\u00e9e, laissez-vous s\u00e9duire par un panorama bucolique : champs ondulants, arbres centenaires et une nature pr\u00e9serv\u00e9e qui s\u2019anime au fil des saisons. Ici, chaque instant est une invitation \u00e0 la s\u00e9r\u00e9nit\u00e9 et au partage, dans une atmosph\u00e8re paisible et chaleureuse.L\u2019\u00c9crin de la Chapelle est le d\u00e9cor r\u00eav\u00e9 pour des \u00e9v\u00e9nements m\u00e9morables. C\u00e9l\u00e9brez vos moments d\u2019exception dans un cadre naturel et authentique, id\u00e9al pour des c\u00e9r\u00e9monies la\u00efques ou des c\u00e9l\u00e9brations intimes. Nous mettons tout en \u0153uvre pour que chaque d\u00e9tail enchante vos invit\u00e9s et transforme vos instants pr\u00e9cieux en souvenirs inoubliables.Plongez au c\u0153ur de la nature et laissez-vous charmer par ce lieu hors du temps, con\u00e7u pour accueillir vos plus beaux moments.","robots":{"index":"index","follow":"follow","max-snippet":"max-snippet:-1","max-image-preview":"max-image-preview:large","max-video-preview":"max-video-preview:-1"},"canonical":"https:\/\/www.ecrindelachapelle.com\/","og_locale":"fr_FR","og_type":"article","og_title":"Front Page - L&#039;Ecrin de la Chapelle","og_description":"Bienvenue \u00e0 l\u2019\u00c9crin de la Chapelle, un g\u00eete d\u2019exception au c\u0153ur de la Champagne. Avec une grande capacit\u00e9 d\u2019accueil pouvant h\u00e9berger jusqu\u2019\u00e0 15 personnes, ce lieu est parfait pour vos s\u00e9jours, \u00e9v\u00e9nements ou moments de d\u00e9tente. Profitez d\u2019un cadre naturel unique pour des r\u00e9unions familiales, des retraites entre amis ou des s\u00e9minaires professionnels. Offrez-vous une parenth\u00e8se enchant\u00e9e dans un cadre naturel d\u2019exception.D\u00e8s votre arriv\u00e9e, laissez-vous s\u00e9duire par un panorama bucolique : champs ondulants, arbres centenaires et une nature pr\u00e9serv\u00e9e qui s\u2019anime au fil des saisons. Ici, chaque instant est une invitation \u00e0 la s\u00e9r\u00e9nit\u00e9 et au partage, dans une atmosph\u00e8re paisible et chaleureuse.L\u2019\u00c9crin de la Chapelle est le d\u00e9cor r\u00eav\u00e9 pour des \u00e9v\u00e9nements m\u00e9morables. C\u00e9l\u00e9brez vos moments d\u2019exception dans un cadre naturel et authentique, id\u00e9al pour des c\u00e9r\u00e9monies la\u00efques ou des c\u00e9l\u00e9brations intimes. Nous mettons tout en \u0153uvre pour que chaque d\u00e9tail enchante vos invit\u00e9s et transforme vos instants pr\u00e9cieux en souvenirs inoubliables.Plongez au c\u0153ur de la nature et laissez-vous charmer par ce lieu hors du temps, con\u00e7u pour accueillir vos plus beaux moments.","og_url":"https:\/\/www.ecrindelachapelle.com\/","og_site_name":"L&#039;Ecrin de la Chapelle","article_modified_time":"2026-03-23T14:18:48+00:00","og_image":[{"url":"https:\/\/www.ecrindelachapelle.com\/wp-content\/uploads\/2024\/07\/picto-gite.png","type":"","width":"","height":""}],"twitter_card":"summary_large_image","twitter_misc":{"Dur\u00e9e de lecture estim\u00e9e":"9 minutes"},"schema":{"@context":"https:\/\/schema.org","@graph":[{"@type":"WebPage","@id":"https:\/\/www.ecrindelachapelle.com\/","url":"https:\/\/www.ecrindelachapelle.com\/","name":"Front Page - L&#039;Ecrin de la Chapelle","isPartOf":{"@id":"https:\/\/www.ecrindelachapelle.com\/#website"},"primaryImageOfPage":{"@id":"https:\/\/www.ecrindelachapelle.com\/#primaryimage"},"image":{"@id":"https:\/\/www.ecrindelachapelle.com\/#primaryimage"},"thumbnailUrl":"https:\/\/www.ecrindelachapelle.com\/wp-content\/uploads\/2024\/07\/picto-gite.png","datePublished":"2024-07-10T14:10:20+00:00","dateModified":"2026-03-23T14:18:48+00:00","description":"Bienvenue \u00e0 l\u2019\u00c9crin de la Chapelle, un g\u00eete d\u2019exception au c\u0153ur de la Champagne. Avec une grande capacit\u00e9 d\u2019accueil pouvant h\u00e9berger jusqu\u2019\u00e0 15 personnes, ce lieu est parfait pour vos s\u00e9jours, \u00e9v\u00e9nements ou moments de d\u00e9tente. Profitez d\u2019un cadre naturel unique pour des r\u00e9unions familiales, des retraites entre amis ou des s\u00e9minaires professionnels. Offrez-vous une parenth\u00e8se enchant\u00e9e dans un cadre naturel d\u2019exception.D\u00e8s votre arriv\u00e9e, laissez-vous s\u00e9duire par un panorama bucolique : champs ondulants, arbres centenaires et une nature pr\u00e9serv\u00e9e qui s\u2019anime au fil des saisons. Ici, chaque instant est une invitation \u00e0 la s\u00e9r\u00e9nit\u00e9 et au partage, dans une atmosph\u00e8re paisible et chaleureuse.L\u2019\u00c9crin de la Chapelle est le d\u00e9cor r\u00eav\u00e9 pour des \u00e9v\u00e9nements m\u00e9morables. C\u00e9l\u00e9brez vos moments d\u2019exception dans un cadre naturel et authentique, id\u00e9al pour des c\u00e9r\u00e9monies la\u00efques ou des c\u00e9l\u00e9brations intimes. Nous mettons tout en \u0153uvre pour que chaque d\u00e9tail enchante vos invit\u00e9s et transforme vos instants pr\u00e9cieux en souvenirs inoubliables.Plongez au c\u0153ur de la nature et laissez-vous charmer par ce lieu hors du temps, con\u00e7u pour accueillir vos plus beaux moments.","breadcrumb":{"@id":"https:\/\/www.ecrindelachapelle.com\/#breadcrumb"},"inLanguage":"fr-FR","potentialAction":[{"@type":"ReadAction","target":["https:\/\/www.ecrindelachapelle.com\/"]}]},{"@type":"ImageObject","inLanguage":"fr-FR","@id":"https:\/\/www.ecrindelachapelle.com\/#primaryimage","url":"https:\/\/www.ecrindelachapelle.com\/wp-content\/uploads\/2024\/07\/picto-gite.png","contentUrl":"https:\/\/www.ecrindelachapelle.com\/wp-content\/uploads\/2024\/07\/picto-gite.png","width":63,"height":63},{"@type":"BreadcrumbList","@id":"https:\/\/www.ecrindelachapelle.com\/#breadcrumb","itemListElement":[{"@type":"ListItem","position":1,"name":"Accueil","item":"https:\/\/www.ecrindelachapelle.com\/"},{"@type":"ListItem","position":2,"name":"Front Page"}]},{"@type":"WebSite","@id":"https:\/\/www.ecrindelachapelle.com\/#website","url":"https:\/\/www.ecrindelachapelle.com\/","name":"L&#039;Ecrin de la Chapelle","description":"","publisher":{"@id":"https:\/\/www.ecrindelachapelle.com\/#organization"},"potentialAction":[{"@type":"SearchAction","target":{"@type":"EntryPoint","urlTemplate":"https:\/\/www.ecrindelachapelle.com\/?s={search_term_string}"},"query-input":{"@type":"PropertyValueSpecification","valueRequired":true,"valueName":"search_term_string"}}],"inLanguage":"fr-FR"},{"@type":"Organization","@id":"https:\/\/www.ecrindelachapelle.com\/#organization","name":"L&#039;Ecrin de la Chapelle","url":"https:\/\/www.ecrindelachapelle.com\/","logo":{"@type":"ImageObject","inLanguage":"fr-FR","@id":"https:\/\/www.ecrindelachapelle.com\/#\/schema\/logo\/image\/","url":"https:\/\/www.ecrindelachapelle.com\/wp-content\/uploads\/2026\/03\/cropped-cropped-logo-ecrin-metal-1.png","contentUrl":"https:\/\/www.ecrindelachapelle.com\/wp-content\/uploads\/2026\/03\/cropped-cropped-logo-ecrin-metal-1.png","width":1083,"height":1232,"caption":"L&#039;Ecrin de la Chapelle"},"image":{"@id":"https:\/\/www.ecrindelachapelle.com\/#\/schema\/logo\/image\/"}}]}},"_links":{"self":[{"href":"https:\/\/www.ecrindelachapelle.com\/index.php\/wp-json\/wp\/v2\/pages\/61","targetHints":{"allow":["GET"]}}],"collection":[{"href":"https:\/\/www.ecrindelachapelle.com\/index.php\/wp-json\/wp\/v2\/pages"}],"about":[{"href":"https:\/\/www.ecrindelachapelle.com\/index.php\/wp-json\/wp\/v2\/types\/page"}],"author":[{"embeddable":true,"href":"https:\/\/www.ecrindelachapelle.com\/index.php\/wp-json\/wp\/v2\/users\/1"}],"replies":[{"embeddable":true,"href":"https:\/\/www.ecrindelachapelle.com\/index.php\/wp-json\/wp\/v2\/comments?post=61"}],"version-history":[{"count":88,"href":"https:\/\/www.ecrindelachapelle.com\/index.php\/wp-json\/wp\/v2\/pages\/61\/revisions"}],"predecessor-version":[{"id":1581,"href":"https:\/\/www.ecrindelachapelle.com\/index.php\/wp-json\/wp\/v2\/pages\/61\/revisions\/1581"}],"wp:attachment":[{"href":"https:\/\/www.ecrindelachapelle.com\/index.php\/wp-json\/wp\/v2\/media?parent=61"}],"curies":[{"name":"wp","href":"https:\/\/api.w.org\/{rel}","templated":true}]}}